{"id":202,"date":"2021-09-15T21:11:01","date_gmt":"2021-09-15T19:11:01","guid":{"rendered":"http:\/\/przy.etnomuzeum.pl\/?page_id=202"},"modified":"2021-11-08T15:45:24","modified_gmt":"2021-11-08T14:45:24","slug":"historia","status":"publish","type":"page","link":"http:\/\/przy.etnomuzeum.pl\/?page_id=202","title":{"rendered":"historia"},"content":{"rendered":"[vc_row type=&#8221;full_width_content&#8221; full_screen_row_position=&#8221;middle&#8221; column_margin=&#8221;default&#8221; column_direction=&#8221;default&#8221; column_direction_tablet=&#8221;default&#8221; column_direction_phone=&#8221;default&#8221; mouse_based_parallax_bg=&#8221;true&#8221; scene_position=&#8221;center&#8221; mouse_sensitivity=&#8221;8&#8243; layer_one_image=&#8221;895&#8243; layer_one_strength=&#8221;.11&#8243; layer_two_image=&#8221;896&#8243; layer_two_strength=&#8221;.14&#8243; layer_three_image=&#8221;897&#8243; layer_three_strength=&#8221;0,25&#8243; bottom_padding=&#8221;900&#8243; text_color=&#8221;dark&#8221; text_align=&#8221;left&#8221; row_border_radius=&#8221;none&#8221; row_border_radius_applies=&#8221;bg&#8221; overlay_strength=&#8221;0.3&#8243; gradient_direction=&#8221;left_to_right&#8221; shape_divider_position=&#8221;bottom&#8221; bg_image_animation=&#8221;none&#8221; shape_type=&#8221;&#8221;][vc_column column_padding=&#8221;no-extra-padding&#8221; column_padding_tablet=&#8221;inherit&#8221; column_padding_phone=&#8221;inherit&#8221; column_padding_position=&#8221;all&#8221; column_element_spacing=&#8221;default&#8221; background_color_opacity=&#8221;1&#8243; background_hover_color_opacity=&#8221;1&#8243; column_shadow=&#8221;none&#8221; column_border_radius=&#8221;none&#8221; column_link_target=&#8221;_self&#8221; gradient_direction=&#8221;left_to_right&#8221; overlay_strength=&#8221;0.3&#8243; width=&#8221;1\/1&#8243; tablet_width_inherit=&#8221;default&#8221; tablet_text_alignment=&#8221;default&#8221; phone_text_alignment=&#8221;default&#8221; bg_image_animation=&#8221;none&#8221; border_type=&#8221;simple&#8221; column_border_width=&#8221;none&#8221; column_border_style=&#8221;solid&#8221;][\/vc_column][\/vc_row][vc_row type=&#8221;in_container&#8221; full_screen_row_position=&#8221;middle&#8221; column_margin=&#8221;default&#8221; column_direction=&#8221;default&#8221; column_direction_tablet=&#8221;default&#8221; column_direction_phone=&#8221;default&#8221; scene_position=&#8221;center&#8221; text_color=&#8221;dark&#8221; text_align=&#8221;left&#8221; row_border_radius=&#8221;none&#8221; row_border_radius_applies=&#8221;bg&#8221; overlay_strength=&#8221;0.3&#8243; gradient_direction=&#8221;left_to_right&#8221; shape_divider_position=&#8221;bottom&#8221; bg_image_animation=&#8221;none&#8221;][vc_column column_padding=&#8221;no-extra-padding&#8221; column_padding_tablet=&#8221;inherit&#8221; column_padding_phone=&#8221;inherit&#8221; column_padding_position=&#8221;all&#8221; top_margin=&#8221;70&#8243; column_element_spacing=&#8221;default&#8221; background_color_opacity=&#8221;1&#8243; background_hover_color_opacity=&#8221;1&#8243; column_shadow=&#8221;none&#8221; column_border_radius=&#8221;none&#8221; column_link_target=&#8221;_self&#8221; gradient_direction=&#8221;left_to_right&#8221; overlay_strength=&#8221;0.3&#8243; width=&#8221;1\/1&#8243; tablet_width_inherit=&#8221;default&#8221; tablet_text_alignment=&#8221;default&#8221; phone_text_alignment=&#8221;default&#8221; bg_image_animation=&#8221;none&#8221; border_type=&#8221;simple&#8221; column_border_width=&#8221;none&#8221; column_border_style=&#8221;solid&#8221;][vc_column_text]\n<h3 class=\"p1\" style=\"text-align: center;\">Zwyczaje wielkanocne \u201ePrzywo\u0142\u00f3wki dyngusowe&#8221; na Kujawach<\/h3>\n<h3 class=\"p1\" style=\"text-align: center;\"><span style=\"color: #ff0000;\">HISTORIA<\/span><\/h3>\n[\/vc_column_text][divider line_type=&#8221;No Line&#8221; custom_height=&#8221;25&#8243;][vc_column_text]\n<p class=\"p2\"><span class=\"s2\"><i>Przywo\u0142\u00f3wki <\/i><\/span><span class=\"s1\">dyngusowe s\u0105 zwyczajem praktykowanym, niegdy\u015b wy\u0142\u0105cznie na Kujawach i s\u0105siednich Pa\u0142ukach, od co najmniej 200 lat. Znano je prawdopodobnie jeszcze przed XIX wiekiem, ale ich dok\u0142adne pocz\u0105tki nie s\u0105 ustalone. Zwano je te\u017c <\/span><span class=\"s2\"><i>przywo\u0142ywkami,<\/i><\/span> <span class=\"s2\"><i>wywo\u0142aniami, wo\u0142ankami.<\/i><\/span><span class=\"s1\"> Odbywa\u0142y si\u0119 w \u015bci\u015ble okre\u015blonym terminie, a ich przebieg by\u0142 zawsze podobny. W Niedziel\u0119 Wielkanocn\u0105, o zmroku, m\u0142odzi m\u0119\u017cczy\u017ani, przy d\u017awi\u0119kach b\u0119bna, kapeli lub po prostu uderzaj\u0105c w patelni\u0119, udawali si\u0119 na miejsce wyg\u0142aszania <\/span><span class=\"s2\"><i>przywo\u0142\u00f3wek.<\/i><\/span><span class=\"s1\"> Mog\u0142o to by\u0107 wzg\u00f3rze, wysokie drzewo, dach karczmy albo stodo\u0142y. Jeden z nich, z wysoko\u015bci, wykrzykiwa\u0142<\/span><span class=\"s2\"><i> przywo\u0142\u00f3wki,<\/i><\/span><span class=\"s1\"> drugi, stoj\u0105cy na dole, mu podpowiada\u0142. Przygotowania do tego wydarzenia rozpoczyna\u0142y si\u0119 w Wielkim Tygodniu, kiedy to kilku kawaler\u00f3w sporz\u0105dza\u0142o list\u0119 dziewcz\u0105t, kt\u00f3re mia\u0142y by\u0107 przywo\u0142ane. Obok nazwiska panny wpisywano nazwisko kawalera prosz\u0105cego o jej wywo\u0142anie i sk\u0142adaj\u0105cego za ni\u0105 okup: pieni\u0105dze lub alkohol. Po zamkni\u0119ciu listy, uk\u0142adano rymowane teksty <\/span><span class=\"s2\"><i>przywo\u0142\u00f3wek<\/i><\/span><span class=\"s1\">. \u0141adnym, sympatycznym dziewcz\u0119tom, za kt\u00f3re z\u0142o\u017cono zadowalaj\u0105cy okup, przypisywano pochlebne wierszyki, za\u015b brzydkim i nielubianym, kt\u00f3rych nikt nie wykupi\u0142, wytykano wady i zapowiadano srogi dyngus. Wed\u0142ug zwyczaju, trzeba by\u0142o wywo\u0142a\u0107 wszystkie panny z danej wsi, pomini\u0119cie jakiej\u015b, np. pos\u0105dzanej o czary, stanowi\u0142o symboliczne jej wykluczenie z lokalnej spo\u0142eczno\u015bci. Nast\u0119pnego dnia, w Lany Poniedzia\u0142ek, od wczesnego ranka kawalerowie chodzili po wsi z dyngusem i oblewali wod\u0105 wywo\u0142ane dziewcz\u0119ta. Wieczorem w karczmie urz\u0105dzano zabaw\u0119 taneczn\u0105.<\/span><\/p>\n<p class=\"p3\"><span class=\"s2\"><i>Przywo\u0142\u00f3wki<\/i><\/span><span class=\"s1\"> by\u0142y dla mieszka\u0144c\u00f3w wsi wa\u017cnym wydarzeniem towarzysko-matrymonialnym, pomagaj\u0105cym w kojarzeniu par. Spe\u0142nia\u0142y te\u017c rol\u0119 wychowawcz\u0105, pi\u0119tnuj\u0105c naganne cechy, takie jak lenistwo, niegospodarno\u015b\u0107, niechlujstwo.<\/span><\/p>\n[\/vc_column_text][\/vc_column][\/vc_row][vc_row type=&#8221;in_container&#8221; full_screen_row_position=&#8221;middle&#8221; column_margin=&#8221;default&#8221; column_direction=&#8221;default&#8221; column_direction_tablet=&#8221;default&#8221; column_direction_phone=&#8221;default&#8221; scene_position=&#8221;center&#8221; text_color=&#8221;dark&#8221; text_align=&#8221;left&#8221; row_border_radius=&#8221;none&#8221; row_border_radius_applies=&#8221;bg&#8221; overlay_strength=&#8221;0.3&#8243; gradient_direction=&#8221;left_to_right&#8221; shape_divider_position=&#8221;bottom&#8221; bg_image_animation=&#8221;none&#8221;][vc_column column_padding=&#8221;no-extra-padding&#8221; column_padding_tablet=&#8221;inherit&#8221; column_padding_phone=&#8221;inherit&#8221; column_padding_position=&#8221;all&#8221; column_element_spacing=&#8221;default&#8221; background_color_opacity=&#8221;1&#8243; background_hover_color_opacity=&#8221;1&#8243; column_shadow=&#8221;none&#8221; column_border_radius=&#8221;none&#8221; column_link_target=&#8221;_self&#8221; gradient_direction=&#8221;left_to_right&#8221; overlay_strength=&#8221;0.3&#8243; width=&#8221;1\/1&#8243; tablet_width_inherit=&#8221;default&#8221; tablet_text_alignment=&#8221;default&#8221; phone_text_alignment=&#8221;default&#8221; bg_image_animation=&#8221;none&#8221; border_type=&#8221;simple&#8221; column_border_width=&#8221;none&#8221; column_border_style=&#8221;solid&#8221;][vc_gallery type=&#8221;nectarslider_style&#8221; images=&#8221;674,675,676,671,672,673,678&#8243; image_loading=&#8221;default&#8221; disable_auto_rotate=&#8221;true&#8221; bullet_navigation_style=&#8221;see_through&#8221; onclick=&#8221;link_image&#8221; img_size=&#8221;800&#215;700&#8243;][\/vc_column][\/vc_row][vc_row type=&#8221;in_container&#8221; full_screen_row_position=&#8221;middle&#8221; column_margin=&#8221;default&#8221; column_direction=&#8221;default&#8221; column_direction_tablet=&#8221;default&#8221; column_direction_phone=&#8221;default&#8221; scene_position=&#8221;center&#8221; text_color=&#8221;dark&#8221; text_align=&#8221;left&#8221; row_border_radius=&#8221;none&#8221; row_border_radius_applies=&#8221;bg&#8221; overlay_strength=&#8221;0.3&#8243; gradient_direction=&#8221;left_to_right&#8221; shape_divider_position=&#8221;bottom&#8221; bg_image_animation=&#8221;none&#8221;][vc_column column_padding=&#8221;no-extra-padding&#8221; column_padding_tablet=&#8221;inherit&#8221; column_padding_phone=&#8221;inherit&#8221; column_padding_position=&#8221;all&#8221; column_element_spacing=&#8221;default&#8221; background_color_opacity=&#8221;1&#8243; background_hover_color_opacity=&#8221;1&#8243; column_shadow=&#8221;none&#8221; column_border_radius=&#8221;none&#8221; column_link_target=&#8221;_self&#8221; gradient_direction=&#8221;left_to_right&#8221; overlay_strength=&#8221;0.3&#8243; width=&#8221;1\/1&#8243; tablet_width_inherit=&#8221;default&#8221; tablet_text_alignment=&#8221;default&#8221; phone_text_alignment=&#8221;default&#8221; bg_image_animation=&#8221;none&#8221; border_type=&#8221;simple&#8221; column_border_width=&#8221;none&#8221; column_border_style=&#8221;solid&#8221;][vc_column_text]\n<p class=\"p3\"><span class=\"s1\">Wed\u0142ug archiwalnych relacji mieszka\u0144c\u00f3w Szymborza, pami\u0119taj\u0105cych pocz\u0105tki XX wieku, w Niedziel\u0119 Wielkanocn\u0105 grupa kilkunastu kawaler\u00f3w i muzykanci z b\u0119bnem i harmoni\u0105 od godziny 16.00 obchodzili wie\u015b. Zatrzymywali si\u0119 przed domami wykupionych dziewcz\u0105t i strzelali na wiwat, co by\u0142o znakiem, \u017ce panna ma by\u0107 wieczorem wywo\u0142ana. <\/span><\/p>\n<p class=\"p3\"><span class=\"s1\">Pocz\u0105tkowo <\/span><span class=\"s2\"><i>przywo\u0142\u00f3wki<\/i><\/span><span class=\"s1\"> wyg\u0142aszano ze starej gruszy nad stawem, ale po II wojnie \u015bwiatowej zast\u0105pi\u0142o j\u0105 budowane corocznie rusztowanie, zwane t<\/span><span class=\"s2\"><i>rybun\u0105, ambon\u0105<\/i><\/span><span class=\"s1\"> lub <\/span><span class=\"s2\"><i>szubienic\u0105.<\/i><\/span><span class=\"s1\"> Tradycyjnie rozpoczyna je i ko\u0144czy przemowa prezesa odczytywana z ksi\u0119gi protoko\u0142\u00f3w. Przemowa wst\u0119pna w 1946 roku brzmia\u0142a:<\/span><\/p>\n<p class=\"p4\"><span class=\"s1\"><i>Pomimo trud\u00f3w i znoj\u00f3w i cierpie\u0144 poniesionych przez potwora hitlerowskiego rozpoczynamy prace naszych przodk\u00f3w w 1946 roku. Zostawiamy t\u0119 ksi\u0119g\u0119 naszym nast\u0119pcom i apelujemy do was: nie dajcie upa\u015b\u0107 tej pi\u0119knej tradycji. Cze\u015b\u0107 naszym Przodkom.<\/i><\/span><\/p>\n<p class=\"p3\"><span class=\"s3\">Po niej wyg\u0142aszano <\/span><span class=\"s4\"><i>przywo\u0142\u00f3wki<\/i><\/span><span class=\"s3\">, z kt\u00f3rych ka\u017cda zapowiada\u0142a, ile wody wylane b\u0119dzie na dziewczyn\u0119 nast\u0119pnego dnia. W Lany Poniedzia\u0142ek realizowano te obietnice &#8211; dawniej solidnie oblewano panny, a od lat 60.- 70.<\/span><span class=\"s1\"> XX wieku polewano je z butelki czyst\u0105 wod\u0105, zwan\u0105 \u201ekomiteck\u0105\u201d.<\/span><\/p>\n[\/vc_column_text][\/vc_column][\/vc_row][vc_row type=&#8221;in_container&#8221; full_screen_row_position=&#8221;middle&#8221; column_margin=&#8221;default&#8221; column_direction=&#8221;default&#8221; column_direction_tablet=&#8221;default&#8221; column_direction_phone=&#8221;default&#8221; scene_position=&#8221;center&#8221; top_padding=&#8221;60&#8243; bottom_padding=&#8221;60&#8243; text_color=&#8221;dark&#8221; text_align=&#8221;left&#8221; row_border_radius=&#8221;none&#8221; row_border_radius_applies=&#8221;bg&#8221; overlay_strength=&#8221;0.3&#8243; gradient_direction=&#8221;left_to_right&#8221; shape_divider_position=&#8221;bottom&#8221; bg_image_animation=&#8221;none&#8221; shape_type=&#8221;&#8221;][vc_column column_padding=&#8221;padding-2-percent&#8221; column_padding_tablet=&#8221;inherit&#8221; column_padding_phone=&#8221;inherit&#8221; column_padding_position=&#8221;all&#8221; column_element_spacing=&#8221;default&#8221; background_color_opacity=&#8221;1&#8243; background_hover_color_opacity=&#8221;1&#8243; column_shadow=&#8221;none&#8221; column_border_radius=&#8221;none&#8221; column_link_target=&#8221;_self&#8221; gradient_direction=&#8221;left_to_right&#8221; overlay_strength=&#8221;0.3&#8243; width=&#8221;1\/3&#8243; tablet_width_inherit=&#8221;default&#8221; tablet_text_alignment=&#8221;default&#8221; phone_text_alignment=&#8221;default&#8221; bg_image_animation=&#8221;none&#8221; border_type=&#8221;simple&#8221; column_border_width=&#8221;none&#8221; column_border_style=&#8221;solid&#8221;][\/vc_column][vc_column column_padding=&#8221;no-extra-padding&#8221; column_padding_tablet=&#8221;inherit&#8221; column_padding_phone=&#8221;inherit&#8221; column_padding_position=&#8221;all&#8221; column_element_spacing=&#8221;default&#8221; background_color_opacity=&#8221;1&#8243; background_hover_color_opacity=&#8221;1&#8243; column_shadow=&#8221;none&#8221; column_border_radius=&#8221;none&#8221; column_link_target=&#8221;_self&#8221; gradient_direction=&#8221;left_to_right&#8221; overlay_strength=&#8221;0.3&#8243; width=&#8221;1\/3&#8243; tablet_width_inherit=&#8221;default&#8221; tablet_text_alignment=&#8221;default&#8221; phone_text_alignment=&#8221;default&#8221; bg_image_animation=&#8221;none&#8221; border_type=&#8221;simple&#8221; column_border_width=&#8221;none&#8221; column_border_style=&#8221;solid&#8221;][nectar_video_lightbox link_style=&#8221;play_button_2&#8243; nectar_play_button_color=&#8221;Default-Accent-Color&#8221; image_url=&#8221;706&#8243; hover_effect=&#8221;zoom_button&#8221; box_shadow=&#8221;none&#8221; border_radius=&#8221;none&#8221; play_button_size=&#8221;default&#8221; video_url=&#8221;https:\/\/www.youtube.com\/watch?v=GYtHKgeMCL0&#8243;][vc_column_text]\n<p class=\"p1\" style=\"text-align: center;\"><i>Przywo\u0142\u00f3wki w Szymborzu<\/i>,<br \/>\nrealizacja: Zygmunt Kurek,<br \/>\nAKF \u201ePiast\u201d, 1973 (MJKI) 2:20 min<\/p>\n[\/vc_column_text][\/vc_column][vc_column column_padding=&#8221;no-extra-padding&#8221; column_padding_tablet=&#8221;inherit&#8221; column_padding_phone=&#8221;inherit&#8221; column_padding_position=&#8221;all&#8221; column_element_spacing=&#8221;default&#8221; background_color_opacity=&#8221;1&#8243; background_hover_color_opacity=&#8221;1&#8243; column_shadow=&#8221;none&#8221; column_border_radius=&#8221;none&#8221; column_link_target=&#8221;_self&#8221; gradient_direction=&#8221;left_to_right&#8221; overlay_strength=&#8221;0.3&#8243; width=&#8221;1\/3&#8243; tablet_width_inherit=&#8221;default&#8221; tablet_text_alignment=&#8221;default&#8221; phone_text_alignment=&#8221;default&#8221; bg_image_animation=&#8221;none&#8221; border_type=&#8221;simple&#8221; column_border_width=&#8221;none&#8221; column_border_style=&#8221;solid&#8221;][\/vc_column][\/vc_row][vc_row type=&#8221;in_container&#8221; full_screen_row_position=&#8221;middle&#8221; column_margin=&#8221;default&#8221; column_direction=&#8221;default&#8221; column_direction_tablet=&#8221;default&#8221; column_direction_phone=&#8221;default&#8221; scene_position=&#8221;center&#8221; text_color=&#8221;dark&#8221; text_align=&#8221;left&#8221; row_border_radius=&#8221;none&#8221; row_border_radius_applies=&#8221;bg&#8221; overlay_strength=&#8221;0.3&#8243; gradient_direction=&#8221;left_to_right&#8221; shape_divider_position=&#8221;bottom&#8221; bg_image_animation=&#8221;none&#8221;][vc_column column_padding=&#8221;no-extra-padding&#8221; column_padding_tablet=&#8221;inherit&#8221; column_padding_phone=&#8221;inherit&#8221; column_padding_position=&#8221;all&#8221; column_element_spacing=&#8221;default&#8221; background_color_opacity=&#8221;1&#8243; background_hover_color_opacity=&#8221;1&#8243; column_shadow=&#8221;none&#8221; column_border_radius=&#8221;none&#8221; column_link_target=&#8221;_self&#8221; gradient_direction=&#8221;left_to_right&#8221; overlay_strength=&#8221;0.3&#8243; width=&#8221;1\/1&#8243; tablet_width_inherit=&#8221;default&#8221; tablet_text_alignment=&#8221;default&#8221; phone_text_alignment=&#8221;default&#8221; bg_image_animation=&#8221;none&#8221; border_type=&#8221;simple&#8221; column_border_width=&#8221;none&#8221; column_border_style=&#8221;solid&#8221;][vc_column_text]\n<p class=\"p1\"><span class=\"s1\">W Szymborzu (wie\u015b le\u017c\u0105ca pod Inowroc\u0142awiem, po 1934 roku jego dzielnica) od 1833 roku organizacj\u0105 <\/span><span class=\"s2\"><i>przywo\u0142\u00f3wek<\/i><\/span><span class=\"s1\"> zajmuje si\u0119 Stowarzyszenie Klubu Kawalerskiego. Jest to jego obowi\u0105zek, co potwierdzono w statucie, zalegalizowanym w 1945 roku, w kt\u00f3rym czytamy, \u017ce celem Stowarzyszenia jest \u201epodtrzymanie starokujawskich zwyczaj\u00f3w narodowych\u201d, do kt\u00f3rych nale\u017c\u0105 <\/span><span class=\"s2\"><i>przywo\u0142\u00f3wka<\/i><\/span><span class=\"s1\"> i dyngus. W okresie zabor\u00f3w <\/span><span class=\"s2\"><i>przywo\u0142\u00f3wki<\/i><\/span><span class=\"s1\"> by\u0142y okazj\u0105 do zamanifestowania polsko\u015bci: organizatorom towarzyszy\u0142 bia\u0142o-czerwony sztandar i polskie melodie grane przez kapel\u0119. Wa\u017cnym celem <\/span><span class=\"s2\"><i>przywo\u0142\u00f3wek<\/i><\/span><span class=\"s1\"> by\u0142o tak\u017ce napi\u0119tnowanie szymborskich dziewcz\u0105t, kt\u00f3re sympatyzowa\u0142y z mieszkaj\u0105cymi w pobliskich Miechowicach m\u0142odymi Niemcami. W Szymborzu <\/span><span class=\"s2\"><i>przywo\u0142\u00f3wki <\/i><\/span><span class=\"s1\">mia\u0142y uroczysty charakter: od XIX wieku do zwo\u0142ywania kawaler\u00f3w zg\u0142aszaj\u0105cych panny s\u0142u\u017cy tr\u0105bka, na kt\u00f3rej grany jest ustalony sygna\u0142, a <\/span><span class=\"s2\"><i>przywo\u0142\u00f3wki<\/i><\/span><span class=\"s1\"> wpisywane s\u0105 do ksi\u0105g protoko\u0142\u00f3w, opatrzone piecz\u0119ci\u0105 oraz podpisami wszystkich cz\u0142onk\u00f3w Stowarzyszenia. Najstarsza z zachowanych pochodzi z 1946 roku. W ksi\u0119gach znale\u017a\u0107 te\u017c mo\u017cna pami\u0105tkowe fotografie z r\u00f3\u017cnych lat przedstawiaj\u0105ce kawaler\u00f3w z Klubu.<\/span><\/p>\n<p class=\"p1\"><span class=\"s1\">Wed\u0142ug archiwalnych relacji mieszka\u0144c\u00f3w Szymborza, pami\u0119taj\u0105cych pocz\u0105tki XX wieku, w Niedziel\u0119 Wielkanocn\u0105 grupa kilkunastu kawaler\u00f3w i muzykanci z b\u0119bnem i harmoni\u0105 od godziny 16.00 obchodzili wie\u015b. Zatrzymywali si\u0119 przed domami wykupionych dziewcz\u0105t i strzelali na wiwat, co by\u0142o znakiem, \u017ce panna ma by\u0107 wieczorem wywo\u0142ana. <\/span><\/p>\n<p class=\"p1\"><span class=\"s1\">Pocz\u0105tkowo <\/span><span class=\"s2\"><i>przywo\u0142\u00f3wki<\/i><\/span><span class=\"s1\"> wyg\u0142aszano ze starej gruszy nad stawem, ale po II wojnie \u015bwiatowej zast\u0105pi\u0142o j\u0105 budowane corocznie rusztowanie, zwane t<\/span><span class=\"s2\"><i>rybun\u0105, ambon\u0105<\/i><\/span><span class=\"s1\"> lub <\/span><span class=\"s2\"><i>szubienic\u0105.<\/i><\/span><span class=\"s1\"> Tradycyjnie rozpoczyna je i ko\u0144czy przemowa prezesa odczytywana z ksi\u0119gi protoko\u0142\u00f3w. Przemowa wst\u0119pna w 1946 roku brzmia\u0142a:<\/span><\/p>\n<p class=\"p2\"><span class=\"s1\"><i>Pomimo trud\u00f3w i znoj\u00f3w i cierpie\u0144 poniesionych przez potwora hitlerowskiego rozpoczynamy prace naszych przodk\u00f3w w 1946 roku. Zostawiamy t\u0119 ksi\u0119g\u0119 naszym nast\u0119pcom i apelujemy do was: nie dajcie upa\u015b\u0107 tej pi\u0119knej tradycji. Cze\u015b\u0107 naszym Przodkom.<\/i><\/span><\/p>\n<p class=\"p1\"><span class=\"s3\">Po niej wyg\u0142aszano <\/span><span class=\"s4\"><i>przywo\u0142\u00f3wki<\/i><\/span><span class=\"s3\">, z kt\u00f3rych ka\u017cda zapowiada\u0142a, ile wody wylane b\u0119dzie na dziewczyn\u0119 nast\u0119pnego dnia. W Lany Poniedzia\u0142ek realizowano te obietnice &#8211; dawniej solidnie oblewano panny, a od lat 60.- 70.<\/span><span class=\"s1\"> XX wieku polewano je z butelki czyst\u0105 wod\u0105, zwan\u0105 \u201ekomiteck\u0105\u201d.<\/span><\/p>\n[\/vc_column_text][\/vc_column][\/vc_row][vc_row type=&#8221;in_container&#8221; full_screen_row_position=&#8221;middle&#8221; column_margin=&#8221;default&#8221; column_direction=&#8221;default&#8221; column_direction_tablet=&#8221;default&#8221; column_direction_phone=&#8221;default&#8221; scene_position=&#8221;center&#8221; top_padding=&#8221;100&#8243; bottom_padding=&#8221;70&#8243; text_color=&#8221;dark&#8221; text_align=&#8221;left&#8221; row_border_radius=&#8221;none&#8221; row_border_radius_applies=&#8221;bg&#8221; overlay_strength=&#8221;0.3&#8243; gradient_direction=&#8221;left_to_right&#8221; shape_divider_position=&#8221;bottom&#8221; bg_image_animation=&#8221;none&#8221; shape_type=&#8221;&#8221;][vc_column column_padding=&#8221;no-extra-padding&#8221; column_padding_tablet=&#8221;inherit&#8221; column_padding_phone=&#8221;inherit&#8221; column_padding_position=&#8221;all&#8221; column_element_spacing=&#8221;default&#8221; centered_text=&#8221;true&#8221; background_color_opacity=&#8221;1&#8243; background_hover_color_opacity=&#8221;1&#8243; column_shadow=&#8221;none&#8221; column_border_radius=&#8221;none&#8221; column_link_target=&#8221;_self&#8221; gradient_direction=&#8221;left_to_right&#8221; overlay_strength=&#8221;0.3&#8243; width=&#8221;1\/3&#8243; tablet_width_inherit=&#8221;default&#8221; tablet_text_alignment=&#8221;default&#8221; phone_text_alignment=&#8221;default&#8221; bg_image_animation=&#8221;none&#8221; border_type=&#8221;simple&#8221; column_border_width=&#8221;none&#8221; column_border_style=&#8221;solid&#8221;][image_with_animation image_url=&#8221;709&#8243; animation=&#8221;Fade In&#8221; hover_animation=&#8221;none&#8221; alignment=&#8221;&#8221; border_radius=&#8221;none&#8221; box_shadow=&#8221;none&#8221; image_loading=&#8221;default&#8221; max_width=&#8221;100%&#8221; max_width_mobile=&#8221;default&#8221;][vc_column_text]\n<p class=\"p1\" style=\"text-align: center;\">D\u017awi\u0119k tr\u0105bki zwo\u0142uj\u0105cy kawaler\u00f3w do sk\u0142adania okupu za panny<\/p>\n[\/vc_column_text][vc_column_text max_width=&#8221;200&#8243;]<article class=\"iron_widget_radio\">\n        <div class=\"iron-audioplayer  sonaar-no-artwork sr_waveform_simplebar\" id=\"arbitrary-instance-69f5bd77b70c3-209610149e\" data-id=\"arbitrary-instance-69f5bd77b70c3\" data-albums=\"202\"data-url-playlist=\"http:\/\/przy.etnomuzeum.pl\/?load=playlist.json&#038;title=&#038;albums=202&#038;feed_title=%20&#038;feed=http:\/\/przy.etnomuzeum.pl\/wp-content\/uploads\/2021\/10\/Tra\u0328bka-2-tyg-przed-s\u0301wie\u0328tami.mp3&#038;feed_img=&#038;el_widget_id=&#038;artwork=\" data-sticky-player=\"0\" data-shuffle=\"\" data-playlist_title=\"\" data-scrollbar=\"\" data-wave-color=\"\" data-wave-progress-color=\"\" data-no-wave=\"\" data-hide-progressbar=\"\" data-feedurl=\"1\" data-notrackskip=\"\" style=\"opacity:0;\">\n            \n            <div class=\"sonaar-grid sonaar-grid-2 sonaar-grid-fullwidth-mobile\">\n                \n                <div class=\"playlist\">\n                 <h3 class=\"sr_it-playlist-title\"><\/h3>\n                 <div class=\"sr_it-playlist-release-date\"><span class=\"sr_it-date-value\"><\/span><\/div>\n                    <ul class\"\"><li \n            class=\"sr-playlist-item\" \n            data-audiopath=\"http:\/\/przy.etnomuzeum.pl\/wp-content\/uploads\/2021\/10\/Tra\u0328bka-2-tyg-przed-s\u0301wie\u0328tami.mp3\"\n            data-showloading=\"1\"\n            data-albumTitle=\"\"\n            data-albumArt=\"\"\n            data-releasedate=\"\"\n            data-trackTitle=\" \"\n            data-trackID=\"\"\n            data-trackTime=\"\"\n            ><span class=\"store-list\"><\/span><\/li><\/ul>\n                <\/div>\n            <\/div>\n            <div class=\"album-player\" >\n                \n                <div class=\"album-title\"><\/div>\n                \n            <div class=\"track-title\"><\/div>\n        \n                <div class=\"player \" >\n                    <div class=\"sr_progressbar\">\n                \n            <div class=\"currentTime\"><\/div>\n         \n                <div id=\"arbitrary-instance-69f5bd77b70c3-be2882739e-wave\" class=\"wave\" >\n                \n            <div class=\"sonaar_fake_wave\" >\n                <audio src=\"\" class=\"sonaar_media_element\"><\/audio>\n                <div class=\"sonaar_wave_base\">\n                    <canvas id=arbitrary-instance-69f5bd77b70c3-container class=\"\" height=\"70\" width=\"2540\"><\/canvas>\n                    <svg><\/svg>\n                <\/div>\n                <div class=\"sonaar_wave_cut\">\n                    <canvas id=arbitrary-instance-69f5bd77b70c3-progress class=\"\" height=\"70\" width=\"2540\"><\/canvas>\n                    <svg><\/svg>\n                <\/div>\n            <\/div> \n                <\/div>\n                \n            <div class=\"totalTime\"><\/div>\n         \n             <\/div>\n                    <div class=\"control\"><div class=\"play\" style=\"opacity:0;\">\n                    <svg version=\"1.1\" xmlns=\"http:\/\/www.w3.org\/2000\/svg\" xmlns:xlink=\"http:\/\/www.w3.org\/1999\/xlink\" x=\"0px\" y=\"0px\" viewBox=\"0 0 17.5 21.2\" style=\"enable-background:new 0 0 17.5 21.2;\" xml:space=\"preserve\">\n                        <path d=\"M0,0l17.5,10.9L0,21.2V0z\"\/>\n                        <rect width=\"6\" height=\"21.2\"\/>\n                        <rect x=\"11.5\" width=\"6\" height=\"21.2\"\/>\n                    <\/svg>\n                <\/div><\/div>\n                <\/div>\n            <\/div>\n            <div class=\"album-store\"><\/div>\n        <\/div><\/article>[\/vc_column_text][\/vc_column][vc_column column_padding=&#8221;no-extra-padding&#8221; column_padding_tablet=&#8221;inherit&#8221; column_padding_phone=&#8221;inherit&#8221; column_padding_position=&#8221;all&#8221; column_element_spacing=&#8221;default&#8221; centered_text=&#8221;true&#8221; background_color_opacity=&#8221;1&#8243; background_hover_color_opacity=&#8221;1&#8243; column_shadow=&#8221;none&#8221; column_border_radius=&#8221;none&#8221; column_link_target=&#8221;_self&#8221; gradient_direction=&#8221;left_to_right&#8221; overlay_strength=&#8221;0.3&#8243; width=&#8221;1\/3&#8243; tablet_width_inherit=&#8221;default&#8221; tablet_text_alignment=&#8221;default&#8221; phone_text_alignment=&#8221;default&#8221; bg_image_animation=&#8221;none&#8221; border_type=&#8221;simple&#8221; column_border_width=&#8221;none&#8221; column_border_style=&#8221;solid&#8221;][image_with_animation image_url=&#8221;711&#8243; animation=&#8221;Fade In&#8221; hover_animation=&#8221;none&#8221; alignment=&#8221;&#8221; border_radius=&#8221;none&#8221; box_shadow=&#8221;none&#8221; image_loading=&#8221;default&#8221; max_width=&#8221;100%&#8221; max_width_mobile=&#8221;default&#8221;][vc_column_text]\n<p class=\"p1\" style=\"text-align: center;\">Audycja Polskiego Radia<br \/>\n<i>Obyczajem ojc\u00f3w dawnych<\/i> (fragmenty),<br \/>\nautor: Anna Jachnina, 1963 (PiK), 4:38 min<\/p>\n[\/vc_column_text][vc_column_text max_width=&#8221;200&#8243;]<article class=\"iron_widget_radio\">\n        <div class=\"iron-audioplayer  sonaar-no-artwork sr_waveform_simplebar\" id=\"arbitrary-instance-69f5bd77b803c-27b4403076\" data-id=\"arbitrary-instance-69f5bd77b803c\" data-albums=\"202\"data-url-playlist=\"http:\/\/przy.etnomuzeum.pl\/?load=playlist.json&#038;title=&#038;albums=202&#038;feed_title=%20&#038;feed=http:\/\/przy.etnomuzeum.pl\/wp-content\/uploads\/2021\/10\/Audycja-po-montaz\u0307u.mp3&#038;feed_img=&#038;el_widget_id=&#038;artwork=\" data-sticky-player=\"0\" data-shuffle=\"\" data-playlist_title=\"\" data-scrollbar=\"\" data-wave-color=\"\" data-wave-progress-color=\"\" data-no-wave=\"\" data-hide-progressbar=\"\" data-feedurl=\"1\" data-notrackskip=\"\" style=\"opacity:0;\">\n            \n            <div class=\"sonaar-grid sonaar-grid-2 sonaar-grid-fullwidth-mobile\">\n                \n                <div class=\"playlist\">\n                 <h3 class=\"sr_it-playlist-title\"><\/h3>\n                 <div class=\"sr_it-playlist-release-date\"><span class=\"sr_it-date-value\"><\/span><\/div>\n                    <ul class\"\"><li \n            class=\"sr-playlist-item\" \n            data-audiopath=\"http:\/\/przy.etnomuzeum.pl\/wp-content\/uploads\/2021\/10\/Audycja-po-montaz\u0307u.mp3\"\n            data-showloading=\"1\"\n            data-albumTitle=\"\"\n            data-albumArt=\"\"\n            data-releasedate=\"\"\n            data-trackTitle=\" \"\n            data-trackID=\"\"\n            data-trackTime=\"\"\n            ><span class=\"store-list\"><\/span><\/li><\/ul>\n                <\/div>\n            <\/div>\n            <div class=\"album-player\" >\n                \n                <div class=\"album-title\"><\/div>\n                \n            <div class=\"track-title\"><\/div>\n        \n                <div class=\"player \" >\n                    <div class=\"sr_progressbar\">\n                \n            <div class=\"currentTime\"><\/div>\n         \n                <div id=\"arbitrary-instance-69f5bd77b803c-35457e29d5-wave\" class=\"wave\" >\n                \n            <div class=\"sonaar_fake_wave\" >\n                <audio src=\"\" class=\"sonaar_media_element\"><\/audio>\n                <div class=\"sonaar_wave_base\">\n                    <canvas id=arbitrary-instance-69f5bd77b803c-container class=\"\" height=\"70\" width=\"2540\"><\/canvas>\n                    <svg><\/svg>\n                <\/div>\n                <div class=\"sonaar_wave_cut\">\n                    <canvas id=arbitrary-instance-69f5bd77b803c-progress class=\"\" height=\"70\" width=\"2540\"><\/canvas>\n                    <svg><\/svg>\n                <\/div>\n            <\/div> \n                <\/div>\n                \n            <div class=\"totalTime\"><\/div>\n         \n             <\/div>\n                    <div class=\"control\"><div class=\"play\" style=\"opacity:0;\">\n                    <svg version=\"1.1\" xmlns=\"http:\/\/www.w3.org\/2000\/svg\" xmlns:xlink=\"http:\/\/www.w3.org\/1999\/xlink\" x=\"0px\" y=\"0px\" viewBox=\"0 0 17.5 21.2\" style=\"enable-background:new 0 0 17.5 21.2;\" xml:space=\"preserve\">\n                        <path d=\"M0,0l17.5,10.9L0,21.2V0z\"\/>\n                        <rect width=\"6\" height=\"21.2\"\/>\n                        <rect x=\"11.5\" width=\"6\" height=\"21.2\"\/>\n                    <\/svg>\n                <\/div><\/div>\n                <\/div>\n            <\/div>\n            <div class=\"album-store\"><\/div>\n        <\/div><\/article>[\/vc_column_text][\/vc_column][vc_column column_padding=&#8221;no-extra-padding&#8221; column_padding_tablet=&#8221;inherit&#8221; column_padding_phone=&#8221;inherit&#8221; column_padding_position=&#8221;all&#8221; column_element_spacing=&#8221;default&#8221; centered_text=&#8221;true&#8221; background_color_opacity=&#8221;1&#8243; background_hover_color_opacity=&#8221;1&#8243; column_shadow=&#8221;none&#8221; column_border_radius=&#8221;none&#8221; column_link_target=&#8221;_self&#8221; gradient_direction=&#8221;left_to_right&#8221; overlay_strength=&#8221;0.3&#8243; width=&#8221;1\/3&#8243; tablet_width_inherit=&#8221;default&#8221; tablet_text_alignment=&#8221;default&#8221; phone_text_alignment=&#8221;default&#8221; bg_image_animation=&#8221;none&#8221; border_type=&#8221;simple&#8221; column_border_width=&#8221;none&#8221; column_border_style=&#8221;solid&#8221;][image_with_animation image_url=&#8221;710&#8243; animation=&#8221;Fade In&#8221; hover_animation=&#8221;none&#8221; alignment=&#8221;&#8221; border_radius=&#8221;none&#8221; box_shadow=&#8221;none&#8221; image_loading=&#8221;default&#8221; max_width=&#8221;100%&#8221; max_width_mobile=&#8221;default&#8221;][vc_column_text]\n<p class=\"p1\" style=\"text-align: center;\">D\u017awi\u0119k tr\u0105bki og\u0142aszaj\u0105cy dyngus<\/p>\n[\/vc_column_text][vc_column_text max_width=&#8221;200&#8243;]<article class=\"iron_widget_radio\">\n        <div class=\"iron-audioplayer  sonaar-no-artwork sr_waveform_simplebar\" id=\"arbitrary-instance-69f5bd77b8202-06781ecd7f\" data-id=\"arbitrary-instance-69f5bd77b8202\" data-albums=\"202\"data-url-playlist=\"http:\/\/przy.etnomuzeum.pl\/?load=playlist.json&#038;title=&#038;albums=202&#038;feed_title=%20&#038;feed=http:\/\/przy.etnomuzeum.pl\/wp-content\/uploads\/2021\/10\/Tra\u0328bka-Dyngus.mp3&#038;feed_img=&#038;el_widget_id=&#038;artwork=\" data-sticky-player=\"0\" data-shuffle=\"\" data-playlist_title=\"\" data-scrollbar=\"\" data-wave-color=\"\" data-wave-progress-color=\"\" data-no-wave=\"\" data-hide-progressbar=\"\" data-feedurl=\"1\" data-notrackskip=\"\" style=\"opacity:0;\">\n            \n            <div class=\"sonaar-grid sonaar-grid-2 sonaar-grid-fullwidth-mobile\">\n                \n                <div class=\"playlist\">\n                 <h3 class=\"sr_it-playlist-title\"><\/h3>\n                 <div class=\"sr_it-playlist-release-date\"><span class=\"sr_it-date-value\"><\/span><\/div>\n                    <ul class\"\"><li \n            class=\"sr-playlist-item\" \n            data-audiopath=\"http:\/\/przy.etnomuzeum.pl\/wp-content\/uploads\/2021\/10\/Tra\u0328bka-Dyngus.mp3\"\n            data-showloading=\"1\"\n            data-albumTitle=\"\"\n            data-albumArt=\"\"\n            data-releasedate=\"\"\n            data-trackTitle=\" \"\n            data-trackID=\"\"\n            data-trackTime=\"\"\n            ><span class=\"store-list\"><\/span><\/li><\/ul>\n                <\/div>\n            <\/div>\n            <div class=\"album-player\" >\n                \n                <div class=\"album-title\"><\/div>\n                \n            <div class=\"track-title\"><\/div>\n        \n                <div class=\"player \" >\n                    <div class=\"sr_progressbar\">\n                \n            <div class=\"currentTime\"><\/div>\n         \n                <div id=\"arbitrary-instance-69f5bd77b8202-d7da740771-wave\" class=\"wave\" >\n                \n            <div class=\"sonaar_fake_wave\" >\n                <audio src=\"\" class=\"sonaar_media_element\"><\/audio>\n                <div class=\"sonaar_wave_base\">\n                    <canvas id=arbitrary-instance-69f5bd77b8202-container class=\"\" height=\"70\" width=\"2540\"><\/canvas>\n                    <svg><\/svg>\n                <\/div>\n                <div class=\"sonaar_wave_cut\">\n                    <canvas id=arbitrary-instance-69f5bd77b8202-progress class=\"\" height=\"70\" width=\"2540\"><\/canvas>\n                    <svg><\/svg>\n                <\/div>\n            <\/div> \n                <\/div>\n                \n            <div class=\"totalTime\"><\/div>\n         \n             <\/div>\n                    <div class=\"control\"><div class=\"play\" style=\"opacity:0;\">\n                    <svg version=\"1.1\" xmlns=\"http:\/\/www.w3.org\/2000\/svg\" xmlns:xlink=\"http:\/\/www.w3.org\/1999\/xlink\" x=\"0px\" y=\"0px\" viewBox=\"0 0 17.5 21.2\" style=\"enable-background:new 0 0 17.5 21.2;\" xml:space=\"preserve\">\n                        <path d=\"M0,0l17.5,10.9L0,21.2V0z\"\/>\n                        <rect width=\"6\" height=\"21.2\"\/>\n                        <rect x=\"11.5\" width=\"6\" height=\"21.2\"\/>\n                    <\/svg>\n                <\/div><\/div>\n                <\/div>\n            <\/div>\n            <div class=\"album-store\"><\/div>\n        <\/div><\/article>[\/vc_column_text][\/vc_column][\/vc_row][vc_row type=&#8221;full_width_background&#8221; full_screen_row_position=&#8221;middle&#8221; column_margin=&#8221;default&#8221; column_direction=&#8221;default&#8221; column_direction_tablet=&#8221;default&#8221; column_direction_phone=&#8221;default&#8221; bg_color=&#8221;#1c1c1c&#8221; scene_position=&#8221;center&#8221; top_padding=&#8221;60&#8243; text_color=&#8221;dark&#8221; text_align=&#8221;left&#8221; row_border_radius=&#8221;none&#8221; row_border_radius_applies=&#8221;bg&#8221; overlay_strength=&#8221;0.3&#8243; gradient_direction=&#8221;left_to_right&#8221; shape_divider_position=&#8221;bottom&#8221; bg_image_animation=&#8221;none&#8221; shape_type=&#8221;&#8221;][vc_column column_padding=&#8221;no-extra-padding&#8221; column_padding_tablet=&#8221;inherit&#8221; column_padding_phone=&#8221;inherit&#8221; column_padding_position=&#8221;all&#8221; column_element_spacing=&#8221;default&#8221; background_color_opacity=&#8221;1&#8243; background_hover_color_opacity=&#8221;1&#8243; column_shadow=&#8221;none&#8221; column_border_radius=&#8221;none&#8221; column_link_target=&#8221;_self&#8221; gradient_direction=&#8221;left_to_right&#8221; overlay_strength=&#8221;0.3&#8243; width=&#8221;1\/1&#8243; tablet_width_inherit=&#8221;default&#8221; tablet_text_alignment=&#8221;default&#8221; phone_text_alignment=&#8221;default&#8221; bg_image_animation=&#8221;none&#8221; border_type=&#8221;simple&#8221; column_border_width=&#8221;none&#8221; column_border_style=&#8221;solid&#8221;][vc_column_text]\n<h6 style=\"text-align: center;\"><span style=\"color: #ff0000;\">GALERIA<\/span><\/h6>\n[\/vc_column_text][divider line_type=&#8221;No Line&#8221; custom_height=&#8221;40&#8243;]\t\t\t\t\r\n\t\t\t\t\r\n\t\t\t\t\r\n\t\t\t\t<div class=\"portfolio-wrap \">\r\n\t\t\t\t\t\r\n\t\t\t\t\t\t\t\t\t\t\r\n\t\t\t\t\t<span class=\"portfolio-loading  none\">   <\/span>\r\n\t\t\t\t\t\r\n\t\t\t\t\t\t\t\t\t\t\r\n\t\t\t\t\t<div class=\"row portfolio-items masonry-items  \" data-rcp=\"false\" data-masonry-type=\"default\" data-ps=\"9\" data-starting-filter=\"\" data-gutter=\"10px\" data-categories-to-show=\"przy_historia\" data-bypass-cropping=\"true\" data-lightbox-only=\"true\" data-col-num=\"cols-4\">\r\n\t\t\t\t\t\t\t\t\t\t\t\t\r\n\t\t\t\t\t\t\t\t\t\t\t\t\r\n\t\t\t\t\t\t<div class=\"col span_3 regular element przy_historia \"  data-project-cat=\"przy_historia \" data-default-color=\"true\" data-title-color=\"\" data-subtitle-color=\"\">\r\n\t\t\t\t\t\t\t\r\n\t\t\t\t\t\t\t<div class=\"inner-wrap animated\" data-animation=\"none\">\r\n\t\t\t\t\t\t\t\t\r\n\t\t\t\t\t\t\t\t\t\t\t\t\t\t\t\t\t\r\n\t\t\t\t\t\t\t\t\t<div class=\"work-item style-1\" data-custom-content=\"off\">\r\n\t\t\t\t\t\t\t\t\t\t\r\n\t\t\t\t\t\t\t\t\t\t<img loading=\"lazy\" decoding=\"async\" class=\"size-regular skip-lazy\" src=\"http:\/\/przy.etnomuzeum.pl\/wp-content\/uploads\/2021\/09\/galeria-fotografi-Historia.jpg\" alt=\"\" height=\"500\" width=\"500\" srcset=\"http:\/\/przy.etnomuzeum.pl\/wp-content\/uploads\/2021\/09\/galeria-fotografi-Historia.jpg 1920w, http:\/\/przy.etnomuzeum.pl\/wp-content\/uploads\/2021\/09\/galeria-fotografi-Historia-300x169.jpg 300w, http:\/\/przy.etnomuzeum.pl\/wp-content\/uploads\/2021\/09\/galeria-fotografi-Historia-1024x576.jpg 1024w, http:\/\/przy.etnomuzeum.pl\/wp-content\/uploads\/2021\/09\/galeria-fotografi-Historia-768x432.jpg 768w, http:\/\/przy.etnomuzeum.pl\/wp-content\/uploads\/2021\/09\/galeria-fotografi-Historia-1536x864.jpg 1536w\" sizes=\"auto, (min-width: 1000px) 25vw, (min-width: 690px) 50vw, 100vw\" \/>\t\t\t\t\t\t\t\t\t\t\r\n\t\t\t\t\t\t\t\t\t\t\r\n\t\t\t\t\t\t\t\t\t\t<div class=\"work-info\"> \r\n\t\t\t\t\t\t\t\t\t\t\t\r\n\t\t\t\t\t\t\t\t\t\t\t\r\n\t\t\t\t\t\t\t\t\t\t\t\t\t\t\t\t\t\t\t\t\t\t\t\t\t<a href=\"http:\/\/przy.etnomuzeum.pl\/wp-content\/uploads\/2021\/09\/galeria-fotografi-Historia.jpg\"  title=\"Najstarsze zachowane zdj\u0119cie Stowarzyszenia Klubu Kawalerskiego w Szymborzu, 1933\"  class=\"pretty_photo\"><\/a>\r\n\t\t\t\t\t\t\t\t\t\t\t\t\t\t\t\t\t\t\t\t\t\t\t\t\r\n\t\t\t\t\t\t\t\t\t\t\t\r\n\t\t\t\t\t\t\t\t\t\t<\/div>\r\n\t\t\t\t\t\t\t\t\t\t\r\n\t\t\t\t\t\t\t\t\t<\/div><!--work-item-->\r\n\t\t\t\t\t\t\t\t\t\r\n\t\t\t\t\t\t\t\t\t<div class=\"work-meta\">\r\n\t\t\t\t\t\t\t\t\t\t<h4 class=\"title\">1<\/h4>\r\n\t\t\t\t\t\t\t\t\t\t\r\n\t\t\t\t\t\t\t\t\t\t<p>Najstarsze zachowane zdj\u0119cie Stowarzyszenia Klubu Kawalerskiego w Szymborzu, 1933<br \/><br \/><br \/><\/p>\t\t\t\t\t\t\t\t\t\t\r\n\t\t\t\t\t\t\t\t\t<\/div>\r\n\t\t\t\t\t\t\t\t\t\r\n\t\t\t\t\t\t\t\t\t\r\n\t\t\t\t\t\t\t\t\t\t\t\t\t\t\t\t\r\n\t\t\t\t\t\t\t\t\r\n\t\t\t\t\t\t\t<\/div><!--\/inner-wrap-->\r\n\t\t\t\t\t\t<\/div><!--\/col-->\r\n\t\t\t\t\t\t\r\n\t\t\t\t\t\t\t\t\t\t\t\r\n\t\t\t\t\t\t\t\t\t\t\t\t\r\n\t\t\t\t\t\t<div class=\"col span_3 regular element przy_historia \"  data-project-cat=\"przy_historia \" data-default-color=\"true\" data-title-color=\"\" data-subtitle-color=\"\">\r\n\t\t\t\t\t\t\t\r\n\t\t\t\t\t\t\t<div class=\"inner-wrap animated\" data-animation=\"none\">\r\n\t\t\t\t\t\t\t\t\r\n\t\t\t\t\t\t\t\t\t\t\t\t\t\t\t\t\t\r\n\t\t\t\t\t\t\t\t\t<div class=\"work-item style-1\" data-custom-content=\"off\">\r\n\t\t\t\t\t\t\t\t\t\t\r\n\t\t\t\t\t\t\t\t\t\t<img loading=\"lazy\" decoding=\"async\" class=\"size-regular skip-lazy\" src=\"http:\/\/przy.etnomuzeum.pl\/wp-content\/uploads\/2021\/09\/galeria-fotografi-Historia2.jpg\" alt=\"\" height=\"500\" width=\"500\" srcset=\"http:\/\/przy.etnomuzeum.pl\/wp-content\/uploads\/2021\/09\/galeria-fotografi-Historia2.jpg 1920w, http:\/\/przy.etnomuzeum.pl\/wp-content\/uploads\/2021\/09\/galeria-fotografi-Historia2-300x169.jpg 300w, http:\/\/przy.etnomuzeum.pl\/wp-content\/uploads\/2021\/09\/galeria-fotografi-Historia2-1024x576.jpg 1024w, http:\/\/przy.etnomuzeum.pl\/wp-content\/uploads\/2021\/09\/galeria-fotografi-Historia2-768x432.jpg 768w, http:\/\/przy.etnomuzeum.pl\/wp-content\/uploads\/2021\/09\/galeria-fotografi-Historia2-1536x864.jpg 1536w\" sizes=\"auto, (min-width: 1000px) 25vw, (min-width: 690px) 50vw, 100vw\" \/>\t\t\t\t\t\t\t\t\t\t\r\n\t\t\t\t\t\t\t\t\t\t\r\n\t\t\t\t\t\t\t\t\t\t<div class=\"work-info\"> \r\n\t\t\t\t\t\t\t\t\t\t\t\r\n\t\t\t\t\t\t\t\t\t\t\t\r\n\t\t\t\t\t\t\t\t\t\t\t\t\t\t\t\t\t\t\t\t\t\t\t\t\t<a href=\"http:\/\/Tre\u015b\u0107%20statutu%20z%201945%20roku%20br%20\/br%20\/br%20\/\"><\/a>\r\n\t\t\t\t\t\t\t\t\t\t\t\t\t\t\t\t\t\t\t\t\t\t\t\t\r\n\t\t\t\t\t\t\t\t\t\t\t\r\n\t\t\t\t\t\t\t\t\t\t<\/div>\r\n\t\t\t\t\t\t\t\t\t\t\r\n\t\t\t\t\t\t\t\t\t<\/div><!--work-item-->\r\n\t\t\t\t\t\t\t\t\t\r\n\t\t\t\t\t\t\t\t\t<div class=\"work-meta\">\r\n\t\t\t\t\t\t\t\t\t\t<h4 class=\"title\">2<\/h4>\r\n\t\t\t\t\t\t\t\t\t\t\r\n\t\t\t\t\t\t\t\t\t\t<p>16 September 2021<\/p>\t\t\t\t\t\t\t\t\t\t\r\n\t\t\t\t\t\t\t\t\t<\/div>\r\n\t\t\t\t\t\t\t\t\t\r\n\t\t\t\t\t\t\t\t\t\r\n\t\t\t\t\t\t\t\t\t\t\t\t\t\t\t\t\r\n\t\t\t\t\t\t\t\t\r\n\t\t\t\t\t\t\t<\/div><!--\/inner-wrap-->\r\n\t\t\t\t\t\t<\/div><!--\/col-->\r\n\t\t\t\t\t\t\r\n\t\t\t\t\t\t\t\t\t\t\t\r\n\t\t\t\t\t\t\t\t\t\t\t\t\r\n\t\t\t\t\t\t<div class=\"col span_3 regular element przy_historia \"  data-project-cat=\"przy_historia \" data-default-color=\"true\" data-title-color=\"\" data-subtitle-color=\"\">\r\n\t\t\t\t\t\t\t\r\n\t\t\t\t\t\t\t<div class=\"inner-wrap animated\" data-animation=\"none\">\r\n\t\t\t\t\t\t\t\t\r\n\t\t\t\t\t\t\t\t\t\t\t\t\t\t\t\t\t\r\n\t\t\t\t\t\t\t\t\t<div class=\"work-item style-1\" data-custom-content=\"off\">\r\n\t\t\t\t\t\t\t\t\t\t\r\n\t\t\t\t\t\t\t\t\t\t<img loading=\"lazy\" decoding=\"async\" class=\"size-regular skip-lazy\" src=\"http:\/\/przy.etnomuzeum.pl\/wp-content\/uploads\/2021\/09\/galeria-fotografi-Historia3.jpg\" alt=\"\" height=\"500\" width=\"500\" srcset=\"http:\/\/przy.etnomuzeum.pl\/wp-content\/uploads\/2021\/09\/galeria-fotografi-Historia3.jpg 1920w, http:\/\/przy.etnomuzeum.pl\/wp-content\/uploads\/2021\/09\/galeria-fotografi-Historia3-300x169.jpg 300w, http:\/\/przy.etnomuzeum.pl\/wp-content\/uploads\/2021\/09\/galeria-fotografi-Historia3-1024x576.jpg 1024w, http:\/\/przy.etnomuzeum.pl\/wp-content\/uploads\/2021\/09\/galeria-fotografi-Historia3-768x432.jpg 768w, http:\/\/przy.etnomuzeum.pl\/wp-content\/uploads\/2021\/09\/galeria-fotografi-Historia3-1536x864.jpg 1536w\" sizes=\"auto, (min-width: 1000px) 25vw, (min-width: 690px) 50vw, 100vw\" \/>\t\t\t\t\t\t\t\t\t\t\r\n\t\t\t\t\t\t\t\t\t\t\r\n\t\t\t\t\t\t\t\t\t\t<div class=\"work-info\"> \r\n\t\t\t\t\t\t\t\t\t\t\t\r\n\t\t\t\t\t\t\t\t\t\t\t\r\n\t\t\t\t\t\t\t\t\t\t\t\t\t\t\t\t\t\t\t\t\t\t\t\t\t<a href=\"http:\/\/przy.etnomuzeum.pl\/wp-content\/uploads\/2021\/09\/galeria-fotografi-Historia3.jpg\"  title=\"Pierwsza strona Ksi\u0119gi Protoko\u0142\u00f3w z 1946 roku\"  class=\"pretty_photo\"><\/a>\r\n\t\t\t\t\t\t\t\t\t\t\t\t\t\t\t\t\t\t\t\t\t\t\t\t\r\n\t\t\t\t\t\t\t\t\t\t\t\r\n\t\t\t\t\t\t\t\t\t\t<\/div>\r\n\t\t\t\t\t\t\t\t\t\t\r\n\t\t\t\t\t\t\t\t\t<\/div><!--work-item-->\r\n\t\t\t\t\t\t\t\t\t\r\n\t\t\t\t\t\t\t\t\t<div class=\"work-meta\">\r\n\t\t\t\t\t\t\t\t\t\t<h4 class=\"title\">3<\/h4>\r\n\t\t\t\t\t\t\t\t\t\t\r\n\t\t\t\t\t\t\t\t\t\t<p>Pierwsza strona Ksi\u0119gi Protoko\u0142\u00f3w <br \/> z 1946 roku <br \/><br \/><br \/><\/p>\t\t\t\t\t\t\t\t\t\t\r\n\t\t\t\t\t\t\t\t\t<\/div>\r\n\t\t\t\t\t\t\t\t\t\r\n\t\t\t\t\t\t\t\t\t\r\n\t\t\t\t\t\t\t\t\t\t\t\t\t\t\t\t\r\n\t\t\t\t\t\t\t\t\r\n\t\t\t\t\t\t\t<\/div><!--\/inner-wrap-->\r\n\t\t\t\t\t\t<\/div><!--\/col-->\r\n\t\t\t\t\t\t\r\n\t\t\t\t\t\t\t\t\t\t\t\r\n\t\t\t\t\t\t\t\t\t\t\t\t\r\n\t\t\t\t\t\t<div class=\"col span_3 regular element przy_historia \"  data-project-cat=\"przy_historia \" data-default-color=\"true\" data-title-color=\"\" data-subtitle-color=\"\">\r\n\t\t\t\t\t\t\t\r\n\t\t\t\t\t\t\t<div class=\"inner-wrap animated\" data-animation=\"none\">\r\n\t\t\t\t\t\t\t\t\r\n\t\t\t\t\t\t\t\t\t\t\t\t\t\t\t\t\t\r\n\t\t\t\t\t\t\t\t\t<div class=\"work-item style-1\" data-custom-content=\"off\">\r\n\t\t\t\t\t\t\t\t\t\t\r\n\t\t\t\t\t\t\t\t\t\t<img loading=\"lazy\" decoding=\"async\" class=\"size-regular skip-lazy\" src=\"http:\/\/przy.etnomuzeum.pl\/wp-content\/uploads\/2021\/09\/galeria-fotografi-Historia4.jpg\" alt=\"\" height=\"500\" width=\"500\" srcset=\"http:\/\/przy.etnomuzeum.pl\/wp-content\/uploads\/2021\/09\/galeria-fotografi-Historia4.jpg 1920w, http:\/\/przy.etnomuzeum.pl\/wp-content\/uploads\/2021\/09\/galeria-fotografi-Historia4-300x169.jpg 300w, http:\/\/przy.etnomuzeum.pl\/wp-content\/uploads\/2021\/09\/galeria-fotografi-Historia4-1024x576.jpg 1024w, http:\/\/przy.etnomuzeum.pl\/wp-content\/uploads\/2021\/09\/galeria-fotografi-Historia4-768x432.jpg 768w, http:\/\/przy.etnomuzeum.pl\/wp-content\/uploads\/2021\/09\/galeria-fotografi-Historia4-1536x864.jpg 1536w\" sizes=\"auto, (min-width: 1000px) 25vw, (min-width: 690px) 50vw, 100vw\" \/>\t\t\t\t\t\t\t\t\t\t\r\n\t\t\t\t\t\t\t\t\t\t\r\n\t\t\t\t\t\t\t\t\t\t<div class=\"work-info\"> \r\n\t\t\t\t\t\t\t\t\t\t\t\r\n\t\t\t\t\t\t\t\t\t\t\t\r\n\t\t\t\t\t\t\t\t\t\t\t\t\t\t\t\t\t\t\t\t\t\t\t\t\t<a href=\"http:\/\/przy.etnomuzeum.pl\/wp-content\/uploads\/2021\/09\/galeria-fotografi-Historia4.jpg\"  title=\"Cz\u0142onkowie Klubu Kawalerskiego w 1946 roku\n\"  class=\"pretty_photo\"><\/a>\r\n\t\t\t\t\t\t\t\t\t\t\t\t\t\t\t\t\t\t\t\t\t\t\t\t\r\n\t\t\t\t\t\t\t\t\t\t\t\r\n\t\t\t\t\t\t\t\t\t\t<\/div>\r\n\t\t\t\t\t\t\t\t\t\t\r\n\t\t\t\t\t\t\t\t\t<\/div><!--work-item-->\r\n\t\t\t\t\t\t\t\t\t\r\n\t\t\t\t\t\t\t\t\t<div class=\"work-meta\">\r\n\t\t\t\t\t\t\t\t\t\t<h4 class=\"title\">4<\/h4>\r\n\t\t\t\t\t\t\t\t\t\t\r\n\t\t\t\t\t\t\t\t\t\t<p>Cz\u0142onkowie Klubu Kawalerskiego w 1946 roku <br \/><br \/><br \/><\/p>\t\t\t\t\t\t\t\t\t\t\r\n\t\t\t\t\t\t\t\t\t<\/div>\r\n\t\t\t\t\t\t\t\t\t\r\n\t\t\t\t\t\t\t\t\t\r\n\t\t\t\t\t\t\t\t\t\t\t\t\t\t\t\t\r\n\t\t\t\t\t\t\t\t\r\n\t\t\t\t\t\t\t<\/div><!--\/inner-wrap-->\r\n\t\t\t\t\t\t<\/div><!--\/col-->\r\n\t\t\t\t\t\t\r\n\t\t\t\t\t\t\t\t\t\t\t\r\n\t\t\t\t\t\t\t\t\t\t\t\t\r\n\t\t\t\t\t\t<div class=\"col span_3 regular element przy_historia \"  data-project-cat=\"przy_historia \" data-default-color=\"true\" data-title-color=\"\" data-subtitle-color=\"\">\r\n\t\t\t\t\t\t\t\r\n\t\t\t\t\t\t\t<div class=\"inner-wrap animated\" data-animation=\"none\">\r\n\t\t\t\t\t\t\t\t\r\n\t\t\t\t\t\t\t\t\t\t\t\t\t\t\t\t\t\r\n\t\t\t\t\t\t\t\t\t<div class=\"work-item style-1\" data-custom-content=\"off\">\r\n\t\t\t\t\t\t\t\t\t\t\r\n\t\t\t\t\t\t\t\t\t\t<img loading=\"lazy\" decoding=\"async\" class=\"size-regular skip-lazy\" src=\"http:\/\/przy.etnomuzeum.pl\/wp-content\/uploads\/2021\/09\/galeria-fotografi-Historia5.jpg\" alt=\"\" height=\"500\" width=\"500\" srcset=\"http:\/\/przy.etnomuzeum.pl\/wp-content\/uploads\/2021\/09\/galeria-fotografi-Historia5.jpg 1920w, http:\/\/przy.etnomuzeum.pl\/wp-content\/uploads\/2021\/09\/galeria-fotografi-Historia5-300x169.jpg 300w, http:\/\/przy.etnomuzeum.pl\/wp-content\/uploads\/2021\/09\/galeria-fotografi-Historia5-1024x576.jpg 1024w, http:\/\/przy.etnomuzeum.pl\/wp-content\/uploads\/2021\/09\/galeria-fotografi-Historia5-768x432.jpg 768w, http:\/\/przy.etnomuzeum.pl\/wp-content\/uploads\/2021\/09\/galeria-fotografi-Historia5-1536x864.jpg 1536w\" sizes=\"auto, (min-width: 1000px) 25vw, (min-width: 690px) 50vw, 100vw\" \/>\t\t\t\t\t\t\t\t\t\t\r\n\t\t\t\t\t\t\t\t\t\t\r\n\t\t\t\t\t\t\t\t\t\t<div class=\"work-info\"> \r\n\t\t\t\t\t\t\t\t\t\t\t\r\n\t\t\t\t\t\t\t\t\t\t\t\r\n\t\t\t\t\t\t\t\t\t\t\t\t\t\t\t\t\t\t\t\t\t\t\t\t\t<a href=\"http:\/\/przy.etnomuzeum.pl\/wp-content\/uploads\/2021\/09\/galeria-fotografi-Historia5.jpg\"  title=\"Zapisy w Ksi\u0119dze Protoko\u0142\u00f3w z 1951 roku\"  class=\"pretty_photo\"><\/a>\r\n\t\t\t\t\t\t\t\t\t\t\t\t\t\t\t\t\t\t\t\t\t\t\t\t\r\n\t\t\t\t\t\t\t\t\t\t\t\r\n\t\t\t\t\t\t\t\t\t\t<\/div>\r\n\t\t\t\t\t\t\t\t\t\t\r\n\t\t\t\t\t\t\t\t\t<\/div><!--work-item-->\r\n\t\t\t\t\t\t\t\t\t\r\n\t\t\t\t\t\t\t\t\t<div class=\"work-meta\">\r\n\t\t\t\t\t\t\t\t\t\t<h4 class=\"title\">5<\/h4>\r\n\t\t\t\t\t\t\t\t\t\t\r\n\t\t\t\t\t\t\t\t\t\t<p>Zapisy w Ksi\u0119dze Protoko\u0142\u00f3w z 1951 roku <br \/><br \/><br \/><\/p>\t\t\t\t\t\t\t\t\t\t\r\n\t\t\t\t\t\t\t\t\t<\/div>\r\n\t\t\t\t\t\t\t\t\t\r\n\t\t\t\t\t\t\t\t\t\r\n\t\t\t\t\t\t\t\t\t\t\t\t\t\t\t\t\r\n\t\t\t\t\t\t\t\t\r\n\t\t\t\t\t\t\t<\/div><!--\/inner-wrap-->\r\n\t\t\t\t\t\t<\/div><!--\/col-->\r\n\t\t\t\t\t\t\r\n\t\t\t\t\t\t\t\t\t\t\t\r\n\t\t\t\t\t\t\t\t\t\t\t\t\r\n\t\t\t\t\t\t<div class=\"col span_3 regular element przy_historia \"  data-project-cat=\"przy_historia \" data-default-color=\"true\" data-title-color=\"\" data-subtitle-color=\"\">\r\n\t\t\t\t\t\t\t\r\n\t\t\t\t\t\t\t<div class=\"inner-wrap animated\" data-animation=\"none\">\r\n\t\t\t\t\t\t\t\t\r\n\t\t\t\t\t\t\t\t\t\t\t\t\t\t\t\t\t\r\n\t\t\t\t\t\t\t\t\t<div class=\"work-item style-1\" data-custom-content=\"off\">\r\n\t\t\t\t\t\t\t\t\t\t\r\n\t\t\t\t\t\t\t\t\t\t<img loading=\"lazy\" decoding=\"async\" class=\"size-regular skip-lazy\" src=\"http:\/\/przy.etnomuzeum.pl\/wp-content\/uploads\/2021\/09\/galeria-fotografi-Historia6.jpg\" alt=\"\" height=\"500\" width=\"500\" srcset=\"http:\/\/przy.etnomuzeum.pl\/wp-content\/uploads\/2021\/09\/galeria-fotografi-Historia6.jpg 1920w, http:\/\/przy.etnomuzeum.pl\/wp-content\/uploads\/2021\/09\/galeria-fotografi-Historia6-300x169.jpg 300w, http:\/\/przy.etnomuzeum.pl\/wp-content\/uploads\/2021\/09\/galeria-fotografi-Historia6-1024x576.jpg 1024w, http:\/\/przy.etnomuzeum.pl\/wp-content\/uploads\/2021\/09\/galeria-fotografi-Historia6-768x432.jpg 768w, http:\/\/przy.etnomuzeum.pl\/wp-content\/uploads\/2021\/09\/galeria-fotografi-Historia6-1536x864.jpg 1536w\" sizes=\"auto, (min-width: 1000px) 25vw, (min-width: 690px) 50vw, 100vw\" \/>\t\t\t\t\t\t\t\t\t\t\r\n\t\t\t\t\t\t\t\t\t\t\r\n\t\t\t\t\t\t\t\t\t\t<div class=\"work-info\"> \r\n\t\t\t\t\t\t\t\t\t\t\t\r\n\t\t\t\t\t\t\t\t\t\t\t\r\n\t\t\t\t\t\t\t\t\t\t\t\t\t\t\t\t\t\t\t\t\t\t\t\t\t<a href=\"http:\/\/przy.etnomuzeum.pl\/wp-content\/uploads\/2021\/09\/galeria-fotografi-Historia6.jpg\"  title=\"Zapisy w Ksi\u0119dze Protoko\u0142\u00f3w z 1951 roku\"  class=\"pretty_photo\"><\/a>\r\n\t\t\t\t\t\t\t\t\t\t\t\t\t\t\t\t\t\t\t\t\t\t\t\t\r\n\t\t\t\t\t\t\t\t\t\t\t\r\n\t\t\t\t\t\t\t\t\t\t<\/div>\r\n\t\t\t\t\t\t\t\t\t\t\r\n\t\t\t\t\t\t\t\t\t<\/div><!--work-item-->\r\n\t\t\t\t\t\t\t\t\t\r\n\t\t\t\t\t\t\t\t\t<div class=\"work-meta\">\r\n\t\t\t\t\t\t\t\t\t\t<h4 class=\"title\">6<\/h4>\r\n\t\t\t\t\t\t\t\t\t\t\r\n\t\t\t\t\t\t\t\t\t\t<p>Zapisy w Ksi\u0119dze Protoko\u0142\u00f3w z 1951 roku <br \/><br \/><br \/><\/p>\t\t\t\t\t\t\t\t\t\t\r\n\t\t\t\t\t\t\t\t\t<\/div>\r\n\t\t\t\t\t\t\t\t\t\r\n\t\t\t\t\t\t\t\t\t\r\n\t\t\t\t\t\t\t\t\t\t\t\t\t\t\t\t\r\n\t\t\t\t\t\t\t\t\r\n\t\t\t\t\t\t\t<\/div><!--\/inner-wrap-->\r\n\t\t\t\t\t\t<\/div><!--\/col-->\r\n\t\t\t\t\t\t\r\n\t\t\t\t\t\t\t\t\t\t\t\r\n\t\t\t\t\t\t\t\t\t\t\t\t\r\n\t\t\t\t\t\t<div class=\"col span_3 regular element przy_historia \"  data-project-cat=\"przy_historia \" data-default-color=\"true\" data-title-color=\"\" data-subtitle-color=\"\">\r\n\t\t\t\t\t\t\t\r\n\t\t\t\t\t\t\t<div class=\"inner-wrap animated\" data-animation=\"none\">\r\n\t\t\t\t\t\t\t\t\r\n\t\t\t\t\t\t\t\t\t\t\t\t\t\t\t\t\t\r\n\t\t\t\t\t\t\t\t\t<div class=\"work-item style-1\" data-custom-content=\"off\">\r\n\t\t\t\t\t\t\t\t\t\t\r\n\t\t\t\t\t\t\t\t\t\t<img loading=\"lazy\" decoding=\"async\" class=\"size-regular skip-lazy\" src=\"http:\/\/przy.etnomuzeum.pl\/wp-content\/uploads\/2021\/09\/galeria-fotografi-Historia7.jpg\" alt=\"\" height=\"500\" width=\"500\" srcset=\"http:\/\/przy.etnomuzeum.pl\/wp-content\/uploads\/2021\/09\/galeria-fotografi-Historia7.jpg 1920w, http:\/\/przy.etnomuzeum.pl\/wp-content\/uploads\/2021\/09\/galeria-fotografi-Historia7-300x169.jpg 300w, http:\/\/przy.etnomuzeum.pl\/wp-content\/uploads\/2021\/09\/galeria-fotografi-Historia7-1024x576.jpg 1024w, http:\/\/przy.etnomuzeum.pl\/wp-content\/uploads\/2021\/09\/galeria-fotografi-Historia7-768x432.jpg 768w, http:\/\/przy.etnomuzeum.pl\/wp-content\/uploads\/2021\/09\/galeria-fotografi-Historia7-1536x864.jpg 1536w\" sizes=\"auto, (min-width: 1000px) 25vw, (min-width: 690px) 50vw, 100vw\" \/>\t\t\t\t\t\t\t\t\t\t\r\n\t\t\t\t\t\t\t\t\t\t\r\n\t\t\t\t\t\t\t\t\t\t<div class=\"work-info\"> \r\n\t\t\t\t\t\t\t\t\t\t\t\r\n\t\t\t\t\t\t\t\t\t\t\t\r\n\t\t\t\t\t\t\t\t\t\t\t\t\t\t\t\t\t\t\t\t\t\t\t\t\t<a href=\"http:\/\/przy.etnomuzeum.pl\/wp-content\/uploads\/2021\/09\/galeria-fotografi-Historia7.jpg\"  title=\"Cz\u0142onkowie Klubu Kawalerskiego, lata 50. XX w.\"  class=\"pretty_photo\"><\/a>\r\n\t\t\t\t\t\t\t\t\t\t\t\t\t\t\t\t\t\t\t\t\t\t\t\t\r\n\t\t\t\t\t\t\t\t\t\t\t\r\n\t\t\t\t\t\t\t\t\t\t<\/div>\r\n\t\t\t\t\t\t\t\t\t\t\r\n\t\t\t\t\t\t\t\t\t<\/div><!--work-item-->\r\n\t\t\t\t\t\t\t\t\t\r\n\t\t\t\t\t\t\t\t\t<div class=\"work-meta\">\r\n\t\t\t\t\t\t\t\t\t\t<h4 class=\"title\">7<\/h4>\r\n\t\t\t\t\t\t\t\t\t\t\r\n\t\t\t\t\t\t\t\t\t\t<p>Cz\u0142onkowie Klubu Kawalerskiego, lata 50. XX w. <br \/><br \/><br \/><\/p>\t\t\t\t\t\t\t\t\t\t\r\n\t\t\t\t\t\t\t\t\t<\/div>\r\n\t\t\t\t\t\t\t\t\t\r\n\t\t\t\t\t\t\t\t\t\r\n\t\t\t\t\t\t\t\t\t\t\t\t\t\t\t\t\r\n\t\t\t\t\t\t\t\t\r\n\t\t\t\t\t\t\t<\/div><!--\/inner-wrap-->\r\n\t\t\t\t\t\t<\/div><!--\/col-->\r\n\t\t\t\t\t\t\r\n\t\t\t\t\t\t\t\t\t\t\t\r\n\t\t\t\t\t\t\t\t\t\t\t\t\r\n\t\t\t\t\t\t<div class=\"col span_3 regular element przy_historia \"  data-project-cat=\"przy_historia \" data-default-color=\"true\" data-title-color=\"\" data-subtitle-color=\"\">\r\n\t\t\t\t\t\t\t\r\n\t\t\t\t\t\t\t<div class=\"inner-wrap animated\" data-animation=\"none\">\r\n\t\t\t\t\t\t\t\t\r\n\t\t\t\t\t\t\t\t\t\t\t\t\t\t\t\t\t\r\n\t\t\t\t\t\t\t\t\t<div class=\"work-item style-1\" data-custom-content=\"off\">\r\n\t\t\t\t\t\t\t\t\t\t\r\n\t\t\t\t\t\t\t\t\t\t<img loading=\"lazy\" decoding=\"async\" class=\"size-regular skip-lazy\" src=\"http:\/\/przy.etnomuzeum.pl\/wp-content\/uploads\/2021\/09\/galeria-fotografi-Historia8.jpg\" alt=\"\" height=\"500\" width=\"500\" srcset=\"http:\/\/przy.etnomuzeum.pl\/wp-content\/uploads\/2021\/09\/galeria-fotografi-Historia8.jpg 1920w, http:\/\/przy.etnomuzeum.pl\/wp-content\/uploads\/2021\/09\/galeria-fotografi-Historia8-300x169.jpg 300w, http:\/\/przy.etnomuzeum.pl\/wp-content\/uploads\/2021\/09\/galeria-fotografi-Historia8-1024x576.jpg 1024w, http:\/\/przy.etnomuzeum.pl\/wp-content\/uploads\/2021\/09\/galeria-fotografi-Historia8-768x432.jpg 768w, http:\/\/przy.etnomuzeum.pl\/wp-content\/uploads\/2021\/09\/galeria-fotografi-Historia8-1536x864.jpg 1536w\" sizes=\"auto, (min-width: 1000px) 25vw, (min-width: 690px) 50vw, 100vw\" \/>\t\t\t\t\t\t\t\t\t\t\r\n\t\t\t\t\t\t\t\t\t\t\r\n\t\t\t\t\t\t\t\t\t\t<div class=\"work-info\"> \r\n\t\t\t\t\t\t\t\t\t\t\t\r\n\t\t\t\t\t\t\t\t\t\t\t\r\n\t\t\t\t\t\t\t\t\t\t\t\t\t\t\t\t\t\t\t\t\t\t\t\t\t<a href=\"http:\/\/przy.etnomuzeum.pl\/wp-content\/uploads\/2021\/09\/galeria-fotografi-Historia8.jpg\"  title=\"Zapisy w Ksi\u0119dze Protoko\u0142\u00f3w z 1953 roku\n\n\"  class=\"pretty_photo\"><\/a>\r\n\t\t\t\t\t\t\t\t\t\t\t\t\t\t\t\t\t\t\t\t\t\t\t\t\r\n\t\t\t\t\t\t\t\t\t\t\t\r\n\t\t\t\t\t\t\t\t\t\t<\/div>\r\n\t\t\t\t\t\t\t\t\t\t\r\n\t\t\t\t\t\t\t\t\t<\/div><!--work-item-->\r\n\t\t\t\t\t\t\t\t\t\r\n\t\t\t\t\t\t\t\t\t<div class=\"work-meta\">\r\n\t\t\t\t\t\t\t\t\t\t<h4 class=\"title\">8<\/h4>\r\n\t\t\t\t\t\t\t\t\t\t\r\n\t\t\t\t\t\t\t\t\t\t<p>Zapisy w Ksi\u0119dze Protoko\u0142\u00f3w z 1953 roku <br \/><br \/><br \/><\/p>\t\t\t\t\t\t\t\t\t\t\r\n\t\t\t\t\t\t\t\t\t<\/div>\r\n\t\t\t\t\t\t\t\t\t\r\n\t\t\t\t\t\t\t\t\t\r\n\t\t\t\t\t\t\t\t\t\t\t\t\t\t\t\t\r\n\t\t\t\t\t\t\t\t\r\n\t\t\t\t\t\t\t<\/div><!--\/inner-wrap-->\r\n\t\t\t\t\t\t<\/div><!--\/col-->\r\n\t\t\t\t\t\t\r\n\t\t\t\t\t\t\t\t\t\t\t\r\n\t\t\t\t\t\t\t\t\t\t\t\t\r\n\t\t\t\t\t\t<div class=\"col span_3 regular element przy_historia \"  data-project-cat=\"przy_historia \" data-default-color=\"true\" data-title-color=\"\" data-subtitle-color=\"\">\r\n\t\t\t\t\t\t\t\r\n\t\t\t\t\t\t\t<div class=\"inner-wrap animated\" data-animation=\"none\">\r\n\t\t\t\t\t\t\t\t\r\n\t\t\t\t\t\t\t\t\t\t\t\t\t\t\t\t\t\r\n\t\t\t\t\t\t\t\t\t<div class=\"work-item style-1\" data-custom-content=\"off\">\r\n\t\t\t\t\t\t\t\t\t\t\r\n\t\t\t\t\t\t\t\t\t\t<img loading=\"lazy\" decoding=\"async\" class=\"size-regular skip-lazy\" src=\"http:\/\/przy.etnomuzeum.pl\/wp-content\/uploads\/2021\/09\/galeria-fotografi-Historia9.jpg\" alt=\"\" height=\"500\" width=\"500\" srcset=\"http:\/\/przy.etnomuzeum.pl\/wp-content\/uploads\/2021\/09\/galeria-fotografi-Historia9.jpg 1920w, http:\/\/przy.etnomuzeum.pl\/wp-content\/uploads\/2021\/09\/galeria-fotografi-Historia9-300x169.jpg 300w, http:\/\/przy.etnomuzeum.pl\/wp-content\/uploads\/2021\/09\/galeria-fotografi-Historia9-1024x576.jpg 1024w, http:\/\/przy.etnomuzeum.pl\/wp-content\/uploads\/2021\/09\/galeria-fotografi-Historia9-768x432.jpg 768w, http:\/\/przy.etnomuzeum.pl\/wp-content\/uploads\/2021\/09\/galeria-fotografi-Historia9-1536x864.jpg 1536w\" sizes=\"auto, (min-width: 1000px) 25vw, (min-width: 690px) 50vw, 100vw\" \/>\t\t\t\t\t\t\t\t\t\t\r\n\t\t\t\t\t\t\t\t\t\t\r\n\t\t\t\t\t\t\t\t\t\t<div class=\"work-info\"> \r\n\t\t\t\t\t\t\t\t\t\t\t\r\n\t\t\t\t\t\t\t\t\t\t\t\r\n\t\t\t\t\t\t\t\t\t\t\t\t\t\t\t\t\t\t\t\t\t\t\t\t\t<a href=\"http:\/\/przy.etnomuzeum.pl\/wp-content\/uploads\/2021\/09\/galeria-fotografi-Historia9.jpg\"  title=\"II Ksi\u0119ga Protoko\u0142\u00f3w \nz lat 1954-1962\"  class=\"pretty_photo\"><\/a>\r\n\t\t\t\t\t\t\t\t\t\t\t\t\t\t\t\t\t\t\t\t\t\t\t\t\r\n\t\t\t\t\t\t\t\t\t\t\t\r\n\t\t\t\t\t\t\t\t\t\t<\/div>\r\n\t\t\t\t\t\t\t\t\t\t\r\n\t\t\t\t\t\t\t\t\t<\/div><!--work-item-->\r\n\t\t\t\t\t\t\t\t\t\r\n\t\t\t\t\t\t\t\t\t<div class=\"work-meta\">\r\n\t\t\t\t\t\t\t\t\t\t<h4 class=\"title\">9<\/h4>\r\n\t\t\t\t\t\t\t\t\t\t\r\n\t\t\t\t\t\t\t\t\t\t<p>II Ksi\u0119ga Protoko\u0142\u00f3w  z lat 1954-1962 <br \/><br \/><br \/><\/p>\t\t\t\t\t\t\t\t\t\t\r\n\t\t\t\t\t\t\t\t\t<\/div>\r\n\t\t\t\t\t\t\t\t\t\r\n\t\t\t\t\t\t\t\t\t\r\n\t\t\t\t\t\t\t\t\t\t\t\t\t\t\t\t\r\n\t\t\t\t\t\t\t\t\r\n\t\t\t\t\t\t\t<\/div><!--\/inner-wrap-->\r\n\t\t\t\t\t\t<\/div><!--\/col-->\r\n\t\t\t\t\t\t\r\n\t\t\t\t\t\t\t\t\t\t\t\r\n\t\t\t\t\t\t\t\t\t\t\t\t\r\n\t\t\t\t\t\t<div class=\"col span_3 regular element przy_historia \"  data-project-cat=\"przy_historia \" data-default-color=\"true\" data-title-color=\"\" data-subtitle-color=\"\">\r\n\t\t\t\t\t\t\t\r\n\t\t\t\t\t\t\t<div class=\"inner-wrap animated\" data-animation=\"none\">\r\n\t\t\t\t\t\t\t\t\r\n\t\t\t\t\t\t\t\t\t\t\t\t\t\t\t\t\t\r\n\t\t\t\t\t\t\t\t\t<div class=\"work-item style-1\" data-custom-content=\"off\">\r\n\t\t\t\t\t\t\t\t\t\t\r\n\t\t\t\t\t\t\t\t\t\t<img loading=\"lazy\" decoding=\"async\" class=\"size-regular skip-lazy\" src=\"http:\/\/przy.etnomuzeum.pl\/wp-content\/uploads\/2021\/09\/galeria-fotografi-Historia10.jpg\" alt=\"\" height=\"500\" width=\"500\" srcset=\"http:\/\/przy.etnomuzeum.pl\/wp-content\/uploads\/2021\/09\/galeria-fotografi-Historia10.jpg 1920w, http:\/\/przy.etnomuzeum.pl\/wp-content\/uploads\/2021\/09\/galeria-fotografi-Historia10-300x169.jpg 300w, http:\/\/przy.etnomuzeum.pl\/wp-content\/uploads\/2021\/09\/galeria-fotografi-Historia10-1024x576.jpg 1024w, http:\/\/przy.etnomuzeum.pl\/wp-content\/uploads\/2021\/09\/galeria-fotografi-Historia10-768x432.jpg 768w, http:\/\/przy.etnomuzeum.pl\/wp-content\/uploads\/2021\/09\/galeria-fotografi-Historia10-1536x864.jpg 1536w\" sizes=\"auto, (min-width: 1000px) 25vw, (min-width: 690px) 50vw, 100vw\" \/>\t\t\t\t\t\t\t\t\t\t\r\n\t\t\t\t\t\t\t\t\t\t\r\n\t\t\t\t\t\t\t\t\t\t<div class=\"work-info\"> \r\n\t\t\t\t\t\t\t\t\t\t\t\r\n\t\t\t\t\t\t\t\t\t\t\t\r\n\t\t\t\t\t\t\t\t\t\t\t\t\t\t\t\t\t\t\t\t\t\t\t\t\t<a href=\"http:\/\/przy.etnomuzeum.pl\/wp-content\/uploads\/2021\/09\/galeria-fotografi-Historia10.jpg\"  title=\"Zapisy w Ksi\u0119dze Protoko\u0142\u00f3w z 1955 roku\"  class=\"pretty_photo\"><\/a>\r\n\t\t\t\t\t\t\t\t\t\t\t\t\t\t\t\t\t\t\t\t\t\t\t\t\r\n\t\t\t\t\t\t\t\t\t\t\t\r\n\t\t\t\t\t\t\t\t\t\t<\/div>\r\n\t\t\t\t\t\t\t\t\t\t\r\n\t\t\t\t\t\t\t\t\t<\/div><!--work-item-->\r\n\t\t\t\t\t\t\t\t\t\r\n\t\t\t\t\t\t\t\t\t<div class=\"work-meta\">\r\n\t\t\t\t\t\t\t\t\t\t<h4 class=\"title\">10<\/h4>\r\n\t\t\t\t\t\t\t\t\t\t\r\n\t\t\t\t\t\t\t\t\t\t<p>Zapisy w Ksi\u0119dze Protoko\u0142\u00f3w z 1955 roku <br \/><br \/><br \/><\/p>\t\t\t\t\t\t\t\t\t\t\r\n\t\t\t\t\t\t\t\t\t<\/div>\r\n\t\t\t\t\t\t\t\t\t\r\n\t\t\t\t\t\t\t\t\t\r\n\t\t\t\t\t\t\t\t\t\t\t\t\t\t\t\t\r\n\t\t\t\t\t\t\t\t\r\n\t\t\t\t\t\t\t<\/div><!--\/inner-wrap-->\r\n\t\t\t\t\t\t<\/div><!--\/col-->\r\n\t\t\t\t\t\t\r\n\t\t\t\t\t\t\t\t\t\t\t\r\n\t\t\t\t\t\t\t\t\t\t\t\t\r\n\t\t\t\t\t\t<div class=\"col span_3 regular element przy_historia \"  data-project-cat=\"przy_historia \" data-default-color=\"true\" data-title-color=\"\" data-subtitle-color=\"\">\r\n\t\t\t\t\t\t\t\r\n\t\t\t\t\t\t\t<div class=\"inner-wrap animated\" data-animation=\"none\">\r\n\t\t\t\t\t\t\t\t\r\n\t\t\t\t\t\t\t\t\t\t\t\t\t\t\t\t\t\r\n\t\t\t\t\t\t\t\t\t<div class=\"work-item style-1\" data-custom-content=\"off\">\r\n\t\t\t\t\t\t\t\t\t\t\r\n\t\t\t\t\t\t\t\t\t\t<img loading=\"lazy\" decoding=\"async\" class=\"size-regular skip-lazy\" src=\"http:\/\/przy.etnomuzeum.pl\/wp-content\/uploads\/2021\/09\/galeria-fotografi-Historia11.jpg\" alt=\"\" height=\"500\" width=\"500\" srcset=\"http:\/\/przy.etnomuzeum.pl\/wp-content\/uploads\/2021\/09\/galeria-fotografi-Historia11.jpg 1920w, http:\/\/przy.etnomuzeum.pl\/wp-content\/uploads\/2021\/09\/galeria-fotografi-Historia11-300x169.jpg 300w, http:\/\/przy.etnomuzeum.pl\/wp-content\/uploads\/2021\/09\/galeria-fotografi-Historia11-1024x576.jpg 1024w, http:\/\/przy.etnomuzeum.pl\/wp-content\/uploads\/2021\/09\/galeria-fotografi-Historia11-768x432.jpg 768w, http:\/\/przy.etnomuzeum.pl\/wp-content\/uploads\/2021\/09\/galeria-fotografi-Historia11-1536x864.jpg 1536w\" sizes=\"auto, (min-width: 1000px) 25vw, (min-width: 690px) 50vw, 100vw\" \/>\t\t\t\t\t\t\t\t\t\t\r\n\t\t\t\t\t\t\t\t\t\t\r\n\t\t\t\t\t\t\t\t\t\t<div class=\"work-info\"> \r\n\t\t\t\t\t\t\t\t\t\t\t\r\n\t\t\t\t\t\t\t\t\t\t\t\r\n\t\t\t\t\t\t\t\t\t\t\t\t\t\t\t\t\t\t\t\t\t\t\t\t\t<a href=\"http:\/\/przy.etnomuzeum.pl\/wp-content\/uploads\/2021\/09\/galeria-fotografi-Historia11.jpg\"  title=\"Dyplom z okazji 125. rocznicy Klubu Kawalerskiego \nw  Szymborzu, 1957\n\"  class=\"pretty_photo\"><\/a>\r\n\t\t\t\t\t\t\t\t\t\t\t\t\t\t\t\t\t\t\t\t\t\t\t\t\r\n\t\t\t\t\t\t\t\t\t\t\t\r\n\t\t\t\t\t\t\t\t\t\t<\/div>\r\n\t\t\t\t\t\t\t\t\t\t\r\n\t\t\t\t\t\t\t\t\t<\/div><!--work-item-->\r\n\t\t\t\t\t\t\t\t\t\r\n\t\t\t\t\t\t\t\t\t<div class=\"work-meta\">\r\n\t\t\t\t\t\t\t\t\t\t<h4 class=\"title\">11<\/h4>\r\n\t\t\t\t\t\t\t\t\t\t\r\n\t\t\t\t\t\t\t\t\t\t<p>Dyplom z okazji 125. rocznicy Klubu Kawalerskiego <br \/> w Szymborzu, 1957 <br \/><br \/><br \/><\/p>\t\t\t\t\t\t\t\t\t\t\r\n\t\t\t\t\t\t\t\t\t<\/div>\r\n\t\t\t\t\t\t\t\t\t\r\n\t\t\t\t\t\t\t\t\t\r\n\t\t\t\t\t\t\t\t\t\t\t\t\t\t\t\t\r\n\t\t\t\t\t\t\t\t\r\n\t\t\t\t\t\t\t<\/div><!--\/inner-wrap-->\r\n\t\t\t\t\t\t<\/div><!--\/col-->\r\n\t\t\t\t\t\t\r\n\t\t\t\t\t\t\t\t\t\t\t\r\n\t\t\t\t\t\t\t\t\t\t\t\t\r\n\t\t\t\t\t\t<div class=\"col span_3 regular element przy_historia \"  data-project-cat=\"przy_historia \" data-default-color=\"true\" data-title-color=\"\" data-subtitle-color=\"\">\r\n\t\t\t\t\t\t\t\r\n\t\t\t\t\t\t\t<div class=\"inner-wrap animated\" data-animation=\"none\">\r\n\t\t\t\t\t\t\t\t\r\n\t\t\t\t\t\t\t\t\t\t\t\t\t\t\t\t\t\r\n\t\t\t\t\t\t\t\t\t<div class=\"work-item style-1\" data-custom-content=\"off\">\r\n\t\t\t\t\t\t\t\t\t\t\r\n\t\t\t\t\t\t\t\t\t\t<img loading=\"lazy\" decoding=\"async\" class=\"size-regular skip-lazy\" src=\"http:\/\/przy.etnomuzeum.pl\/wp-content\/uploads\/2021\/09\/galeria-fotografi-Historia12.jpg\" alt=\"\" height=\"500\" width=\"500\" srcset=\"http:\/\/przy.etnomuzeum.pl\/wp-content\/uploads\/2021\/09\/galeria-fotografi-Historia12.jpg 1920w, http:\/\/przy.etnomuzeum.pl\/wp-content\/uploads\/2021\/09\/galeria-fotografi-Historia12-300x169.jpg 300w, http:\/\/przy.etnomuzeum.pl\/wp-content\/uploads\/2021\/09\/galeria-fotografi-Historia12-1024x576.jpg 1024w, http:\/\/przy.etnomuzeum.pl\/wp-content\/uploads\/2021\/09\/galeria-fotografi-Historia12-768x432.jpg 768w, http:\/\/przy.etnomuzeum.pl\/wp-content\/uploads\/2021\/09\/galeria-fotografi-Historia12-1536x864.jpg 1536w\" sizes=\"auto, (min-width: 1000px) 25vw, (min-width: 690px) 50vw, 100vw\" \/>\t\t\t\t\t\t\t\t\t\t\r\n\t\t\t\t\t\t\t\t\t\t\r\n\t\t\t\t\t\t\t\t\t\t<div class=\"work-info\"> \r\n\t\t\t\t\t\t\t\t\t\t\t\r\n\t\t\t\t\t\t\t\t\t\t\t\r\n\t\t\t\t\t\t\t\t\t\t\t\t\t\t\t\t\t\t\t\t\t\t\t\t\t<a href=\"http:\/\/przy.etnomuzeum.pl\/wp-content\/uploads\/2021\/09\/galeria-fotografi-Historia12.jpg\"  title=\"Zapisy w Ksi\u0119dze Protoko\u0142\u00f3w z 1958 roku\n\n\"  class=\"pretty_photo\"><\/a>\r\n\t\t\t\t\t\t\t\t\t\t\t\t\t\t\t\t\t\t\t\t\t\t\t\t\r\n\t\t\t\t\t\t\t\t\t\t\t\r\n\t\t\t\t\t\t\t\t\t\t<\/div>\r\n\t\t\t\t\t\t\t\t\t\t\r\n\t\t\t\t\t\t\t\t\t<\/div><!--work-item-->\r\n\t\t\t\t\t\t\t\t\t\r\n\t\t\t\t\t\t\t\t\t<div class=\"work-meta\">\r\n\t\t\t\t\t\t\t\t\t\t<h4 class=\"title\">12<\/h4>\r\n\t\t\t\t\t\t\t\t\t\t\r\n\t\t\t\t\t\t\t\t\t\t<p>Zapisy w Ksi\u0119dze Protoko\u0142\u00f3w z 1958 roku <br \/><br \/><br \/><\/p>\t\t\t\t\t\t\t\t\t\t\r\n\t\t\t\t\t\t\t\t\t<\/div>\r\n\t\t\t\t\t\t\t\t\t\r\n\t\t\t\t\t\t\t\t\t\r\n\t\t\t\t\t\t\t\t\t\t\t\t\t\t\t\t\r\n\t\t\t\t\t\t\t\t\r\n\t\t\t\t\t\t\t<\/div><!--\/inner-wrap-->\r\n\t\t\t\t\t\t<\/div><!--\/col-->\r\n\t\t\t\t\t\t\r\n\t\t\t\t\t\t\t\t\t\t\t\r\n\t\t\t\t\t\t\t\t\t\t\t\t\r\n\t\t\t\t\t\t<div class=\"col span_3 regular element przy_historia \"  data-project-cat=\"przy_historia \" data-default-color=\"true\" data-title-color=\"\" data-subtitle-color=\"\">\r\n\t\t\t\t\t\t\t\r\n\t\t\t\t\t\t\t<div class=\"inner-wrap animated\" data-animation=\"none\">\r\n\t\t\t\t\t\t\t\t\r\n\t\t\t\t\t\t\t\t\t\t\t\t\t\t\t\t\t\r\n\t\t\t\t\t\t\t\t\t<div class=\"work-item style-1\" data-custom-content=\"off\">\r\n\t\t\t\t\t\t\t\t\t\t\r\n\t\t\t\t\t\t\t\t\t\t<img loading=\"lazy\" decoding=\"async\" class=\"size-regular skip-lazy\" src=\"http:\/\/przy.etnomuzeum.pl\/wp-content\/uploads\/2021\/09\/galeria-fotografi-Historia13.jpg\" alt=\"\" height=\"500\" width=\"500\" srcset=\"http:\/\/przy.etnomuzeum.pl\/wp-content\/uploads\/2021\/09\/galeria-fotografi-Historia13.jpg 1920w, http:\/\/przy.etnomuzeum.pl\/wp-content\/uploads\/2021\/09\/galeria-fotografi-Historia13-300x169.jpg 300w, http:\/\/przy.etnomuzeum.pl\/wp-content\/uploads\/2021\/09\/galeria-fotografi-Historia13-1024x576.jpg 1024w, http:\/\/przy.etnomuzeum.pl\/wp-content\/uploads\/2021\/09\/galeria-fotografi-Historia13-768x432.jpg 768w, http:\/\/przy.etnomuzeum.pl\/wp-content\/uploads\/2021\/09\/galeria-fotografi-Historia13-1536x864.jpg 1536w\" sizes=\"auto, (min-width: 1000px) 25vw, (min-width: 690px) 50vw, 100vw\" \/>\t\t\t\t\t\t\t\t\t\t\r\n\t\t\t\t\t\t\t\t\t\t\r\n\t\t\t\t\t\t\t\t\t\t<div class=\"work-info\"> \r\n\t\t\t\t\t\t\t\t\t\t\t\r\n\t\t\t\t\t\t\t\t\t\t\t\r\n\t\t\t\t\t\t\t\t\t\t\t\t\t\t\t\t\t\t\t\t\t\t\t\t\t<a href=\"http:\/\/przy.etnomuzeum.pl\/wp-content\/uploads\/2021\/09\/galeria-fotografi-Historia13.jpg\"  title=\"Przemarsz na miejsce wyg\u0142aszania przywo\u0142\u00f3wek w Niedziel\u0119 Wielkanocn\u0105, Szymborze, lata 60. XX w.\"  class=\"pretty_photo\"><\/a>\r\n\t\t\t\t\t\t\t\t\t\t\t\t\t\t\t\t\t\t\t\t\t\t\t\t\r\n\t\t\t\t\t\t\t\t\t\t\t\r\n\t\t\t\t\t\t\t\t\t\t<\/div>\r\n\t\t\t\t\t\t\t\t\t\t\r\n\t\t\t\t\t\t\t\t\t<\/div><!--work-item-->\r\n\t\t\t\t\t\t\t\t\t\r\n\t\t\t\t\t\t\t\t\t<div class=\"work-meta\">\r\n\t\t\t\t\t\t\t\t\t\t<h4 class=\"title\">13<\/h4>\r\n\t\t\t\t\t\t\t\t\t\t\r\n\t\t\t\t\t\t\t\t\t\t<p>Przemarsz na miejsce wyg\u0142aszania przywo\u0142\u00f3wek w Niedziel\u0119 Wielkanocn\u0105, Szymborze, lata 60. XX w.i <br \/><br \/><br \/><\/p>\t\t\t\t\t\t\t\t\t\t\r\n\t\t\t\t\t\t\t\t\t<\/div>\r\n\t\t\t\t\t\t\t\t\t\r\n\t\t\t\t\t\t\t\t\t\r\n\t\t\t\t\t\t\t\t\t\t\t\t\t\t\t\t\r\n\t\t\t\t\t\t\t\t\r\n\t\t\t\t\t\t\t<\/div><!--\/inner-wrap-->\r\n\t\t\t\t\t\t<\/div><!--\/col-->\r\n\t\t\t\t\t\t\r\n\t\t\t\t\t\t\t\t\t\t\t\r\n\t\t\t\t\t\t\t\t\t\t\t\t\r\n\t\t\t\t\t\t<div class=\"col span_3 regular element przy_historia \"  data-project-cat=\"przy_historia \" data-default-color=\"true\" data-title-color=\"\" data-subtitle-color=\"\">\r\n\t\t\t\t\t\t\t\r\n\t\t\t\t\t\t\t<div class=\"inner-wrap animated\" data-animation=\"none\">\r\n\t\t\t\t\t\t\t\t\r\n\t\t\t\t\t\t\t\t\t\t\t\t\t\t\t\t\t\r\n\t\t\t\t\t\t\t\t\t<div class=\"work-item style-1\" data-custom-content=\"off\">\r\n\t\t\t\t\t\t\t\t\t\t\r\n\t\t\t\t\t\t\t\t\t\t<img loading=\"lazy\" decoding=\"async\" class=\"size-regular skip-lazy\" src=\"http:\/\/przy.etnomuzeum.pl\/wp-content\/uploads\/2021\/09\/galeria-fotografi-Historia14.jpg\" alt=\"\" height=\"500\" width=\"500\" srcset=\"http:\/\/przy.etnomuzeum.pl\/wp-content\/uploads\/2021\/09\/galeria-fotografi-Historia14.jpg 1920w, http:\/\/przy.etnomuzeum.pl\/wp-content\/uploads\/2021\/09\/galeria-fotografi-Historia14-300x169.jpg 300w, http:\/\/przy.etnomuzeum.pl\/wp-content\/uploads\/2021\/09\/galeria-fotografi-Historia14-1024x576.jpg 1024w, http:\/\/przy.etnomuzeum.pl\/wp-content\/uploads\/2021\/09\/galeria-fotografi-Historia14-768x432.jpg 768w, http:\/\/przy.etnomuzeum.pl\/wp-content\/uploads\/2021\/09\/galeria-fotografi-Historia14-1536x864.jpg 1536w\" sizes=\"auto, (min-width: 1000px) 25vw, (min-width: 690px) 50vw, 100vw\" \/>\t\t\t\t\t\t\t\t\t\t\r\n\t\t\t\t\t\t\t\t\t\t\r\n\t\t\t\t\t\t\t\t\t\t<div class=\"work-info\"> \r\n\t\t\t\t\t\t\t\t\t\t\t\r\n\t\t\t\t\t\t\t\t\t\t\t\r\n\t\t\t\t\t\t\t\t\t\t\t\t\t\t\t\t\t\t\t\t\t\t\t\t\t<a href=\"http:\/\/przy.etnomuzeum.pl\/wp-content\/uploads\/2021\/09\/galeria-fotografi-Historia14.jpg\"  title=\"Cz\u0142onkowie Klubu Kawalerskiego, 1965\"  class=\"pretty_photo\"><\/a>\r\n\t\t\t\t\t\t\t\t\t\t\t\t\t\t\t\t\t\t\t\t\t\t\t\t\r\n\t\t\t\t\t\t\t\t\t\t\t\r\n\t\t\t\t\t\t\t\t\t\t<\/div>\r\n\t\t\t\t\t\t\t\t\t\t\r\n\t\t\t\t\t\t\t\t\t<\/div><!--work-item-->\r\n\t\t\t\t\t\t\t\t\t\r\n\t\t\t\t\t\t\t\t\t<div class=\"work-meta\">\r\n\t\t\t\t\t\t\t\t\t\t<h4 class=\"title\">14<\/h4>\r\n\t\t\t\t\t\t\t\t\t\t\r\n\t\t\t\t\t\t\t\t\t\t<p>Cz\u0142onkowie Klubu Kawalerskiego, 1965 <br \/><br \/><br \/><\/p>\t\t\t\t\t\t\t\t\t\t\r\n\t\t\t\t\t\t\t\t\t<\/div>\r\n\t\t\t\t\t\t\t\t\t\r\n\t\t\t\t\t\t\t\t\t\r\n\t\t\t\t\t\t\t\t\t\t\t\t\t\t\t\t\r\n\t\t\t\t\t\t\t\t\r\n\t\t\t\t\t\t\t<\/div><!--\/inner-wrap-->\r\n\t\t\t\t\t\t<\/div><!--\/col-->\r\n\t\t\t\t\t\t\r\n\t\t\t\t\t\t\t\t\t\t\t\r\n\t\t\t\t\t\t\t\t\t\t\t\t\r\n\t\t\t\t\t\t<div class=\"col span_3 regular element przy_historia \"  data-project-cat=\"przy_historia \" data-default-color=\"true\" data-title-color=\"\" data-subtitle-color=\"\">\r\n\t\t\t\t\t\t\t\r\n\t\t\t\t\t\t\t<div class=\"inner-wrap animated\" data-animation=\"none\">\r\n\t\t\t\t\t\t\t\t\r\n\t\t\t\t\t\t\t\t\t\t\t\t\t\t\t\t\t\r\n\t\t\t\t\t\t\t\t\t<div class=\"work-item style-1\" data-custom-content=\"off\">\r\n\t\t\t\t\t\t\t\t\t\t\r\n\t\t\t\t\t\t\t\t\t\t<img loading=\"lazy\" decoding=\"async\" class=\"size-regular skip-lazy\" src=\"http:\/\/przy.etnomuzeum.pl\/wp-content\/uploads\/2021\/09\/galeria-fotografi-Historia15.jpg\" alt=\"\" height=\"500\" width=\"500\" srcset=\"http:\/\/przy.etnomuzeum.pl\/wp-content\/uploads\/2021\/09\/galeria-fotografi-Historia15.jpg 1920w, http:\/\/przy.etnomuzeum.pl\/wp-content\/uploads\/2021\/09\/galeria-fotografi-Historia15-300x169.jpg 300w, http:\/\/przy.etnomuzeum.pl\/wp-content\/uploads\/2021\/09\/galeria-fotografi-Historia15-1024x576.jpg 1024w, http:\/\/przy.etnomuzeum.pl\/wp-content\/uploads\/2021\/09\/galeria-fotografi-Historia15-768x432.jpg 768w, http:\/\/przy.etnomuzeum.pl\/wp-content\/uploads\/2021\/09\/galeria-fotografi-Historia15-1536x864.jpg 1536w\" sizes=\"auto, (min-width: 1000px) 25vw, (min-width: 690px) 50vw, 100vw\" \/>\t\t\t\t\t\t\t\t\t\t\r\n\t\t\t\t\t\t\t\t\t\t\r\n\t\t\t\t\t\t\t\t\t\t<div class=\"work-info\"> \r\n\t\t\t\t\t\t\t\t\t\t\t\r\n\t\t\t\t\t\t\t\t\t\t\t\r\n\t\t\t\t\t\t\t\t\t\t\t\t\t\t\t\t\t\t\t\t\t\t\t\t\t<a href=\"http:\/\/przy.etnomuzeum.pl\/wp-content\/uploads\/2021\/09\/galeria-fotografi-Historia15.jpg\"  title=\"Cz\u0142onkowie Klubu Kawalerskiego, 1965\"  class=\"pretty_photo\"><\/a>\r\n\t\t\t\t\t\t\t\t\t\t\t\t\t\t\t\t\t\t\t\t\t\t\t\t\r\n\t\t\t\t\t\t\t\t\t\t\t\r\n\t\t\t\t\t\t\t\t\t\t<\/div>\r\n\t\t\t\t\t\t\t\t\t\t\r\n\t\t\t\t\t\t\t\t\t<\/div><!--work-item-->\r\n\t\t\t\t\t\t\t\t\t\r\n\t\t\t\t\t\t\t\t\t<div class=\"work-meta\">\r\n\t\t\t\t\t\t\t\t\t\t<h4 class=\"title\">15<\/h4>\r\n\t\t\t\t\t\t\t\t\t\t\r\n\t\t\t\t\t\t\t\t\t\t<p>Cz\u0142onkowie Klubu Kawalerskiego, 1965 <br \/><br \/><br \/><\/p>\t\t\t\t\t\t\t\t\t\t\r\n\t\t\t\t\t\t\t\t\t<\/div>\r\n\t\t\t\t\t\t\t\t\t\r\n\t\t\t\t\t\t\t\t\t\r\n\t\t\t\t\t\t\t\t\t\t\t\t\t\t\t\t\r\n\t\t\t\t\t\t\t\t\r\n\t\t\t\t\t\t\t<\/div><!--\/inner-wrap-->\r\n\t\t\t\t\t\t<\/div><!--\/col-->\r\n\t\t\t\t\t\t\r\n\t\t\t\t\t\t\t\t\t\t\t\r\n\t\t\t\t\t\t\t\t\t\t\t\t\r\n\t\t\t\t\t\t<div class=\"col span_3 regular element przy_historia \"  data-project-cat=\"przy_historia \" data-default-color=\"true\" data-title-color=\"\" data-subtitle-color=\"\">\r\n\t\t\t\t\t\t\t\r\n\t\t\t\t\t\t\t<div class=\"inner-wrap animated\" data-animation=\"none\">\r\n\t\t\t\t\t\t\t\t\r\n\t\t\t\t\t\t\t\t\t\t\t\t\t\t\t\t\t\r\n\t\t\t\t\t\t\t\t\t<div class=\"work-item style-1\" data-custom-content=\"off\">\r\n\t\t\t\t\t\t\t\t\t\t\r\n\t\t\t\t\t\t\t\t\t\t<img loading=\"lazy\" decoding=\"async\" class=\"size-regular skip-lazy\" src=\"http:\/\/przy.etnomuzeum.pl\/wp-content\/uploads\/2021\/09\/galeria-fotografi-Historia16.jpg\" alt=\"\" height=\"500\" width=\"500\" srcset=\"http:\/\/przy.etnomuzeum.pl\/wp-content\/uploads\/2021\/09\/galeria-fotografi-Historia16.jpg 1920w, http:\/\/przy.etnomuzeum.pl\/wp-content\/uploads\/2021\/09\/galeria-fotografi-Historia16-300x169.jpg 300w, http:\/\/przy.etnomuzeum.pl\/wp-content\/uploads\/2021\/09\/galeria-fotografi-Historia16-1024x576.jpg 1024w, http:\/\/przy.etnomuzeum.pl\/wp-content\/uploads\/2021\/09\/galeria-fotografi-Historia16-768x432.jpg 768w, http:\/\/przy.etnomuzeum.pl\/wp-content\/uploads\/2021\/09\/galeria-fotografi-Historia16-1536x864.jpg 1536w\" sizes=\"auto, (min-width: 1000px) 25vw, (min-width: 690px) 50vw, 100vw\" \/>\t\t\t\t\t\t\t\t\t\t\r\n\t\t\t\t\t\t\t\t\t\t\r\n\t\t\t\t\t\t\t\t\t\t<div class=\"work-info\"> \r\n\t\t\t\t\t\t\t\t\t\t\t\r\n\t\t\t\t\t\t\t\t\t\t\t\r\n\t\t\t\t\t\t\t\t\t\t\t\t\t\t\t\t\t\t\t\t\t\t\t\t\t<a href=\"http:\/\/przy.etnomuzeum.pl\/wp-content\/uploads\/2021\/09\/galeria-fotografi-Historia16.jpg\"  title=\"Zapisy w Ksi\u0119dze Protoko\u0142\u00f3w z 1966 roku\n\n\"  class=\"pretty_photo\"><\/a>\r\n\t\t\t\t\t\t\t\t\t\t\t\t\t\t\t\t\t\t\t\t\t\t\t\t\r\n\t\t\t\t\t\t\t\t\t\t\t\r\n\t\t\t\t\t\t\t\t\t\t<\/div>\r\n\t\t\t\t\t\t\t\t\t\t\r\n\t\t\t\t\t\t\t\t\t<\/div><!--work-item-->\r\n\t\t\t\t\t\t\t\t\t\r\n\t\t\t\t\t\t\t\t\t<div class=\"work-meta\">\r\n\t\t\t\t\t\t\t\t\t\t<h4 class=\"title\">16<\/h4>\r\n\t\t\t\t\t\t\t\t\t\t\r\n\t\t\t\t\t\t\t\t\t\t<p>Zapisy w Ksi\u0119dze Protoko\u0142\u00f3w z 1966 roku <br \/><br \/><br \/><\/p>\t\t\t\t\t\t\t\t\t\t\r\n\t\t\t\t\t\t\t\t\t<\/div>\r\n\t\t\t\t\t\t\t\t\t\r\n\t\t\t\t\t\t\t\t\t\r\n\t\t\t\t\t\t\t\t\t\t\t\t\t\t\t\t\r\n\t\t\t\t\t\t\t\t\r\n\t\t\t\t\t\t\t<\/div><!--\/inner-wrap-->\r\n\t\t\t\t\t\t<\/div><!--\/col-->\r\n\t\t\t\t\t\t\r\n\t\t\t\t\t\t\t\t\t\t\t\r\n\t\t\t\t\t\t\t\t\t\t\t\t\r\n\t\t\t\t\t\t<div class=\"col span_3 regular element przy_historia \"  data-project-cat=\"przy_historia \" data-default-color=\"true\" data-title-color=\"\" data-subtitle-color=\"\">\r\n\t\t\t\t\t\t\t\r\n\t\t\t\t\t\t\t<div class=\"inner-wrap animated\" data-animation=\"none\">\r\n\t\t\t\t\t\t\t\t\r\n\t\t\t\t\t\t\t\t\t\t\t\t\t\t\t\t\t\r\n\t\t\t\t\t\t\t\t\t<div class=\"work-item style-1\" data-custom-content=\"off\">\r\n\t\t\t\t\t\t\t\t\t\t\r\n\t\t\t\t\t\t\t\t\t\t<img loading=\"lazy\" decoding=\"async\" class=\"size-regular skip-lazy\" src=\"http:\/\/przy.etnomuzeum.pl\/wp-content\/uploads\/2021\/09\/galeria-fotografi-Historia17.jpg\" alt=\"\" height=\"500\" width=\"500\" srcset=\"http:\/\/przy.etnomuzeum.pl\/wp-content\/uploads\/2021\/09\/galeria-fotografi-Historia17.jpg 1920w, http:\/\/przy.etnomuzeum.pl\/wp-content\/uploads\/2021\/09\/galeria-fotografi-Historia17-300x169.jpg 300w, http:\/\/przy.etnomuzeum.pl\/wp-content\/uploads\/2021\/09\/galeria-fotografi-Historia17-1024x576.jpg 1024w, http:\/\/przy.etnomuzeum.pl\/wp-content\/uploads\/2021\/09\/galeria-fotografi-Historia17-768x432.jpg 768w, http:\/\/przy.etnomuzeum.pl\/wp-content\/uploads\/2021\/09\/galeria-fotografi-Historia17-1536x864.jpg 1536w\" sizes=\"auto, (min-width: 1000px) 25vw, (min-width: 690px) 50vw, 100vw\" \/>\t\t\t\t\t\t\t\t\t\t\r\n\t\t\t\t\t\t\t\t\t\t\r\n\t\t\t\t\t\t\t\t\t\t<div class=\"work-info\"> \r\n\t\t\t\t\t\t\t\t\t\t\t\r\n\t\t\t\t\t\t\t\t\t\t\t\r\n\t\t\t\t\t\t\t\t\t\t\t\t\t\t\t\t\t\t\t\t\t\t\t\t\t<a href=\"http:\/\/przy.etnomuzeum.pl\/wp-content\/uploads\/2021\/09\/galeria-fotografi-Historia17.jpg\"  title=\"Przemarsz na miejsce wyg\u0142aszania przywo\u0142\u00f3wek w Niedziel\u0119 Wielkanocn\u0105, Szymborze, 1967\"  class=\"pretty_photo\"><\/a>\r\n\t\t\t\t\t\t\t\t\t\t\t\t\t\t\t\t\t\t\t\t\t\t\t\t\r\n\t\t\t\t\t\t\t\t\t\t\t\r\n\t\t\t\t\t\t\t\t\t\t<\/div>\r\n\t\t\t\t\t\t\t\t\t\t\r\n\t\t\t\t\t\t\t\t\t<\/div><!--work-item-->\r\n\t\t\t\t\t\t\t\t\t\r\n\t\t\t\t\t\t\t\t\t<div class=\"work-meta\">\r\n\t\t\t\t\t\t\t\t\t\t<h4 class=\"title\">17<\/h4>\r\n\t\t\t\t\t\t\t\t\t\t\r\n\t\t\t\t\t\t\t\t\t\t<p>Przemarsz na miejsce wyg\u0142aszania przywo\u0142\u00f3wek w Niedziel\u0119 Wielkanocn\u0105, Szymborze, 1967<br \/><br \/><br \/><\/p>\t\t\t\t\t\t\t\t\t\t\r\n\t\t\t\t\t\t\t\t\t<\/div>\r\n\t\t\t\t\t\t\t\t\t\r\n\t\t\t\t\t\t\t\t\t\r\n\t\t\t\t\t\t\t\t\t\t\t\t\t\t\t\t\r\n\t\t\t\t\t\t\t\t\r\n\t\t\t\t\t\t\t<\/div><!--\/inner-wrap-->\r\n\t\t\t\t\t\t<\/div><!--\/col-->\r\n\t\t\t\t\t\t\r\n\t\t\t\t\t\t\t\t\t\t\t\r\n\t\t\t\t\t\t\t\t\t\t\t\t\r\n\t\t\t\t\t\t<div class=\"col span_3 regular element przy_historia \"  data-project-cat=\"przy_historia \" data-default-color=\"true\" data-title-color=\"\" data-subtitle-color=\"\">\r\n\t\t\t\t\t\t\t\r\n\t\t\t\t\t\t\t<div class=\"inner-wrap animated\" data-animation=\"none\">\r\n\t\t\t\t\t\t\t\t\r\n\t\t\t\t\t\t\t\t\t\t\t\t\t\t\t\t\t\r\n\t\t\t\t\t\t\t\t\t<div class=\"work-item style-1\" data-custom-content=\"off\">\r\n\t\t\t\t\t\t\t\t\t\t\r\n\t\t\t\t\t\t\t\t\t\t<img loading=\"lazy\" decoding=\"async\" class=\"size-regular skip-lazy\" src=\"http:\/\/przy.etnomuzeum.pl\/wp-content\/uploads\/2021\/09\/galeria-fotografi-Historia18.jpg\" alt=\"\" height=\"500\" width=\"500\" srcset=\"http:\/\/przy.etnomuzeum.pl\/wp-content\/uploads\/2021\/09\/galeria-fotografi-Historia18.jpg 1920w, http:\/\/przy.etnomuzeum.pl\/wp-content\/uploads\/2021\/09\/galeria-fotografi-Historia18-300x169.jpg 300w, http:\/\/przy.etnomuzeum.pl\/wp-content\/uploads\/2021\/09\/galeria-fotografi-Historia18-1024x576.jpg 1024w, http:\/\/przy.etnomuzeum.pl\/wp-content\/uploads\/2021\/09\/galeria-fotografi-Historia18-768x432.jpg 768w, http:\/\/przy.etnomuzeum.pl\/wp-content\/uploads\/2021\/09\/galeria-fotografi-Historia18-1536x864.jpg 1536w\" sizes=\"auto, (min-width: 1000px) 25vw, (min-width: 690px) 50vw, 100vw\" \/>\t\t\t\t\t\t\t\t\t\t\r\n\t\t\t\t\t\t\t\t\t\t\r\n\t\t\t\t\t\t\t\t\t\t<div class=\"work-info\"> \r\n\t\t\t\t\t\t\t\t\t\t\t\r\n\t\t\t\t\t\t\t\t\t\t\t\r\n\t\t\t\t\t\t\t\t\t\t\t\t\t\t\t\t\t\t\t\t\t\t\t\t\t<a href=\"http:\/\/przy.etnomuzeum.pl\/wp-content\/uploads\/2021\/09\/galeria-fotografi-Historia18.jpg\"  title=\"Przemarsz na miejsce wyg\u0142aszania przywo\u0142\u00f3wek w Niedziel\u0119 Wielkanocn\u0105, Szymborze, lata 60. XX w.\"  class=\"pretty_photo\"><\/a>\r\n\t\t\t\t\t\t\t\t\t\t\t\t\t\t\t\t\t\t\t\t\t\t\t\t\r\n\t\t\t\t\t\t\t\t\t\t\t\r\n\t\t\t\t\t\t\t\t\t\t<\/div>\r\n\t\t\t\t\t\t\t\t\t\t\r\n\t\t\t\t\t\t\t\t\t<\/div><!--work-item-->\r\n\t\t\t\t\t\t\t\t\t\r\n\t\t\t\t\t\t\t\t\t<div class=\"work-meta\">\r\n\t\t\t\t\t\t\t\t\t\t<h4 class=\"title\">18<\/h4>\r\n\t\t\t\t\t\t\t\t\t\t\r\n\t\t\t\t\t\t\t\t\t\t<p>Przemarsz na miejsce wyg\u0142aszania przywo\u0142\u00f3wek w Niedziel\u0119 Wielkanocn\u0105, Szymborze, lata 60. XX w. <br \/><br \/><br \/><\/p>\t\t\t\t\t\t\t\t\t\t\r\n\t\t\t\t\t\t\t\t\t<\/div>\r\n\t\t\t\t\t\t\t\t\t\r\n\t\t\t\t\t\t\t\t\t\r\n\t\t\t\t\t\t\t\t\t\t\t\t\t\t\t\t\r\n\t\t\t\t\t\t\t\t\r\n\t\t\t\t\t\t\t<\/div><!--\/inner-wrap-->\r\n\t\t\t\t\t\t<\/div><!--\/col-->\r\n\t\t\t\t\t\t\r\n\t\t\t\t\t\t\t\t\t\t\t\r\n\t\t\t\t\t\t\t\t\t\t\t\t\r\n\t\t\t\t\t\t<div class=\"col span_3 regular element przy_historia \"  data-project-cat=\"przy_historia \" data-default-color=\"true\" data-title-color=\"\" data-subtitle-color=\"\">\r\n\t\t\t\t\t\t\t\r\n\t\t\t\t\t\t\t<div class=\"inner-wrap animated\" data-animation=\"none\">\r\n\t\t\t\t\t\t\t\t\r\n\t\t\t\t\t\t\t\t\t\t\t\t\t\t\t\t\t\r\n\t\t\t\t\t\t\t\t\t<div class=\"work-item style-1\" data-custom-content=\"off\">\r\n\t\t\t\t\t\t\t\t\t\t\r\n\t\t\t\t\t\t\t\t\t\t<img loading=\"lazy\" decoding=\"async\" class=\"size-regular skip-lazy\" src=\"http:\/\/przy.etnomuzeum.pl\/wp-content\/uploads\/2021\/09\/galeria-fotografi-Historia19.jpg\" alt=\"\" height=\"500\" width=\"500\" srcset=\"http:\/\/przy.etnomuzeum.pl\/wp-content\/uploads\/2021\/09\/galeria-fotografi-Historia19.jpg 1920w, http:\/\/przy.etnomuzeum.pl\/wp-content\/uploads\/2021\/09\/galeria-fotografi-Historia19-300x169.jpg 300w, http:\/\/przy.etnomuzeum.pl\/wp-content\/uploads\/2021\/09\/galeria-fotografi-Historia19-1024x576.jpg 1024w, http:\/\/przy.etnomuzeum.pl\/wp-content\/uploads\/2021\/09\/galeria-fotografi-Historia19-768x432.jpg 768w, http:\/\/przy.etnomuzeum.pl\/wp-content\/uploads\/2021\/09\/galeria-fotografi-Historia19-1536x864.jpg 1536w\" sizes=\"auto, (min-width: 1000px) 25vw, (min-width: 690px) 50vw, 100vw\" \/>\t\t\t\t\t\t\t\t\t\t\r\n\t\t\t\t\t\t\t\t\t\t\r\n\t\t\t\t\t\t\t\t\t\t<div class=\"work-info\"> \r\n\t\t\t\t\t\t\t\t\t\t\t\r\n\t\t\t\t\t\t\t\t\t\t\t\r\n\t\t\t\t\t\t\t\t\t\t\t\t\t\t\t\t\t\t\t\t\t\t\t\t\t<a href=\"http:\/\/przy.etnomuzeum.pl\/wp-content\/uploads\/2021\/09\/galeria-fotografi-Historia19.jpg\"  title=\"Cz\u0142onkowie Klubu Kawalerskiego w 1968 roku\n\"  class=\"pretty_photo\"><\/a>\r\n\t\t\t\t\t\t\t\t\t\t\t\t\t\t\t\t\t\t\t\t\t\t\t\t\r\n\t\t\t\t\t\t\t\t\t\t\t\r\n\t\t\t\t\t\t\t\t\t\t<\/div>\r\n\t\t\t\t\t\t\t\t\t\t\r\n\t\t\t\t\t\t\t\t\t<\/div><!--work-item-->\r\n\t\t\t\t\t\t\t\t\t\r\n\t\t\t\t\t\t\t\t\t<div class=\"work-meta\">\r\n\t\t\t\t\t\t\t\t\t\t<h4 class=\"title\">19<\/h4>\r\n\t\t\t\t\t\t\t\t\t\t\r\n\t\t\t\t\t\t\t\t\t\t<p>Cz\u0142onkowie Klubu Kawalerskiego w 1968 roku <br \/><br \/><br \/><\/p>\t\t\t\t\t\t\t\t\t\t\r\n\t\t\t\t\t\t\t\t\t<\/div>\r\n\t\t\t\t\t\t\t\t\t\r\n\t\t\t\t\t\t\t\t\t\r\n\t\t\t\t\t\t\t\t\t\t\t\t\t\t\t\t\r\n\t\t\t\t\t\t\t\t\r\n\t\t\t\t\t\t\t<\/div><!--\/inner-wrap-->\r\n\t\t\t\t\t\t<\/div><!--\/col-->\r\n\t\t\t\t\t\t\r\n\t\t\t\t\t\t\t\t\t\t\t\r\n\t\t\t\t\t\t\t\t\t\t\t\t\r\n\t\t\t\t\t\t<div class=\"col span_3 regular element przy_historia \"  data-project-cat=\"przy_historia \" data-default-color=\"true\" data-title-color=\"\" data-subtitle-color=\"\">\r\n\t\t\t\t\t\t\t\r\n\t\t\t\t\t\t\t<div class=\"inner-wrap animated\" data-animation=\"none\">\r\n\t\t\t\t\t\t\t\t\r\n\t\t\t\t\t\t\t\t\t\t\t\t\t\t\t\t\t\r\n\t\t\t\t\t\t\t\t\t<div class=\"work-item style-1\" data-custom-content=\"off\">\r\n\t\t\t\t\t\t\t\t\t\t\r\n\t\t\t\t\t\t\t\t\t\t<img loading=\"lazy\" decoding=\"async\" class=\"size-regular skip-lazy\" src=\"http:\/\/przy.etnomuzeum.pl\/wp-content\/uploads\/2021\/09\/galeria-fotografi-Historia20.jpg\" alt=\"\" height=\"500\" width=\"500\" srcset=\"http:\/\/przy.etnomuzeum.pl\/wp-content\/uploads\/2021\/09\/galeria-fotografi-Historia20.jpg 1920w, http:\/\/przy.etnomuzeum.pl\/wp-content\/uploads\/2021\/09\/galeria-fotografi-Historia20-300x169.jpg 300w, http:\/\/przy.etnomuzeum.pl\/wp-content\/uploads\/2021\/09\/galeria-fotografi-Historia20-1024x576.jpg 1024w, http:\/\/przy.etnomuzeum.pl\/wp-content\/uploads\/2021\/09\/galeria-fotografi-Historia20-768x432.jpg 768w, http:\/\/przy.etnomuzeum.pl\/wp-content\/uploads\/2021\/09\/galeria-fotografi-Historia20-1536x864.jpg 1536w\" sizes=\"auto, (min-width: 1000px) 25vw, (min-width: 690px) 50vw, 100vw\" \/>\t\t\t\t\t\t\t\t\t\t\r\n\t\t\t\t\t\t\t\t\t\t\r\n\t\t\t\t\t\t\t\t\t\t<div class=\"work-info\"> \r\n\t\t\t\t\t\t\t\t\t\t\t\r\n\t\t\t\t\t\t\t\t\t\t\t\r\n\t\t\t\t\t\t\t\t\t\t\t\t\t\t\t\t\t\t\t\t\t\t\t\t\t<a href=\"http:\/\/przy.etnomuzeum.pl\/wp-content\/uploads\/2021\/09\/galeria-fotografi-Historia20.jpg\"  title=\"Zapisy w Ksi\u0119dze Protoko\u0142\u00f3w z 1971 roku\n\n\"  class=\"pretty_photo\"><\/a>\r\n\t\t\t\t\t\t\t\t\t\t\t\t\t\t\t\t\t\t\t\t\t\t\t\t\r\n\t\t\t\t\t\t\t\t\t\t\t\r\n\t\t\t\t\t\t\t\t\t\t<\/div>\r\n\t\t\t\t\t\t\t\t\t\t\r\n\t\t\t\t\t\t\t\t\t<\/div><!--work-item-->\r\n\t\t\t\t\t\t\t\t\t\r\n\t\t\t\t\t\t\t\t\t<div class=\"work-meta\">\r\n\t\t\t\t\t\t\t\t\t\t<h4 class=\"title\">20<\/h4>\r\n\t\t\t\t\t\t\t\t\t\t\r\n\t\t\t\t\t\t\t\t\t\t<p>Zapisy w Ksi\u0119dze Protoko\u0142\u00f3w z 1971 roku <br \/><br \/><br \/><\/p>\t\t\t\t\t\t\t\t\t\t\r\n\t\t\t\t\t\t\t\t\t<\/div>\r\n\t\t\t\t\t\t\t\t\t\r\n\t\t\t\t\t\t\t\t\t\r\n\t\t\t\t\t\t\t\t\t\t\t\t\t\t\t\t\r\n\t\t\t\t\t\t\t\t\r\n\t\t\t\t\t\t\t<\/div><!--\/inner-wrap-->\r\n\t\t\t\t\t\t<\/div><!--\/col-->\r\n\t\t\t\t\t\t\r\n\t\t\t\t\t\t\t\t\t\t\t\r\n\t\t\t\t\t\t\t\t\t\t\t\t\r\n\t\t\t\t\t\t<div class=\"col span_3 regular element przy_historia \"  data-project-cat=\"przy_historia \" data-default-color=\"true\" data-title-color=\"\" data-subtitle-color=\"\">\r\n\t\t\t\t\t\t\t\r\n\t\t\t\t\t\t\t<div class=\"inner-wrap animated\" data-animation=\"none\">\r\n\t\t\t\t\t\t\t\t\r\n\t\t\t\t\t\t\t\t\t\t\t\t\t\t\t\t\t\r\n\t\t\t\t\t\t\t\t\t<div class=\"work-item style-1\" data-custom-content=\"off\">\r\n\t\t\t\t\t\t\t\t\t\t\r\n\t\t\t\t\t\t\t\t\t\t<img loading=\"lazy\" decoding=\"async\" class=\"size-regular skip-lazy\" src=\"http:\/\/przy.etnomuzeum.pl\/wp-content\/uploads\/2021\/09\/galeria-fotografi-Historia21.jpg\" alt=\"\" height=\"500\" width=\"500\" srcset=\"http:\/\/przy.etnomuzeum.pl\/wp-content\/uploads\/2021\/09\/galeria-fotografi-Historia21.jpg 1920w, http:\/\/przy.etnomuzeum.pl\/wp-content\/uploads\/2021\/09\/galeria-fotografi-Historia21-300x169.jpg 300w, http:\/\/przy.etnomuzeum.pl\/wp-content\/uploads\/2021\/09\/galeria-fotografi-Historia21-1024x576.jpg 1024w, http:\/\/przy.etnomuzeum.pl\/wp-content\/uploads\/2021\/09\/galeria-fotografi-Historia21-768x432.jpg 768w, http:\/\/przy.etnomuzeum.pl\/wp-content\/uploads\/2021\/09\/galeria-fotografi-Historia21-1536x864.jpg 1536w\" sizes=\"auto, (min-width: 1000px) 25vw, (min-width: 690px) 50vw, 100vw\" \/>\t\t\t\t\t\t\t\t\t\t\r\n\t\t\t\t\t\t\t\t\t\t\r\n\t\t\t\t\t\t\t\t\t\t<div class=\"work-info\"> \r\n\t\t\t\t\t\t\t\t\t\t\t\r\n\t\t\t\t\t\t\t\t\t\t\t\r\n\t\t\t\t\t\t\t\t\t\t\t\t\t\t\t\t\t\t\t\t\t\t\t\t\t<a href=\"http:\/\/przy.etnomuzeum.pl\/wp-content\/uploads\/2021\/09\/galeria-fotografi-Historia21.jpg\"  title=\"Cz\u0142onkowie Klubu Kawalerskiego, lata 70. XX w.\"  class=\"pretty_photo\"><\/a>\r\n\t\t\t\t\t\t\t\t\t\t\t\t\t\t\t\t\t\t\t\t\t\t\t\t\r\n\t\t\t\t\t\t\t\t\t\t\t\r\n\t\t\t\t\t\t\t\t\t\t<\/div>\r\n\t\t\t\t\t\t\t\t\t\t\r\n\t\t\t\t\t\t\t\t\t<\/div><!--work-item-->\r\n\t\t\t\t\t\t\t\t\t\r\n\t\t\t\t\t\t\t\t\t<div class=\"work-meta\">\r\n\t\t\t\t\t\t\t\t\t\t<h4 class=\"title\">21<\/h4>\r\n\t\t\t\t\t\t\t\t\t\t\r\n\t\t\t\t\t\t\t\t\t\t<p>Cz\u0142onkowie Klubu Kawalerskiego, lata 70. XX w. <br \/><br \/><br \/><\/p>\t\t\t\t\t\t\t\t\t\t\r\n\t\t\t\t\t\t\t\t\t<\/div>\r\n\t\t\t\t\t\t\t\t\t\r\n\t\t\t\t\t\t\t\t\t\r\n\t\t\t\t\t\t\t\t\t\t\t\t\t\t\t\t\r\n\t\t\t\t\t\t\t\t\r\n\t\t\t\t\t\t\t<\/div><!--\/inner-wrap-->\r\n\t\t\t\t\t\t<\/div><!--\/col-->\r\n\t\t\t\t\t\t\r\n\t\t\t\t\t\t\t\t\t\t\t\r\n\t\t\t\t\t\t\t\t\t\t\t\t\r\n\t\t\t\t\t\t<div class=\"col span_3 regular element przy_historia \"  data-project-cat=\"przy_historia \" data-default-color=\"true\" data-title-color=\"\" data-subtitle-color=\"\">\r\n\t\t\t\t\t\t\t\r\n\t\t\t\t\t\t\t<div class=\"inner-wrap animated\" data-animation=\"none\">\r\n\t\t\t\t\t\t\t\t\r\n\t\t\t\t\t\t\t\t\t\t\t\t\t\t\t\t\t\r\n\t\t\t\t\t\t\t\t\t<div class=\"work-item style-1\" data-custom-content=\"off\">\r\n\t\t\t\t\t\t\t\t\t\t\r\n\t\t\t\t\t\t\t\t\t\t<img loading=\"lazy\" decoding=\"async\" class=\"size-regular skip-lazy\" src=\"http:\/\/przy.etnomuzeum.pl\/wp-content\/uploads\/2021\/09\/galeria-fotografi-Historia22.jpg\" alt=\"\" height=\"500\" width=\"500\" srcset=\"http:\/\/przy.etnomuzeum.pl\/wp-content\/uploads\/2021\/09\/galeria-fotografi-Historia22.jpg 1920w, http:\/\/przy.etnomuzeum.pl\/wp-content\/uploads\/2021\/09\/galeria-fotografi-Historia22-300x169.jpg 300w, http:\/\/przy.etnomuzeum.pl\/wp-content\/uploads\/2021\/09\/galeria-fotografi-Historia22-1024x576.jpg 1024w, http:\/\/przy.etnomuzeum.pl\/wp-content\/uploads\/2021\/09\/galeria-fotografi-Historia22-768x432.jpg 768w, http:\/\/przy.etnomuzeum.pl\/wp-content\/uploads\/2021\/09\/galeria-fotografi-Historia22-1536x864.jpg 1536w\" sizes=\"auto, (min-width: 1000px) 25vw, (min-width: 690px) 50vw, 100vw\" \/>\t\t\t\t\t\t\t\t\t\t\r\n\t\t\t\t\t\t\t\t\t\t\r\n\t\t\t\t\t\t\t\t\t\t<div class=\"work-info\"> \r\n\t\t\t\t\t\t\t\t\t\t\t\r\n\t\t\t\t\t\t\t\t\t\t\t\r\n\t\t\t\t\t\t\t\t\t\t\t\t\t\t\t\t\t\t\t\t\t\t\t\t\t<a href=\"http:\/\/przy.etnomuzeum.pl\/wp-content\/uploads\/2021\/09\/galeria-fotografi-Historia22.jpg\"  class=\"pretty_photo\"><\/a>\r\n\t\t\t\t\t\t\t\t\t\t\t\t\t\t\t\t\t\t\t\t\t\t\t\t\r\n\t\t\t\t\t\t\t\t\t\t\t\r\n\t\t\t\t\t\t\t\t\t\t<\/div>\r\n\t\t\t\t\t\t\t\t\t\t\r\n\t\t\t\t\t\t\t\t\t<\/div><!--work-item-->\r\n\t\t\t\t\t\t\t\t\t\r\n\t\t\t\t\t\t\t\t\t<div class=\"work-meta\">\r\n\t\t\t\t\t\t\t\t\t\t<h4 class=\"title\">22<\/h4>\r\n\t\t\t\t\t\t\t\t\t\t\r\n\t\t\t\t\t\t\t\t\t\t<p>Trybuna, z kt\u00f3rej wyg\u0142aszano przywo\u0142\u00f3wki, 1973 <br \/><br \/><br \/><\/p>\t\t\t\t\t\t\t\t\t\t\r\n\t\t\t\t\t\t\t\t\t<\/div>\r\n\t\t\t\t\t\t\t\t\t\r\n\t\t\t\t\t\t\t\t\t\r\n\t\t\t\t\t\t\t\t\t\t\t\t\t\t\t\t\r\n\t\t\t\t\t\t\t\t\r\n\t\t\t\t\t\t\t<\/div><!--\/inner-wrap-->\r\n\t\t\t\t\t\t<\/div><!--\/col-->\r\n\t\t\t\t\t\t\r\n\t\t\t\t\t\t\t\t\t\t\t\r\n\t\t\t\t\t\t\t\t\t\t\t\t\r\n\t\t\t\t\t\t<div class=\"col span_3 regular element przy_historia \"  data-project-cat=\"przy_historia \" data-default-color=\"true\" data-title-color=\"\" data-subtitle-color=\"\">\r\n\t\t\t\t\t\t\t\r\n\t\t\t\t\t\t\t<div class=\"inner-wrap animated\" data-animation=\"none\">\r\n\t\t\t\t\t\t\t\t\r\n\t\t\t\t\t\t\t\t\t\t\t\t\t\t\t\t\t\r\n\t\t\t\t\t\t\t\t\t<div class=\"work-item style-1\" data-custom-content=\"off\">\r\n\t\t\t\t\t\t\t\t\t\t\r\n\t\t\t\t\t\t\t\t\t\t<img loading=\"lazy\" decoding=\"async\" class=\"size-regular skip-lazy\" src=\"http:\/\/przy.etnomuzeum.pl\/wp-content\/uploads\/2021\/09\/galeria-fotografi-Historia23.jpg\" alt=\"\" height=\"500\" width=\"500\" srcset=\"http:\/\/przy.etnomuzeum.pl\/wp-content\/uploads\/2021\/09\/galeria-fotografi-Historia23.jpg 1920w, http:\/\/przy.etnomuzeum.pl\/wp-content\/uploads\/2021\/09\/galeria-fotografi-Historia23-300x169.jpg 300w, http:\/\/przy.etnomuzeum.pl\/wp-content\/uploads\/2021\/09\/galeria-fotografi-Historia23-1024x576.jpg 1024w, http:\/\/przy.etnomuzeum.pl\/wp-content\/uploads\/2021\/09\/galeria-fotografi-Historia23-768x432.jpg 768w, http:\/\/przy.etnomuzeum.pl\/wp-content\/uploads\/2021\/09\/galeria-fotografi-Historia23-1536x864.jpg 1536w\" sizes=\"auto, (min-width: 1000px) 25vw, (min-width: 690px) 50vw, 100vw\" \/>\t\t\t\t\t\t\t\t\t\t\r\n\t\t\t\t\t\t\t\t\t\t\r\n\t\t\t\t\t\t\t\t\t\t<div class=\"work-info\"> \r\n\t\t\t\t\t\t\t\t\t\t\t\r\n\t\t\t\t\t\t\t\t\t\t\t\r\n\t\t\t\t\t\t\t\t\t\t\t\t\t\t\t\t\t\t\t\t\t\t\t\t\t<a href=\"http:\/\/przy.etnomuzeum.pl\/wp-content\/uploads\/2021\/09\/galeria-fotografi-Historia23.jpg\"  title=\"30.\tWierzba, z kt\u00f3rej przed II wojn\u0105 \u015bwiatow\u0105 wywo\u0142ywano panny, Kruszwica, lata 60. XX w.\"  class=\"pretty_photo\"><\/a>\r\n\t\t\t\t\t\t\t\t\t\t\t\t\t\t\t\t\t\t\t\t\t\t\t\t\r\n\t\t\t\t\t\t\t\t\t\t\t\r\n\t\t\t\t\t\t\t\t\t\t<\/div>\r\n\t\t\t\t\t\t\t\t\t\t\r\n\t\t\t\t\t\t\t\t\t<\/div><!--work-item-->\r\n\t\t\t\t\t\t\t\t\t\r\n\t\t\t\t\t\t\t\t\t<div class=\"work-meta\">\r\n\t\t\t\t\t\t\t\t\t\t<h4 class=\"title\">23<\/h4>\r\n\t\t\t\t\t\t\t\t\t\t\r\n\t\t\t\t\t\t\t\t\t\t<p>Wierzba, z kt\u00f3rej przed II wojn\u0105 \u015bwiatow\u0105 wywo\u0142ywano panny, Kruszwica, <br \/> lata 60. XX w. <br \/><br \/><br \/><\/p>\t\t\t\t\t\t\t\t\t\t\r\n\t\t\t\t\t\t\t\t\t<\/div>\r\n\t\t\t\t\t\t\t\t\t\r\n\t\t\t\t\t\t\t\t\t\r\n\t\t\t\t\t\t\t\t\t\t\t\t\t\t\t\t\r\n\t\t\t\t\t\t\t\t\r\n\t\t\t\t\t\t\t<\/div><!--\/inner-wrap-->\r\n\t\t\t\t\t\t<\/div><!--\/col-->\r\n\t\t\t\t\t\t\r\n\t\t\t\t\t\t\t\t\t\t\t\r\n\t\t\t\t\t\t\t\t\t\t\t\t\r\n\t\t\t\t\t\t<div class=\"col span_3 regular element przy_historia \"  data-project-cat=\"przy_historia \" data-default-color=\"true\" data-title-color=\"\" data-subtitle-color=\"\">\r\n\t\t\t\t\t\t\t\r\n\t\t\t\t\t\t\t<div class=\"inner-wrap animated\" data-animation=\"none\">\r\n\t\t\t\t\t\t\t\t\r\n\t\t\t\t\t\t\t\t\t\t\t\t\t\t\t\t\t\r\n\t\t\t\t\t\t\t\t\t<div class=\"work-item style-1\" data-custom-content=\"off\">\r\n\t\t\t\t\t\t\t\t\t\t\r\n\t\t\t\t\t\t\t\t\t\t<img loading=\"lazy\" decoding=\"async\" class=\"size-regular skip-lazy\" src=\"http:\/\/przy.etnomuzeum.pl\/wp-content\/uploads\/2021\/09\/galeria-fotografi-Historia24.jpg\" alt=\"\" height=\"500\" width=\"500\" srcset=\"http:\/\/przy.etnomuzeum.pl\/wp-content\/uploads\/2021\/09\/galeria-fotografi-Historia24.jpg 1920w, http:\/\/przy.etnomuzeum.pl\/wp-content\/uploads\/2021\/09\/galeria-fotografi-Historia24-300x169.jpg 300w, http:\/\/przy.etnomuzeum.pl\/wp-content\/uploads\/2021\/09\/galeria-fotografi-Historia24-1024x576.jpg 1024w, http:\/\/przy.etnomuzeum.pl\/wp-content\/uploads\/2021\/09\/galeria-fotografi-Historia24-768x432.jpg 768w, http:\/\/przy.etnomuzeum.pl\/wp-content\/uploads\/2021\/09\/galeria-fotografi-Historia24-1536x864.jpg 1536w\" sizes=\"auto, (min-width: 1000px) 25vw, (min-width: 690px) 50vw, 100vw\" \/>\t\t\t\t\t\t\t\t\t\t\r\n\t\t\t\t\t\t\t\t\t\t\r\n\t\t\t\t\t\t\t\t\t\t<div class=\"work-info\"> \r\n\t\t\t\t\t\t\t\t\t\t\t\r\n\t\t\t\t\t\t\t\t\t\t\t\r\n\t\t\t\t\t\t\t\t\t\t\t\t\t\t\t\t\t\t\t\t\t\t\t\t\t<a href=\"http:\/\/przy.etnomuzeum.pl\/wp-content\/uploads\/2021\/09\/galeria-fotografi-Historia24.jpg\"  title=\"Strona z Ksi\u0119gi Protoko\u0142\u00f3w z piecz\u0105tk\u0105 cenzora, 1974\n\n\"  class=\"pretty_photo\"><\/a>\r\n\t\t\t\t\t\t\t\t\t\t\t\t\t\t\t\t\t\t\t\t\t\t\t\t\r\n\t\t\t\t\t\t\t\t\t\t\t\r\n\t\t\t\t\t\t\t\t\t\t<\/div>\r\n\t\t\t\t\t\t\t\t\t\t\r\n\t\t\t\t\t\t\t\t\t<\/div><!--work-item-->\r\n\t\t\t\t\t\t\t\t\t\r\n\t\t\t\t\t\t\t\t\t<div class=\"work-meta\">\r\n\t\t\t\t\t\t\t\t\t\t<h4 class=\"title\">24<\/h4>\r\n\t\t\t\t\t\t\t\t\t\t\r\n\t\t\t\t\t\t\t\t\t\t<p>Strona z Ksi\u0119gi Protoko\u0142\u00f3w z piecz\u0105tk\u0105 cenzora, 1974 <br \/><br \/><br \/><\/p>\t\t\t\t\t\t\t\t\t\t\r\n\t\t\t\t\t\t\t\t\t<\/div>\r\n\t\t\t\t\t\t\t\t\t\r\n\t\t\t\t\t\t\t\t\t\r\n\t\t\t\t\t\t\t\t\t\t\t\t\t\t\t\t\r\n\t\t\t\t\t\t\t\t\r\n\t\t\t\t\t\t\t<\/div><!--\/inner-wrap-->\r\n\t\t\t\t\t\t<\/div><!--\/col-->\r\n\t\t\t\t\t\t\r\n\t\t\t\t\t\t\t\t\t\t\t\r\n\t\t\t\t\t\t\t\t\t\t\t\t\r\n\t\t\t\t\t\t<div class=\"col span_3 regular element przy_historia \"  data-project-cat=\"przy_historia \" data-default-color=\"true\" data-title-color=\"\" data-subtitle-color=\"\">\r\n\t\t\t\t\t\t\t\r\n\t\t\t\t\t\t\t<div class=\"inner-wrap animated\" data-animation=\"none\">\r\n\t\t\t\t\t\t\t\t\r\n\t\t\t\t\t\t\t\t\t\t\t\t\t\t\t\t\t\r\n\t\t\t\t\t\t\t\t\t<div class=\"work-item style-1\" data-custom-content=\"off\">\r\n\t\t\t\t\t\t\t\t\t\t\r\n\t\t\t\t\t\t\t\t\t\t<img loading=\"lazy\" decoding=\"async\" class=\"size-regular skip-lazy\" src=\"http:\/\/przy.etnomuzeum.pl\/wp-content\/uploads\/2021\/09\/galeria-fotografi-Historia25.jpg\" alt=\"\" height=\"500\" width=\"500\" srcset=\"http:\/\/przy.etnomuzeum.pl\/wp-content\/uploads\/2021\/09\/galeria-fotografi-Historia25.jpg 1920w, http:\/\/przy.etnomuzeum.pl\/wp-content\/uploads\/2021\/09\/galeria-fotografi-Historia25-300x169.jpg 300w, http:\/\/przy.etnomuzeum.pl\/wp-content\/uploads\/2021\/09\/galeria-fotografi-Historia25-1024x576.jpg 1024w, http:\/\/przy.etnomuzeum.pl\/wp-content\/uploads\/2021\/09\/galeria-fotografi-Historia25-768x432.jpg 768w, http:\/\/przy.etnomuzeum.pl\/wp-content\/uploads\/2021\/09\/galeria-fotografi-Historia25-1536x864.jpg 1536w\" sizes=\"auto, (min-width: 1000px) 25vw, (min-width: 690px) 50vw, 100vw\" \/>\t\t\t\t\t\t\t\t\t\t\r\n\t\t\t\t\t\t\t\t\t\t\r\n\t\t\t\t\t\t\t\t\t\t<div class=\"work-info\"> \r\n\t\t\t\t\t\t\t\t\t\t\t\r\n\t\t\t\t\t\t\t\t\t\t\t\r\n\t\t\t\t\t\t\t\t\t\t\t\t\t\t\t\t\t\t\t\t\t\t\t\t\t<a href=\"http:\/\/przy.etnomuzeum.pl\/wp-content\/uploads\/2021\/09\/galeria-fotografi-Historia25.jpg\"  title=\"Zapisy w Ksi\u0119dze Protoko\u0142\u00f3w z 1979 roku\n\n\"  class=\"pretty_photo\"><\/a>\r\n\t\t\t\t\t\t\t\t\t\t\t\t\t\t\t\t\t\t\t\t\t\t\t\t\r\n\t\t\t\t\t\t\t\t\t\t\t\r\n\t\t\t\t\t\t\t\t\t\t<\/div>\r\n\t\t\t\t\t\t\t\t\t\t\r\n\t\t\t\t\t\t\t\t\t<\/div><!--work-item-->\r\n\t\t\t\t\t\t\t\t\t\r\n\t\t\t\t\t\t\t\t\t<div class=\"work-meta\">\r\n\t\t\t\t\t\t\t\t\t\t<h4 class=\"title\">25<\/h4>\r\n\t\t\t\t\t\t\t\t\t\t\r\n\t\t\t\t\t\t\t\t\t\t<p>Zapisy w Ksi\u0119dze Protoko\u0142\u00f3w z 1979 roku <br \/><br \/><br \/><\/p>\t\t\t\t\t\t\t\t\t\t\r\n\t\t\t\t\t\t\t\t\t<\/div>\r\n\t\t\t\t\t\t\t\t\t\r\n\t\t\t\t\t\t\t\t\t\r\n\t\t\t\t\t\t\t\t\t\t\t\t\t\t\t\t\r\n\t\t\t\t\t\t\t\t\r\n\t\t\t\t\t\t\t<\/div><!--\/inner-wrap-->\r\n\t\t\t\t\t\t<\/div><!--\/col-->\r\n\t\t\t\t\t\t\r\n\t\t\t\t\t\t\t\t\t\t\t\r\n\t\t\t\t\t\t\t\t\t\t\t\t\r\n\t\t\t\t\t\t<div class=\"col span_3 regular element przy_historia \"  data-project-cat=\"przy_historia \" data-default-color=\"true\" data-title-color=\"\" data-subtitle-color=\"\">\r\n\t\t\t\t\t\t\t\r\n\t\t\t\t\t\t\t<div class=\"inner-wrap animated\" data-animation=\"none\">\r\n\t\t\t\t\t\t\t\t\r\n\t\t\t\t\t\t\t\t\t\t\t\t\t\t\t\t\t\r\n\t\t\t\t\t\t\t\t\t<div class=\"work-item style-1\" data-custom-content=\"off\">\r\n\t\t\t\t\t\t\t\t\t\t\r\n\t\t\t\t\t\t\t\t\t\t<img loading=\"lazy\" decoding=\"async\" class=\"size-regular skip-lazy\" src=\"http:\/\/przy.etnomuzeum.pl\/wp-content\/uploads\/2021\/09\/galeria-fotografi-Historia26.jpg\" alt=\"\" height=\"500\" width=\"500\" srcset=\"http:\/\/przy.etnomuzeum.pl\/wp-content\/uploads\/2021\/09\/galeria-fotografi-Historia26.jpg 1920w, http:\/\/przy.etnomuzeum.pl\/wp-content\/uploads\/2021\/09\/galeria-fotografi-Historia26-300x169.jpg 300w, http:\/\/przy.etnomuzeum.pl\/wp-content\/uploads\/2021\/09\/galeria-fotografi-Historia26-1024x576.jpg 1024w, http:\/\/przy.etnomuzeum.pl\/wp-content\/uploads\/2021\/09\/galeria-fotografi-Historia26-768x432.jpg 768w, http:\/\/przy.etnomuzeum.pl\/wp-content\/uploads\/2021\/09\/galeria-fotografi-Historia26-1536x864.jpg 1536w\" sizes=\"auto, (min-width: 1000px) 25vw, (min-width: 690px) 50vw, 100vw\" \/>\t\t\t\t\t\t\t\t\t\t\r\n\t\t\t\t\t\t\t\t\t\t\r\n\t\t\t\t\t\t\t\t\t\t<div class=\"work-info\"> \r\n\t\t\t\t\t\t\t\t\t\t\t\r\n\t\t\t\t\t\t\t\t\t\t\t\r\n\t\t\t\t\t\t\t\t\t\t\t\t\t\t\t\t\t\t\t\t\t\t\t\t\t<a href=\"http:\/\/przy.etnomuzeum.pl\/wp-content\/uploads\/2021\/09\/galeria-fotografi-Historia26.jpg\"  title=\"31. Informacje o przywo\u0142\u00f3wkach w lokalnej prasie\"  class=\"pretty_photo\"><\/a>\r\n\t\t\t\t\t\t\t\t\t\t\t\t\t\t\t\t\t\t\t\t\t\t\t\t\r\n\t\t\t\t\t\t\t\t\t\t\t\r\n\t\t\t\t\t\t\t\t\t\t<\/div>\r\n\t\t\t\t\t\t\t\t\t\t\r\n\t\t\t\t\t\t\t\t\t<\/div><!--work-item-->\r\n\t\t\t\t\t\t\t\t\t\r\n\t\t\t\t\t\t\t\t\t<div class=\"work-meta\">\r\n\t\t\t\t\t\t\t\t\t\t<h4 class=\"title\">26<\/h4>\r\n\t\t\t\t\t\t\t\t\t\t\r\n\t\t\t\t\t\t\t\t\t\t<p>Informacje o przywo\u0142\u00f3wkach w lokalnej prasie<br \/><br \/><br \/><\/p>\t\t\t\t\t\t\t\t\t\t\r\n\t\t\t\t\t\t\t\t\t<\/div>\r\n\t\t\t\t\t\t\t\t\t\r\n\t\t\t\t\t\t\t\t\t\r\n\t\t\t\t\t\t\t\t\t\t\t\t\t\t\t\t\r\n\t\t\t\t\t\t\t\t\r\n\t\t\t\t\t\t\t<\/div><!--\/inner-wrap-->\r\n\t\t\t\t\t\t<\/div><!--\/col-->\r\n\t\t\t\t\t\t\r\n\t\t\t\t\t\t\t\t\t\t\t\r\n\t\t\t\t\t\t\t\t\t\t\t\t\r\n\t\t\t\t\t\t<div class=\"col span_3 regular element przy_historia \"  data-project-cat=\"przy_historia \" data-default-color=\"true\" data-title-color=\"\" data-subtitle-color=\"\">\r\n\t\t\t\t\t\t\t\r\n\t\t\t\t\t\t\t<div class=\"inner-wrap animated\" data-animation=\"none\">\r\n\t\t\t\t\t\t\t\t\r\n\t\t\t\t\t\t\t\t\t\t\t\t\t\t\t\t\t\r\n\t\t\t\t\t\t\t\t\t<div class=\"work-item style-1\" data-custom-content=\"off\">\r\n\t\t\t\t\t\t\t\t\t\t\r\n\t\t\t\t\t\t\t\t\t\t<img loading=\"lazy\" decoding=\"async\" class=\"size-regular skip-lazy\" src=\"http:\/\/przy.etnomuzeum.pl\/wp-content\/uploads\/2021\/09\/galeria-fotografi-Historia27.jpg\" alt=\"\" height=\"500\" width=\"500\" srcset=\"http:\/\/przy.etnomuzeum.pl\/wp-content\/uploads\/2021\/09\/galeria-fotografi-Historia27.jpg 1920w, http:\/\/przy.etnomuzeum.pl\/wp-content\/uploads\/2021\/09\/galeria-fotografi-Historia27-300x169.jpg 300w, http:\/\/przy.etnomuzeum.pl\/wp-content\/uploads\/2021\/09\/galeria-fotografi-Historia27-1024x576.jpg 1024w, http:\/\/przy.etnomuzeum.pl\/wp-content\/uploads\/2021\/09\/galeria-fotografi-Historia27-768x432.jpg 768w, http:\/\/przy.etnomuzeum.pl\/wp-content\/uploads\/2021\/09\/galeria-fotografi-Historia27-1536x864.jpg 1536w\" sizes=\"auto, (min-width: 1000px) 25vw, (min-width: 690px) 50vw, 100vw\" \/>\t\t\t\t\t\t\t\t\t\t\r\n\t\t\t\t\t\t\t\t\t\t\r\n\t\t\t\t\t\t\t\t\t\t<div class=\"work-info\"> \r\n\t\t\t\t\t\t\t\t\t\t\t\r\n\t\t\t\t\t\t\t\t\t\t\t\r\n\t\t\t\t\t\t\t\t\t\t\t\t\t\t\t\t\t\t\t\t\t\t\t\t\t<a href=\"http:\/\/przy.etnomuzeum.pl\/wp-content\/uploads\/2021\/09\/galeria-fotografi-Historia27.jpg\"  title=\"Zapisy w Ksi\u0119dze Protoko\u0142\u00f3w z 1982 roku\n\n\"  class=\"pretty_photo\"><\/a>\r\n\t\t\t\t\t\t\t\t\t\t\t\t\t\t\t\t\t\t\t\t\t\t\t\t\r\n\t\t\t\t\t\t\t\t\t\t\t\r\n\t\t\t\t\t\t\t\t\t\t<\/div>\r\n\t\t\t\t\t\t\t\t\t\t\r\n\t\t\t\t\t\t\t\t\t<\/div><!--work-item-->\r\n\t\t\t\t\t\t\t\t\t\r\n\t\t\t\t\t\t\t\t\t<div class=\"work-meta\">\r\n\t\t\t\t\t\t\t\t\t\t<h4 class=\"title\">27<\/h4>\r\n\t\t\t\t\t\t\t\t\t\t\r\n\t\t\t\t\t\t\t\t\t\t<p>Zapisy w Ksi\u0119dze Protoko\u0142\u00f3w z 1982 roku <br \/><br \/><br \/><\/p>\t\t\t\t\t\t\t\t\t\t\r\n\t\t\t\t\t\t\t\t\t<\/div>\r\n\t\t\t\t\t\t\t\t\t\r\n\t\t\t\t\t\t\t\t\t\r\n\t\t\t\t\t\t\t\t\t\t\t\t\t\t\t\t\r\n\t\t\t\t\t\t\t\t\r\n\t\t\t\t\t\t\t<\/div><!--\/inner-wrap-->\r\n\t\t\t\t\t\t<\/div><!--\/col-->\r\n\t\t\t\t\t\t\r\n\t\t\t\t\t\t\t\t\t\t\t\r\n\t\t\t\t\t\t\t\t\t\t\t\t\r\n\t\t\t\t\t\t<div class=\"col span_3 regular element przy_historia \"  data-project-cat=\"przy_historia \" data-default-color=\"true\" data-title-color=\"\" data-subtitle-color=\"\">\r\n\t\t\t\t\t\t\t\r\n\t\t\t\t\t\t\t<div class=\"inner-wrap animated\" data-animation=\"none\">\r\n\t\t\t\t\t\t\t\t\r\n\t\t\t\t\t\t\t\t\t\t\t\t\t\t\t\t\t\r\n\t\t\t\t\t\t\t\t\t<div class=\"work-item style-1\" data-custom-content=\"off\">\r\n\t\t\t\t\t\t\t\t\t\t\r\n\t\t\t\t\t\t\t\t\t\t<img loading=\"lazy\" decoding=\"async\" class=\"size-regular skip-lazy\" src=\"http:\/\/przy.etnomuzeum.pl\/wp-content\/uploads\/2021\/09\/galeria-fotografi-Historia28.jpg\" alt=\"\" height=\"500\" width=\"500\" srcset=\"http:\/\/przy.etnomuzeum.pl\/wp-content\/uploads\/2021\/09\/galeria-fotografi-Historia28.jpg 1920w, http:\/\/przy.etnomuzeum.pl\/wp-content\/uploads\/2021\/09\/galeria-fotografi-Historia28-300x169.jpg 300w, http:\/\/przy.etnomuzeum.pl\/wp-content\/uploads\/2021\/09\/galeria-fotografi-Historia28-1024x576.jpg 1024w, http:\/\/przy.etnomuzeum.pl\/wp-content\/uploads\/2021\/09\/galeria-fotografi-Historia28-768x432.jpg 768w, http:\/\/przy.etnomuzeum.pl\/wp-content\/uploads\/2021\/09\/galeria-fotografi-Historia28-1536x864.jpg 1536w\" sizes=\"auto, (min-width: 1000px) 25vw, (min-width: 690px) 50vw, 100vw\" \/>\t\t\t\t\t\t\t\t\t\t\r\n\t\t\t\t\t\t\t\t\t\t\r\n\t\t\t\t\t\t\t\t\t\t<div class=\"work-info\"> \r\n\t\t\t\t\t\t\t\t\t\t\t\r\n\t\t\t\t\t\t\t\t\t\t\t\r\n\t\t\t\t\t\t\t\t\t\t\t\t\t\t\t\t\t\t\t\t\t\t\t\t\t<a href=\"http:\/\/przy.etnomuzeum.pl\/wp-content\/uploads\/2021\/09\/galeria-fotografi-Historia28.jpg\"  title=\"Przemarsz na miejsce wyg\u0142aszania przywo\u0142\u00f3wek w Niedziel\u0119 Wielkanocn\u0105, Szymborze, lata 80. XX w.\"  class=\"pretty_photo\"><\/a>\r\n\t\t\t\t\t\t\t\t\t\t\t\t\t\t\t\t\t\t\t\t\t\t\t\t\r\n\t\t\t\t\t\t\t\t\t\t\t\r\n\t\t\t\t\t\t\t\t\t\t<\/div>\r\n\t\t\t\t\t\t\t\t\t\t\r\n\t\t\t\t\t\t\t\t\t<\/div><!--work-item-->\r\n\t\t\t\t\t\t\t\t\t\r\n\t\t\t\t\t\t\t\t\t<div class=\"work-meta\">\r\n\t\t\t\t\t\t\t\t\t\t<h4 class=\"title\">28<\/h4>\r\n\t\t\t\t\t\t\t\t\t\t\r\n\t\t\t\t\t\t\t\t\t\t<p>Przemarsz na miejsce wyg\u0142aszania przywo\u0142\u00f3wek w Niedziel\u0119 Wielkanocn\u0105, Szymborze, lata 80. XX w.<br \/><br \/><br \/><\/p>\t\t\t\t\t\t\t\t\t\t\r\n\t\t\t\t\t\t\t\t\t<\/div>\r\n\t\t\t\t\t\t\t\t\t\r\n\t\t\t\t\t\t\t\t\t\r\n\t\t\t\t\t\t\t\t\t\t\t\t\t\t\t\t\r\n\t\t\t\t\t\t\t\t\r\n\t\t\t\t\t\t\t<\/div><!--\/inner-wrap-->\r\n\t\t\t\t\t\t<\/div><!--\/col-->\r\n\t\t\t\t\t\t\r\n\t\t\t\t\t\t\t\t\t\t\t\r\n\t\t\t\t\t\t\t\t\t\t\t\t\r\n\t\t\t\t\t\t<div class=\"col span_3 regular element przy_historia \"  data-project-cat=\"przy_historia \" data-default-color=\"true\" data-title-color=\"\" data-subtitle-color=\"\">\r\n\t\t\t\t\t\t\t\r\n\t\t\t\t\t\t\t<div class=\"inner-wrap animated\" data-animation=\"none\">\r\n\t\t\t\t\t\t\t\t\r\n\t\t\t\t\t\t\t\t\t\t\t\t\t\t\t\t\t\r\n\t\t\t\t\t\t\t\t\t<div class=\"work-item style-1\" data-custom-content=\"off\">\r\n\t\t\t\t\t\t\t\t\t\t\r\n\t\t\t\t\t\t\t\t\t\t<img loading=\"lazy\" decoding=\"async\" class=\"size-regular skip-lazy\" src=\"http:\/\/przy.etnomuzeum.pl\/wp-content\/uploads\/2021\/09\/galeria-fotografi-Historia29.jpg\" alt=\"\" height=\"500\" width=\"500\" srcset=\"http:\/\/przy.etnomuzeum.pl\/wp-content\/uploads\/2021\/09\/galeria-fotografi-Historia29.jpg 1920w, http:\/\/przy.etnomuzeum.pl\/wp-content\/uploads\/2021\/09\/galeria-fotografi-Historia29-300x169.jpg 300w, http:\/\/przy.etnomuzeum.pl\/wp-content\/uploads\/2021\/09\/galeria-fotografi-Historia29-1024x576.jpg 1024w, http:\/\/przy.etnomuzeum.pl\/wp-content\/uploads\/2021\/09\/galeria-fotografi-Historia29-768x432.jpg 768w, http:\/\/przy.etnomuzeum.pl\/wp-content\/uploads\/2021\/09\/galeria-fotografi-Historia29-1536x864.jpg 1536w\" sizes=\"auto, (min-width: 1000px) 25vw, (min-width: 690px) 50vw, 100vw\" \/>\t\t\t\t\t\t\t\t\t\t\r\n\t\t\t\t\t\t\t\t\t\t\r\n\t\t\t\t\t\t\t\t\t\t<div class=\"work-info\"> \r\n\t\t\t\t\t\t\t\t\t\t\t\r\n\t\t\t\t\t\t\t\t\t\t\t\r\n\t\t\t\t\t\t\t\t\t\t\t\t\t\t\t\t\t\t\t\t\t\t\t\t\t<a href=\"http:\/\/przy.etnomuzeum.pl\/wp-content\/uploads\/2021\/09\/galeria-fotografi-Historia29.jpg\"  title=\"Zapisy w Ksi\u0119dze Protoko\u0142\u00f3w z 1982 roku\n\n\"  class=\"pretty_photo\"><\/a>\r\n\t\t\t\t\t\t\t\t\t\t\t\t\t\t\t\t\t\t\t\t\t\t\t\t\r\n\t\t\t\t\t\t\t\t\t\t\t\r\n\t\t\t\t\t\t\t\t\t\t<\/div>\r\n\t\t\t\t\t\t\t\t\t\t\r\n\t\t\t\t\t\t\t\t\t<\/div><!--work-item-->\r\n\t\t\t\t\t\t\t\t\t\r\n\t\t\t\t\t\t\t\t\t<div class=\"work-meta\">\r\n\t\t\t\t\t\t\t\t\t\t<h4 class=\"title\">29<\/h4>\r\n\t\t\t\t\t\t\t\t\t\t\r\n\t\t\t\t\t\t\t\t\t\t<p>Zapisy w Ksi\u0119dze Protoko\u0142\u00f3w z 1982 roku <br \/><br \/><br \/><\/p>\t\t\t\t\t\t\t\t\t\t\r\n\t\t\t\t\t\t\t\t\t<\/div>\r\n\t\t\t\t\t\t\t\t\t\r\n\t\t\t\t\t\t\t\t\t\r\n\t\t\t\t\t\t\t\t\t\t\t\t\t\t\t\t\r\n\t\t\t\t\t\t\t\t\r\n\t\t\t\t\t\t\t<\/div><!--\/inner-wrap-->\r\n\t\t\t\t\t\t<\/div><!--\/col-->\r\n\t\t\t\t\t\t\r\n\t\t\t\t\t\t\t\t\t\t\t\r\n\t\t\t\t\t\t\t\t\t\t\t\t\r\n\t\t\t\t\t\t<div class=\"col span_3 regular element przy_historia \"  data-project-cat=\"przy_historia \" data-default-color=\"true\" data-title-color=\"\" data-subtitle-color=\"\">\r\n\t\t\t\t\t\t\t\r\n\t\t\t\t\t\t\t<div class=\"inner-wrap animated\" data-animation=\"none\">\r\n\t\t\t\t\t\t\t\t\r\n\t\t\t\t\t\t\t\t\t\t\t\t\t\t\t\t\t\r\n\t\t\t\t\t\t\t\t\t<div class=\"work-item style-1\" data-custom-content=\"off\">\r\n\t\t\t\t\t\t\t\t\t\t\r\n\t\t\t\t\t\t\t\t\t\t<img loading=\"lazy\" decoding=\"async\" class=\"size-regular skip-lazy\" src=\"http:\/\/przy.etnomuzeum.pl\/wp-content\/uploads\/2021\/09\/galeria-fotografi-Historia30.jpg\" alt=\"\" height=\"500\" width=\"500\" srcset=\"http:\/\/przy.etnomuzeum.pl\/wp-content\/uploads\/2021\/09\/galeria-fotografi-Historia30.jpg 1920w, http:\/\/przy.etnomuzeum.pl\/wp-content\/uploads\/2021\/09\/galeria-fotografi-Historia30-300x169.jpg 300w, http:\/\/przy.etnomuzeum.pl\/wp-content\/uploads\/2021\/09\/galeria-fotografi-Historia30-1024x576.jpg 1024w, http:\/\/przy.etnomuzeum.pl\/wp-content\/uploads\/2021\/09\/galeria-fotografi-Historia30-768x432.jpg 768w, http:\/\/przy.etnomuzeum.pl\/wp-content\/uploads\/2021\/09\/galeria-fotografi-Historia30-1536x864.jpg 1536w\" sizes=\"auto, (min-width: 1000px) 25vw, (min-width: 690px) 50vw, 100vw\" \/>\t\t\t\t\t\t\t\t\t\t\r\n\t\t\t\t\t\t\t\t\t\t\r\n\t\t\t\t\t\t\t\t\t\t<div class=\"work-info\"> \r\n\t\t\t\t\t\t\t\t\t\t\t\r\n\t\t\t\t\t\t\t\t\t\t\t\r\n\t\t\t\t\t\t\t\t\t\t\t\t\t\t\t\t\t\t\t\t\t\t\t\t\t<a href=\"http:\/\/przy.etnomuzeum.pl\/wp-content\/uploads\/2021\/09\/galeria-fotografi-Historia30.jpg\"  title=\"Zapisy w Ksi\u0119dze Protoko\u0142\u00f3w z 1985 roku\n\n\"  class=\"pretty_photo\"><\/a>\r\n\t\t\t\t\t\t\t\t\t\t\t\t\t\t\t\t\t\t\t\t\t\t\t\t\r\n\t\t\t\t\t\t\t\t\t\t\t\r\n\t\t\t\t\t\t\t\t\t\t<\/div>\r\n\t\t\t\t\t\t\t\t\t\t\r\n\t\t\t\t\t\t\t\t\t<\/div><!--work-item-->\r\n\t\t\t\t\t\t\t\t\t\r\n\t\t\t\t\t\t\t\t\t<div class=\"work-meta\">\r\n\t\t\t\t\t\t\t\t\t\t<h4 class=\"title\">30<\/h4>\r\n\t\t\t\t\t\t\t\t\t\t\r\n\t\t\t\t\t\t\t\t\t\t<p>Zapisy w Ksi\u0119dze Protoko\u0142\u00f3w z 1985 roku <br \/><br \/><br \/><\/p>\t\t\t\t\t\t\t\t\t\t\r\n\t\t\t\t\t\t\t\t\t<\/div>\r\n\t\t\t\t\t\t\t\t\t\r\n\t\t\t\t\t\t\t\t\t\r\n\t\t\t\t\t\t\t\t\t\t\t\t\t\t\t\t\r\n\t\t\t\t\t\t\t\t\r\n\t\t\t\t\t\t\t<\/div><!--\/inner-wrap-->\r\n\t\t\t\t\t\t<\/div><!--\/col-->\r\n\t\t\t\t\t\t\r\n\t\t\t\t\t\t\t\t\t\t\t\r\n\t\t\t\t\t\t\t\t\t\t\t\t\r\n\t\t\t\t\t\t<div class=\"col span_3 regular element przy_historia \"  data-project-cat=\"przy_historia \" data-default-color=\"true\" data-title-color=\"\" data-subtitle-color=\"\">\r\n\t\t\t\t\t\t\t\r\n\t\t\t\t\t\t\t<div class=\"inner-wrap animated\" data-animation=\"none\">\r\n\t\t\t\t\t\t\t\t\r\n\t\t\t\t\t\t\t\t\t\t\t\t\t\t\t\t\t\r\n\t\t\t\t\t\t\t\t\t<div class=\"work-item style-1\" data-custom-content=\"off\">\r\n\t\t\t\t\t\t\t\t\t\t\r\n\t\t\t\t\t\t\t\t\t\t<img loading=\"lazy\" decoding=\"async\" class=\"size-regular skip-lazy\" src=\"http:\/\/przy.etnomuzeum.pl\/wp-content\/uploads\/2021\/09\/galeria-fotografi-Historia31.jpg\" alt=\"\" height=\"500\" width=\"500\" srcset=\"http:\/\/przy.etnomuzeum.pl\/wp-content\/uploads\/2021\/09\/galeria-fotografi-Historia31.jpg 1920w, http:\/\/przy.etnomuzeum.pl\/wp-content\/uploads\/2021\/09\/galeria-fotografi-Historia31-300x169.jpg 300w, http:\/\/przy.etnomuzeum.pl\/wp-content\/uploads\/2021\/09\/galeria-fotografi-Historia31-1024x576.jpg 1024w, http:\/\/przy.etnomuzeum.pl\/wp-content\/uploads\/2021\/09\/galeria-fotografi-Historia31-768x432.jpg 768w, http:\/\/przy.etnomuzeum.pl\/wp-content\/uploads\/2021\/09\/galeria-fotografi-Historia31-1536x864.jpg 1536w\" sizes=\"auto, (min-width: 1000px) 25vw, (min-width: 690px) 50vw, 100vw\" \/>\t\t\t\t\t\t\t\t\t\t\r\n\t\t\t\t\t\t\t\t\t\t\r\n\t\t\t\t\t\t\t\t\t\t<div class=\"work-info\"> \r\n\t\t\t\t\t\t\t\t\t\t\t\r\n\t\t\t\t\t\t\t\t\t\t\t\r\n\t\t\t\t\t\t\t\t\t\t\t\t\t\t\t\t\t\t\t\t\t\t\t\t\t<a href=\"http:\/\/przy.etnomuzeum.pl\/wp-content\/uploads\/2021\/09\/galeria-fotografi-Historia31.jpg\"  title=\"Zapisy w Ksi\u0119dze Protoko\u0142\u00f3w z 1987 roku\n\n\"  class=\"pretty_photo\"><\/a>\r\n\t\t\t\t\t\t\t\t\t\t\t\t\t\t\t\t\t\t\t\t\t\t\t\t\r\n\t\t\t\t\t\t\t\t\t\t\t\r\n\t\t\t\t\t\t\t\t\t\t<\/div>\r\n\t\t\t\t\t\t\t\t\t\t\r\n\t\t\t\t\t\t\t\t\t<\/div><!--work-item-->\r\n\t\t\t\t\t\t\t\t\t\r\n\t\t\t\t\t\t\t\t\t<div class=\"work-meta\">\r\n\t\t\t\t\t\t\t\t\t\t<h4 class=\"title\">31<\/h4>\r\n\t\t\t\t\t\t\t\t\t\t\r\n\t\t\t\t\t\t\t\t\t\t<p>Zapisy w Ksi\u0119dze Protoko\u0142\u00f3w z 1987 roku <br \/><br \/><br \/><\/p>\t\t\t\t\t\t\t\t\t\t\r\n\t\t\t\t\t\t\t\t\t<\/div>\r\n\t\t\t\t\t\t\t\t\t\r\n\t\t\t\t\t\t\t\t\t\r\n\t\t\t\t\t\t\t\t\t\t\t\t\t\t\t\t\r\n\t\t\t\t\t\t\t\t\r\n\t\t\t\t\t\t\t<\/div><!--\/inner-wrap-->\r\n\t\t\t\t\t\t<\/div><!--\/col-->\r\n\t\t\t\t\t\t\r\n\t\t\t\t\t\t\t\t\t\t\t\r\n\t\t\t\t\t\t\t\t\t\t\t\t\r\n\t\t\t\t\t\t<div class=\"col span_3 regular element przy_historia \"  data-project-cat=\"przy_historia \" data-default-color=\"true\" data-title-color=\"\" data-subtitle-color=\"\">\r\n\t\t\t\t\t\t\t\r\n\t\t\t\t\t\t\t<div class=\"inner-wrap animated\" data-animation=\"none\">\r\n\t\t\t\t\t\t\t\t\r\n\t\t\t\t\t\t\t\t\t\t\t\t\t\t\t\t\t\r\n\t\t\t\t\t\t\t\t\t<div class=\"work-item style-1\" data-custom-content=\"off\">\r\n\t\t\t\t\t\t\t\t\t\t\r\n\t\t\t\t\t\t\t\t\t\t<img loading=\"lazy\" decoding=\"async\" class=\"size-regular skip-lazy\" src=\"http:\/\/przy.etnomuzeum.pl\/wp-content\/uploads\/2021\/09\/galeria-fotografi-Historia32.jpg\" alt=\"\" height=\"500\" width=\"500\" srcset=\"http:\/\/przy.etnomuzeum.pl\/wp-content\/uploads\/2021\/09\/galeria-fotografi-Historia32.jpg 1920w, http:\/\/przy.etnomuzeum.pl\/wp-content\/uploads\/2021\/09\/galeria-fotografi-Historia32-300x169.jpg 300w, http:\/\/przy.etnomuzeum.pl\/wp-content\/uploads\/2021\/09\/galeria-fotografi-Historia32-1024x576.jpg 1024w, http:\/\/przy.etnomuzeum.pl\/wp-content\/uploads\/2021\/09\/galeria-fotografi-Historia32-768x432.jpg 768w, http:\/\/przy.etnomuzeum.pl\/wp-content\/uploads\/2021\/09\/galeria-fotografi-Historia32-1536x864.jpg 1536w\" sizes=\"auto, (min-width: 1000px) 25vw, (min-width: 690px) 50vw, 100vw\" \/>\t\t\t\t\t\t\t\t\t\t\r\n\t\t\t\t\t\t\t\t\t\t\r\n\t\t\t\t\t\t\t\t\t\t<div class=\"work-info\"> \r\n\t\t\t\t\t\t\t\t\t\t\t\r\n\t\t\t\t\t\t\t\t\t\t\t\r\n\t\t\t\t\t\t\t\t\t\t\t\t\t\t\t\t\t\t\t\t\t\t\t\t\t<a href=\"http:\/\/przy.etnomuzeum.pl\/wp-content\/uploads\/2021\/09\/galeria-fotografi-Historia32.jpg\"  title=\"Tr\u0105bka Stowarzyszenia Klubu Kawalerskiego, fot. Marian Kosicki\"  class=\"pretty_photo\"><\/a>\r\n\t\t\t\t\t\t\t\t\t\t\t\t\t\t\t\t\t\t\t\t\t\t\t\t\r\n\t\t\t\t\t\t\t\t\t\t\t\r\n\t\t\t\t\t\t\t\t\t\t<\/div>\r\n\t\t\t\t\t\t\t\t\t\t\r\n\t\t\t\t\t\t\t\t\t<\/div><!--work-item-->\r\n\t\t\t\t\t\t\t\t\t\r\n\t\t\t\t\t\t\t\t\t<div class=\"work-meta\">\r\n\t\t\t\t\t\t\t\t\t\t<h4 class=\"title\">32<\/h4>\r\n\t\t\t\t\t\t\t\t\t\t\r\n\t\t\t\t\t\t\t\t\t\t<p>Tr\u0105bka Stowarzyszenia Klubu Kawalerskiego, <br \/> fot. Marian Kosicki<br \/><br \/><br \/><\/p>\t\t\t\t\t\t\t\t\t\t\r\n\t\t\t\t\t\t\t\t\t<\/div>\r\n\t\t\t\t\t\t\t\t\t\r\n\t\t\t\t\t\t\t\t\t\r\n\t\t\t\t\t\t\t\t\t\t\t\t\t\t\t\t\r\n\t\t\t\t\t\t\t\t\r\n\t\t\t\t\t\t\t<\/div><!--\/inner-wrap-->\r\n\t\t\t\t\t\t<\/div><!--\/col-->\r\n\t\t\t\t\t\t\r\n\t\t\t\t\t\t\t\t\t\t\t\r\n\t\t\t\t\t\t\t\t\t\t\t\t\r\n\t\t\t\t\t\t<div class=\"col span_3 regular element przy_historia \"  data-project-cat=\"przy_historia \" data-default-color=\"true\" data-title-color=\"\" data-subtitle-color=\"\">\r\n\t\t\t\t\t\t\t\r\n\t\t\t\t\t\t\t<div class=\"inner-wrap animated\" data-animation=\"none\">\r\n\t\t\t\t\t\t\t\t\r\n\t\t\t\t\t\t\t\t\t\t\t\t\t\t\t\t\t\r\n\t\t\t\t\t\t\t\t\t<div class=\"work-item style-1\" data-custom-content=\"off\">\r\n\t\t\t\t\t\t\t\t\t\t\r\n\t\t\t\t\t\t\t\t\t\t<img loading=\"lazy\" decoding=\"async\" class=\"size-regular skip-lazy\" src=\"http:\/\/przy.etnomuzeum.pl\/wp-content\/uploads\/2021\/09\/galeria-fotografi-Historia33.jpg\" alt=\"\" height=\"500\" width=\"500\" srcset=\"http:\/\/przy.etnomuzeum.pl\/wp-content\/uploads\/2021\/09\/galeria-fotografi-Historia33.jpg 1920w, http:\/\/przy.etnomuzeum.pl\/wp-content\/uploads\/2021\/09\/galeria-fotografi-Historia33-300x169.jpg 300w, http:\/\/przy.etnomuzeum.pl\/wp-content\/uploads\/2021\/09\/galeria-fotografi-Historia33-1024x576.jpg 1024w, http:\/\/przy.etnomuzeum.pl\/wp-content\/uploads\/2021\/09\/galeria-fotografi-Historia33-768x432.jpg 768w, http:\/\/przy.etnomuzeum.pl\/wp-content\/uploads\/2021\/09\/galeria-fotografi-Historia33-1536x864.jpg 1536w\" sizes=\"auto, (min-width: 1000px) 25vw, (min-width: 690px) 50vw, 100vw\" \/>\t\t\t\t\t\t\t\t\t\t\r\n\t\t\t\t\t\t\t\t\t\t\r\n\t\t\t\t\t\t\t\t\t\t<div class=\"work-info\"> \r\n\t\t\t\t\t\t\t\t\t\t\t\r\n\t\t\t\t\t\t\t\t\t\t\t\r\n\t\t\t\t\t\t\t\t\t\t\t\t\t\t\t\t\t\t\t\t\t\t\t\t\t<a href=\"http:\/\/przy.etnomuzeum.pl\/wp-content\/uploads\/2021\/09\/galeria-fotografi-Historia33.jpg\"  title=\"Piecz\u0119\u0107 Stowarzyszenia Klubu Kawalerskiego, fot. Marian Kosicki\"  class=\"pretty_photo\"><\/a>\r\n\t\t\t\t\t\t\t\t\t\t\t\t\t\t\t\t\t\t\t\t\t\t\t\t\r\n\t\t\t\t\t\t\t\t\t\t\t\r\n\t\t\t\t\t\t\t\t\t\t<\/div>\r\n\t\t\t\t\t\t\t\t\t\t\r\n\t\t\t\t\t\t\t\t\t<\/div><!--work-item-->\r\n\t\t\t\t\t\t\t\t\t\r\n\t\t\t\t\t\t\t\t\t<div class=\"work-meta\">\r\n\t\t\t\t\t\t\t\t\t\t<h4 class=\"title\">33<\/h4>\r\n\t\t\t\t\t\t\t\t\t\t\r\n\t\t\t\t\t\t\t\t\t\t<p>Piecz\u0119\u0107 Stowarzyszenia Klubu Kawalerskiego, <br \/> fot. Marian Kosicki<br \/><br \/><br \/><\/p>\t\t\t\t\t\t\t\t\t\t\r\n\t\t\t\t\t\t\t\t\t<\/div>\r\n\t\t\t\t\t\t\t\t\t\r\n\t\t\t\t\t\t\t\t\t\r\n\t\t\t\t\t\t\t\t\t\t\t\t\t\t\t\t\r\n\t\t\t\t\t\t\t\t\r\n\t\t\t\t\t\t\t<\/div><!--\/inner-wrap-->\r\n\t\t\t\t\t\t<\/div><!--\/col-->\r\n\t\t\t\t\t\t\r\n\t\t\t\t\t\t\t\t\t\t\t\r\n\t\t\t\t\t\t\t\t\t\t\t\t\r\n\t\t\t\t\t\t<div class=\"col span_3 regular element przy_historia \"  data-project-cat=\"przy_historia \" data-default-color=\"true\" data-title-color=\"\" data-subtitle-color=\"\">\r\n\t\t\t\t\t\t\t\r\n\t\t\t\t\t\t\t<div class=\"inner-wrap animated\" data-animation=\"none\">\r\n\t\t\t\t\t\t\t\t\r\n\t\t\t\t\t\t\t\t\t\t\t\t\t\t\t\t\t\r\n\t\t\t\t\t\t\t\t\t<div class=\"work-item style-1\" data-custom-content=\"off\">\r\n\t\t\t\t\t\t\t\t\t\t\r\n\t\t\t\t\t\t\t\t\t\t<img loading=\"lazy\" decoding=\"async\" class=\"size-regular skip-lazy\" src=\"http:\/\/przy.etnomuzeum.pl\/wp-content\/uploads\/2021\/09\/galeria-fotografi-Historia34.jpg\" alt=\"\" height=\"500\" width=\"500\" srcset=\"http:\/\/przy.etnomuzeum.pl\/wp-content\/uploads\/2021\/09\/galeria-fotografi-Historia34.jpg 1920w, http:\/\/przy.etnomuzeum.pl\/wp-content\/uploads\/2021\/09\/galeria-fotografi-Historia34-300x169.jpg 300w, http:\/\/przy.etnomuzeum.pl\/wp-content\/uploads\/2021\/09\/galeria-fotografi-Historia34-1024x576.jpg 1024w, http:\/\/przy.etnomuzeum.pl\/wp-content\/uploads\/2021\/09\/galeria-fotografi-Historia34-768x432.jpg 768w, http:\/\/przy.etnomuzeum.pl\/wp-content\/uploads\/2021\/09\/galeria-fotografi-Historia34-1536x864.jpg 1536w\" sizes=\"auto, (min-width: 1000px) 25vw, (min-width: 690px) 50vw, 100vw\" \/>\t\t\t\t\t\t\t\t\t\t\r\n\t\t\t\t\t\t\t\t\t\t\r\n\t\t\t\t\t\t\t\t\t\t<div class=\"work-info\"> \r\n\t\t\t\t\t\t\t\t\t\t\t\r\n\t\t\t\t\t\t\t\t\t\t\t\r\n\t\t\t\t\t\t\t\t\t\t\t\t\t\t\t\t\t\t\t\t\t\t\t\t\t<a href=\"http:\/\/przy.etnomuzeum.pl\/wp-content\/uploads\/2021\/09\/galeria-fotografi-Historia34.jpg\"  title=\"Ksi\u0119gi Protoko\u0142\u00f3w Stowarzyszenia Klubu Kawalerskiego w Szymborzu, fot. Bart\u0142omiej Oleszek\"  class=\"pretty_photo\"><\/a>\r\n\t\t\t\t\t\t\t\t\t\t\t\t\t\t\t\t\t\t\t\t\t\t\t\t\r\n\t\t\t\t\t\t\t\t\t\t\t\r\n\t\t\t\t\t\t\t\t\t\t<\/div>\r\n\t\t\t\t\t\t\t\t\t\t\r\n\t\t\t\t\t\t\t\t\t<\/div><!--work-item-->\r\n\t\t\t\t\t\t\t\t\t\r\n\t\t\t\t\t\t\t\t\t<div class=\"work-meta\">\r\n\t\t\t\t\t\t\t\t\t\t<h4 class=\"title\">34<\/h4>\r\n\t\t\t\t\t\t\t\t\t\t\r\n\t\t\t\t\t\t\t\t\t\t<p>Ksi\u0119gi Protoko\u0142\u00f3w Stowarzyszenia Klubu <br \/>Kawalerskiego w Szymborzu, <br \/> fot. Bart\u0142omiej Oleszek<br \/><br \/><br \/><\/p>\t\t\t\t\t\t\t\t\t\t\r\n\t\t\t\t\t\t\t\t\t<\/div>\r\n\t\t\t\t\t\t\t\t\t\r\n\t\t\t\t\t\t\t\t\t\r\n\t\t\t\t\t\t\t\t\t\t\t\t\t\t\t\t\r\n\t\t\t\t\t\t\t\t\r\n\t\t\t\t\t\t\t<\/div><!--\/inner-wrap-->\r\n\t\t\t\t\t\t<\/div><!--\/col-->\r\n\t\t\t\t\t\t\r\n\t\t\t\t\t\t\t\t\t\t\r\n\t\t\t\t<\/div><!--\/portfolio-->\r\n\t\t\t<\/div><!--\/portfolio wrap-->\r\n\t\t\t\r\n\t\t\t[\/vc_column][\/vc_row]\n","protected":false},"excerpt":{"rendered":"<p>[vc_row type=&#8221;full_width_content&#8221; full_screen_row_position=&#8221;middle&#8221; column_margin=&#8221;default&#8221; column_direction=&#8221;default&#8221; column_direction_tablet=&#8221;default&#8221; column_direction_phone=&#8221;default&#8221; mouse_based_parallax_bg=&#8221;true&#8221; scene_position=&#8221;center&#8221; mouse_sensitivity=&#8221;8&#8243; layer_one_image=&#8221;895&#8243; layer_one_strength=&#8221;.11&#8243; layer_two_image=&#8221;896&#8243; layer_two_strength=&#8221;.14&#8243; layer_three_image=&#8221;897&#8243; layer_three_strength=&#8221;0,25&#8243; bottom_padding=&#8221;900&#8243; text_color=&#8221;dark&#8221; text_align=&#8221;left&#8221; row_border_radius=&#8221;none&#8221; row_border_radius_applies=&#8221;bg&#8221; overlay_strength=&#8221;0.3&#8243; gradient_direction=&#8221;left_to_right&#8221; shape_divider_position=&#8221;bottom&#8221; bg_image_animation=&#8221;none&#8221; shape_type=&#8221;&#8221;][vc_column column_padding=&#8221;no-extra-padding&#8221; column_padding_tablet=&#8221;inherit&#8221; column_padding_phone=&#8221;inherit&#8221; column_padding_position=&#8221;all&#8221;&#8230;<\/p>\n","protected":false},"author":1,"featured_media":0,"parent":0,"menu_order":0,"comment_status":"closed","ping_status":"closed","template":"","meta":{"footnotes":""},"class_list":["post-202","page","type-page","status-publish"],"yoast_head":"<!-- This site is optimized with the Yoast SEO plugin v17.1 - https:\/\/yoast.com\/wordpress\/plugins\/seo\/ -->\n<title>historia - Zwyczaje wielkanocne Przywo\u0142\u00f3wki dysngusowe na Kujawach<\/title>\n<meta name=\"robots\" content=\"index, follow, max-snippet:-1, max-image-preview:large, max-video-preview:-1\" \/>\n<link rel=\"canonical\" href=\"http:\/\/przy.etnomuzeum.pl\/?page_id=202\" \/>\n<meta property=\"og:locale\" content=\"en_US\" \/>\n<meta property=\"og:type\" content=\"article\" \/>\n<meta property=\"og:title\" content=\"historia - Zwyczaje wielkanocne Przywo\u0142\u00f3wki dysngusowe na Kujawach\" \/>\n<meta property=\"og:description\" content=\"[vc_row type=&#8221;full_width_content&#8221; full_screen_row_position=&#8221;middle&#8221; column_margin=&#8221;default&#8221; column_direction=&#8221;default&#8221; column_direction_tablet=&#8221;default&#8221; column_direction_phone=&#8221;default&#8221; mouse_based_parallax_bg=&#8221;true&#8221; scene_position=&#8221;center&#8221; mouse_sensitivity=&#8221;8&#8243; layer_one_image=&#8221;895&#8243; layer_one_strength=&#8221;.11&#8243; layer_two_image=&#8221;896&#8243; layer_two_strength=&#8221;.14&#8243; layer_three_image=&#8221;897&#8243; layer_three_strength=&#8221;0,25&#8243; bottom_padding=&#8221;900&#8243; text_color=&#8221;dark&#8221; text_align=&#8221;left&#8221; row_border_radius=&#8221;none&#8221; row_border_radius_applies=&#8221;bg&#8221; overlay_strength=&#8221;0.3&#8243; gradient_direction=&#8221;left_to_right&#8221; shape_divider_position=&#8221;bottom&#8221; bg_image_animation=&#8221;none&#8221; shape_type=&#8221;&#8221;][vc_column column_padding=&#8221;no-extra-padding&#8221; column_padding_tablet=&#8221;inherit&#8221; column_padding_phone=&#8221;inherit&#8221; column_padding_position=&#8221;all&#8221;...\" \/>\n<meta property=\"og:url\" content=\"http:\/\/przy.etnomuzeum.pl\/?page_id=202\" \/>\n<meta property=\"og:site_name\" content=\"Zwyczaje wielkanocne Przywo\u0142\u00f3wki dysngusowe na Kujawach\" \/>\n<meta property=\"article:modified_time\" content=\"2021-11-08T14:45:24+00:00\" \/>\n<meta name=\"twitter:card\" content=\"summary_large_image\" \/>\n<meta name=\"twitter:label1\" content=\"Est. reading time\" \/>\n\t<meta name=\"twitter:data1\" content=\"14 minutes\" \/>\n<script type=\"application\/ld+json\" class=\"yoast-schema-graph\">{\"@context\":\"https:\/\/schema.org\",\"@graph\":[{\"@type\":\"WebSite\",\"@id\":\"http:\/\/przy.etnomuzeum.pl\/#website\",\"url\":\"http:\/\/przy.etnomuzeum.pl\/\",\"name\":\"Zwyczaje wielkanocne Przywo\\u0142\\u00f3wki dysngusowe na Kujawach\",\"description\":\"Dziedzictwo Niematerialne\/ Ulotne tradycje\",\"potentialAction\":[{\"@type\":\"SearchAction\",\"target\":{\"@type\":\"EntryPoint\",\"urlTemplate\":\"http:\/\/przy.etnomuzeum.pl\/?s={search_term_string}\"},\"query-input\":\"required name=search_term_string\"}],\"inLanguage\":\"en-US\"},{\"@type\":\"WebPage\",\"@id\":\"http:\/\/przy.etnomuzeum.pl\/?page_id=202#webpage\",\"url\":\"http:\/\/przy.etnomuzeum.pl\/?page_id=202\",\"name\":\"historia - Zwyczaje wielkanocne Przywo\\u0142\\u00f3wki dysngusowe na Kujawach\",\"isPartOf\":{\"@id\":\"http:\/\/przy.etnomuzeum.pl\/#website\"},\"datePublished\":\"2021-09-15T19:11:01+00:00\",\"dateModified\":\"2021-11-08T14:45:24+00:00\",\"breadcrumb\":{\"@id\":\"http:\/\/przy.etnomuzeum.pl\/?page_id=202#breadcrumb\"},\"inLanguage\":\"en-US\",\"potentialAction\":[{\"@type\":\"ReadAction\",\"target\":[\"http:\/\/przy.etnomuzeum.pl\/?page_id=202\"]}]},{\"@type\":\"BreadcrumbList\",\"@id\":\"http:\/\/przy.etnomuzeum.pl\/?page_id=202#breadcrumb\",\"itemListElement\":[{\"@type\":\"ListItem\",\"position\":1,\"name\":\"Home\",\"item\":\"http:\/\/przy.etnomuzeum.pl\/\"},{\"@type\":\"ListItem\",\"position\":2,\"name\":\"historia\"}]}]}<\/script>\n<!-- \/ Yoast SEO plugin. -->","yoast_head_json":{"title":"historia - Zwyczaje wielkanocne Przywo\u0142\u00f3wki dysngusowe na Kujawach","robots":{"index":"index","follow":"follow","max-snippet":"max-snippet:-1","max-image-preview":"max-image-preview:large","max-video-preview":"max-video-preview:-1"},"canonical":"http:\/\/przy.etnomuzeum.pl\/?page_id=202","og_locale":"en_US","og_type":"article","og_title":"historia - Zwyczaje wielkanocne Przywo\u0142\u00f3wki dysngusowe na Kujawach","og_description":"[vc_row type=&#8221;full_width_content&#8221; full_screen_row_position=&#8221;middle&#8221; column_margin=&#8221;default&#8221; column_direction=&#8221;default&#8221; column_direction_tablet=&#8221;default&#8221; column_direction_phone=&#8221;default&#8221; mouse_based_parallax_bg=&#8221;true&#8221; scene_position=&#8221;center&#8221; mouse_sensitivity=&#8221;8&#8243; layer_one_image=&#8221;895&#8243; layer_one_strength=&#8221;.11&#8243; layer_two_image=&#8221;896&#8243; layer_two_strength=&#8221;.14&#8243; layer_three_image=&#8221;897&#8243; layer_three_strength=&#8221;0,25&#8243; bottom_padding=&#8221;900&#8243; text_color=&#8221;dark&#8221; text_align=&#8221;left&#8221; row_border_radius=&#8221;none&#8221; row_border_radius_applies=&#8221;bg&#8221; overlay_strength=&#8221;0.3&#8243; gradient_direction=&#8221;left_to_right&#8221; shape_divider_position=&#8221;bottom&#8221; bg_image_animation=&#8221;none&#8221; shape_type=&#8221;&#8221;][vc_column column_padding=&#8221;no-extra-padding&#8221; column_padding_tablet=&#8221;inherit&#8221; column_padding_phone=&#8221;inherit&#8221; column_padding_position=&#8221;all&#8221;...","og_url":"http:\/\/przy.etnomuzeum.pl\/?page_id=202","og_site_name":"Zwyczaje wielkanocne Przywo\u0142\u00f3wki dysngusowe na Kujawach","article_modified_time":"2021-11-08T14:45:24+00:00","twitter_card":"summary_large_image","twitter_misc":{"Est. reading time":"14 minutes"},"schema":{"@context":"https:\/\/schema.org","@graph":[{"@type":"WebSite","@id":"http:\/\/przy.etnomuzeum.pl\/#website","url":"http:\/\/przy.etnomuzeum.pl\/","name":"Zwyczaje wielkanocne Przywo\u0142\u00f3wki dysngusowe na Kujawach","description":"Dziedzictwo Niematerialne\/ Ulotne tradycje","potentialAction":[{"@type":"SearchAction","target":{"@type":"EntryPoint","urlTemplate":"http:\/\/przy.etnomuzeum.pl\/?s={search_term_string}"},"query-input":"required name=search_term_string"}],"inLanguage":"en-US"},{"@type":"WebPage","@id":"http:\/\/przy.etnomuzeum.pl\/?page_id=202#webpage","url":"http:\/\/przy.etnomuzeum.pl\/?page_id=202","name":"historia - Zwyczaje wielkanocne Przywo\u0142\u00f3wki dysngusowe na Kujawach","isPartOf":{"@id":"http:\/\/przy.etnomuzeum.pl\/#website"},"datePublished":"2021-09-15T19:11:01+00:00","dateModified":"2021-11-08T14:45:24+00:00","breadcrumb":{"@id":"http:\/\/przy.etnomuzeum.pl\/?page_id=202#breadcrumb"},"inLanguage":"en-US","potentialAction":[{"@type":"ReadAction","target":["http:\/\/przy.etnomuzeum.pl\/?page_id=202"]}]},{"@type":"BreadcrumbList","@id":"http:\/\/przy.etnomuzeum.pl\/?page_id=202#breadcrumb","itemListElement":[{"@type":"ListItem","position":1,"name":"Home","item":"http:\/\/przy.etnomuzeum.pl\/"},{"@type":"ListItem","position":2,"name":"historia"}]}]}},"_links":{"self":[{"href":"http:\/\/przy.etnomuzeum.pl\/index.php?rest_route=\/wp\/v2\/pages\/202","targetHints":{"allow":["GET"]}}],"collection":[{"href":"http:\/\/przy.etnomuzeum.pl\/index.php?rest_route=\/wp\/v2\/pages"}],"about":[{"href":"http:\/\/przy.etnomuzeum.pl\/index.php?rest_route=\/wp\/v2\/types\/page"}],"author":[{"embeddable":true,"href":"http:\/\/przy.etnomuzeum.pl\/index.php?rest_route=\/wp\/v2\/users\/1"}],"replies":[{"embeddable":true,"href":"http:\/\/przy.etnomuzeum.pl\/index.php?rest_route=%2Fwp%2Fv2%2Fcomments&post=202"}],"version-history":[{"count":149,"href":"http:\/\/przy.etnomuzeum.pl\/index.php?rest_route=\/wp\/v2\/pages\/202\/revisions"}],"predecessor-version":[{"id":209,"href":"http:\/\/przy.etnomuzeum.pl\/index.php?rest_route=\/wp\/v2\/pages\/202\/revisions\/209"}],"wp:attachment":[{"href":"http:\/\/przy.etnomuzeum.pl\/index.php?rest_route=%2Fwp%2Fv2%2Fmedia&parent=202"}],"curies":[{"name":"wp","href":"https:\/\/api.w.org\/{rel}","templated":true}]}}