{"id":662,"date":"2021-09-21T08:59:20","date_gmt":"2021-09-21T06:59:20","guid":{"rendered":"http:\/\/przy.etnomuzeum.pl\/?page_id=662"},"modified":"2021-10-19T18:41:39","modified_gmt":"2021-10-19T16:41:39","slug":"autorzy","status":"publish","type":"page","link":"http:\/\/przy.etnomuzeum.pl\/?page_id=662","title":{"rendered":"autorzy"},"content":{"rendered":"[vc_row type=&#8221;full_width_background&#8221; full_screen_row_position=&#8221;middle&#8221; column_margin=&#8221;default&#8221; column_direction=&#8221;default&#8221; column_direction_tablet=&#8221;default&#8221; column_direction_phone=&#8221;default&#8221; mouse_based_parallax_bg=&#8221;true&#8221; scene_position=&#8221;center&#8221; mouse_sensitivity=&#8221;25&#8243; layer_one_image=&#8221;770&#8243; layer_one_strength=&#8221;0.1&#8243; layer_two_image=&#8221;768&#8243; layer_two_strength=&#8221;0.5&#8243; bottom_padding=&#8221;1180&#8243; text_color=&#8221;dark&#8221; text_align=&#8221;left&#8221; row_border_radius=&#8221;none&#8221; row_border_radius_applies=&#8221;bg&#8221; overlay_strength=&#8221;0.3&#8243; gradient_direction=&#8221;left_to_right&#8221; shape_divider_position=&#8221;bottom&#8221; bg_image_animation=&#8221;none&#8221; shape_type=&#8221;&#8221;][vc_column column_padding=&#8221;no-extra-padding&#8221; column_padding_tablet=&#8221;inherit&#8221; column_padding_phone=&#8221;inherit&#8221; column_padding_position=&#8221;all&#8221; column_element_spacing=&#8221;default&#8221; background_color_opacity=&#8221;1&#8243; background_hover_color_opacity=&#8221;1&#8243; column_shadow=&#8221;none&#8221; column_border_radius=&#8221;none&#8221; column_link_target=&#8221;_self&#8221; gradient_direction=&#8221;left_to_right&#8221; overlay_strength=&#8221;0.3&#8243; width=&#8221;1\/1&#8243; tablet_width_inherit=&#8221;default&#8221; tablet_text_alignment=&#8221;default&#8221; phone_text_alignment=&#8221;default&#8221; bg_image_animation=&#8221;none&#8221; border_type=&#8221;simple&#8221; column_border_width=&#8221;none&#8221; column_border_style=&#8221;solid&#8221;][\/vc_column][\/vc_row][vc_row type=&#8221;in_container&#8221; full_screen_row_position=&#8221;middle&#8221; column_margin=&#8221;default&#8221; column_direction=&#8221;default&#8221; column_direction_tablet=&#8221;default&#8221; column_direction_phone=&#8221;default&#8221; scene_position=&#8221;center&#8221; bottom_padding=&#8221;120&#8243; text_color=&#8221;dark&#8221; text_align=&#8221;left&#8221; row_border_radius=&#8221;none&#8221; row_border_radius_applies=&#8221;bg&#8221; overlay_strength=&#8221;0.3&#8243; gradient_direction=&#8221;left_to_right&#8221; shape_divider_position=&#8221;bottom&#8221; bg_image_animation=&#8221;none&#8221; shape_type=&#8221;&#8221;][vc_column column_padding=&#8221;no-extra-padding&#8221; column_padding_tablet=&#8221;inherit&#8221; column_padding_phone=&#8221;inherit&#8221; column_padding_position=&#8221;all&#8221; column_element_spacing=&#8221;default&#8221; background_color_opacity=&#8221;1&#8243; background_hover_color_opacity=&#8221;1&#8243; column_shadow=&#8221;none&#8221; column_border_radius=&#8221;none&#8221; column_link_target=&#8221;_self&#8221; gradient_direction=&#8221;left_to_right&#8221; overlay_strength=&#8221;0.3&#8243; width=&#8221;1\/1&#8243; tablet_width_inherit=&#8221;default&#8221; tablet_text_alignment=&#8221;default&#8221; phone_text_alignment=&#8221;default&#8221; bg_image_animation=&#8221;none&#8221; border_type=&#8221;simple&#8221; column_border_width=&#8221;none&#8221; column_border_style=&#8221;solid&#8221;][vc_column_text]\n<p class=\"p1\" style=\"text-align: center;\">Koncepcja p\u0142yty, tekst, wyb\u00f3r materia\u0142\u00f3w audiowizualnych: Hanna M. \u0141opaty\u0144ska<br \/>\nRedakcja: Hubert Czachowski<br \/>\nKorekta: Urszula Makowska<br \/>\nOpracowanie graficzne: Wojciech Kiwi Jaruszewski, wsp\u00f3\u0142praca Justyna Rochon<br \/>\nRealizacja: Przemek Bielawowski<\/p>\n<p class=\"p1\" style=\"text-align: center;\">\u0179r\u00f3d\u0142a ikonografii:<br \/>\nArchiwum Stowarzyszenia Klubu Kawalerskiego w Szymborzu<br \/>\nMiejska Biblioteka Publiczna \u2013 Czytelnia Regionalna w Inowroc\u0142awiu<br \/>\nMuzeum Etnograficzne im. Marii Znamierowskiej-Pr\u00fcfferowej w Toruniu<br \/>\nMuzeum Oskara Kolberga w Przysusze<br \/>\nUrz\u0105d Miasta Inowroc\u0142awia<br \/>\nhttp:\/\/ino.online\/<br \/>\nhttp:\/\/www.pomorska.pl\/<\/p>\n<p class=\"p1\" style=\"text-align: center;\">Nagrania audiowizualne:<br \/>\nFilm <i>Przywo\u0142\u00f3wki w Szymborzu<\/i>, realizacja: Zygmunt Kurek, Amatorski Klub Filmowy<br \/>\n\u201ePiast\u201d, 1973, ze zbior\u00f3w Muzeum im. Jana Kasprowicza w Inowroc\u0142awiu (MJKI)<br \/>\nFilm <i>Wywiad z Paw\u0142em Ma\u0142achowskim z Szymborza<\/i>, realizacja: Hanna M. \u0141opaty\u0144ska, Bart\u0142omiej Oleszek, 2017, Muzeum Etnograficzne im. Marii Znamierowskiej-Pr\u00fcfferowej w Toruniu (MET)<br \/>\nFilm <i>Przywo\u0142\u00f3wki 2017<\/i>, realizacja: Maciej Pi\u0105tek (ino.online)<br \/>\nAudycja radiowa <i>Obyczajem ojc\u00f3w dawnych<\/i> (fragment), autor: Anna Jachnina, 1963,<br \/>\nze zbior\u00f3w Archiwum Dokument\u00f3w Fonicznych Polskiego Radia PiK (PiK)<\/p>\n<p class=\"p1\" style=\"text-align: center;\">Nagrania d\u017awi\u0119kowe (tr\u0105bka, przywo\u0142\u00f3wki \u2013 przyk\u0142ady), wykonanie: Kamil Mataczy\u0144ski,<br \/>\nrealizacja: Bart\u0142omiej Oleszek (MET)<\/p>\n<p class=\"p1\" style=\"text-align: center;\">Na p\u0142ycie wykorzystano utwory <i>Marsz na dzie\u0144 dobry i Szorc<\/i> w wykonaniu kapeli Szel\u0105\u017ck\u00f3w z Kujaw, nagranie: Roderyk Lange, 1958, ze zbior\u00f3w Archiwum Folkloru Muzycznego Muzeum Etnograficznego im. Marii Znamierowskiej-Pr\u00fcfferowej w Toruniu<\/p>\n<p class=\"p1\" style=\"text-align: center;\">Wydawca:<br \/>\nMuzeum Etnograficzne im. Marii Znamierowskiej-Pr\u00fcfferowej w Toruniu<br \/>\nul. Wa\u0142y gen. Sikorskiego 19, 87-100 Toru\u0144<br \/>\nwww.etnomuzeum.pl<br \/>\nToru\u0144 2017<\/p>\n[\/vc_column_text][\/vc_column][\/vc_row]\n","protected":false},"excerpt":{"rendered":"<p>[vc_row type=&#8221;full_width_background&#8221; full_screen_row_position=&#8221;middle&#8221; column_margin=&#8221;default&#8221; column_direction=&#8221;default&#8221; column_direction_tablet=&#8221;default&#8221; column_direction_phone=&#8221;default&#8221; mouse_based_parallax_bg=&#8221;true&#8221; scene_position=&#8221;center&#8221; mouse_sensitivity=&#8221;25&#8243; layer_one_image=&#8221;770&#8243; layer_one_strength=&#8221;0.1&#8243; layer_two_image=&#8221;768&#8243; layer_two_strength=&#8221;0.5&#8243; bottom_padding=&#8221;1180&#8243; text_color=&#8221;dark&#8221; text_align=&#8221;left&#8221; row_border_radius=&#8221;none&#8221; row_border_radius_applies=&#8221;bg&#8221; overlay_strength=&#8221;0.3&#8243; gradient_direction=&#8221;left_to_right&#8221; shape_divider_position=&#8221;bottom&#8221; bg_image_animation=&#8221;none&#8221; shape_type=&#8221;&#8221;][vc_column column_padding=&#8221;no-extra-padding&#8221; column_padding_tablet=&#8221;inherit&#8221; column_padding_phone=&#8221;inherit&#8221; column_padding_position=&#8221;all&#8221; column_element_spacing=&#8221;default&#8221; background_color_opacity=&#8221;1&#8243;&#8230;<\/p>\n","protected":false},"author":1,"featured_media":0,"parent":0,"menu_order":0,"comment_status":"closed","ping_status":"closed","template":"","meta":{"footnotes":""},"class_list":["post-662","page","type-page","status-publish"],"yoast_head":"<!-- This site is optimized with the Yoast SEO plugin v17.1 - https:\/\/yoast.com\/wordpress\/plugins\/seo\/ -->\n<title>autorzy - Zwyczaje wielkanocne Przywo\u0142\u00f3wki dysngusowe na Kujawach<\/title>\n<meta name=\"robots\" content=\"index, follow, max-snippet:-1, max-image-preview:large, max-video-preview:-1\" \/>\n<link rel=\"canonical\" href=\"http:\/\/przy.etnomuzeum.pl\/?page_id=662\" \/>\n<meta property=\"og:locale\" content=\"en_US\" \/>\n<meta property=\"og:type\" content=\"article\" \/>\n<meta property=\"og:title\" content=\"autorzy - Zwyczaje wielkanocne Przywo\u0142\u00f3wki dysngusowe na Kujawach\" \/>\n<meta property=\"og:description\" content=\"[vc_row type=&#8221;full_width_background&#8221; full_screen_row_position=&#8221;middle&#8221; column_margin=&#8221;default&#8221; column_direction=&#8221;default&#8221; column_direction_tablet=&#8221;default&#8221; column_direction_phone=&#8221;default&#8221; mouse_based_parallax_bg=&#8221;true&#8221; scene_position=&#8221;center&#8221; mouse_sensitivity=&#8221;25&#8243; layer_one_image=&#8221;770&#8243; layer_one_strength=&#8221;0.1&#8243; layer_two_image=&#8221;768&#8243; layer_two_strength=&#8221;0.5&#8243; bottom_padding=&#8221;1180&#8243; text_color=&#8221;dark&#8221; text_align=&#8221;left&#8221; row_border_radius=&#8221;none&#8221; row_border_radius_applies=&#8221;bg&#8221; overlay_strength=&#8221;0.3&#8243; gradient_direction=&#8221;left_to_right&#8221; shape_divider_position=&#8221;bottom&#8221; bg_image_animation=&#8221;none&#8221; shape_type=&#8221;&#8221;][vc_column column_padding=&#8221;no-extra-padding&#8221; column_padding_tablet=&#8221;inherit&#8221; column_padding_phone=&#8221;inherit&#8221; column_padding_position=&#8221;all&#8221; column_element_spacing=&#8221;default&#8221; background_color_opacity=&#8221;1&#8243;...\" \/>\n<meta property=\"og:url\" content=\"http:\/\/przy.etnomuzeum.pl\/?page_id=662\" \/>\n<meta property=\"og:site_name\" content=\"Zwyczaje wielkanocne Przywo\u0142\u00f3wki dysngusowe na Kujawach\" \/>\n<meta property=\"article:modified_time\" content=\"2021-10-19T16:41:39+00:00\" \/>\n<meta name=\"twitter:card\" content=\"summary_large_image\" \/>\n<meta name=\"twitter:label1\" content=\"Est. reading time\" \/>\n\t<meta name=\"twitter:data1\" content=\"3 minutes\" \/>\n<script type=\"application\/ld+json\" class=\"yoast-schema-graph\">{\"@context\":\"https:\/\/schema.org\",\"@graph\":[{\"@type\":\"WebSite\",\"@id\":\"http:\/\/przy.etnomuzeum.pl\/#website\",\"url\":\"http:\/\/przy.etnomuzeum.pl\/\",\"name\":\"Zwyczaje wielkanocne Przywo\\u0142\\u00f3wki dysngusowe na Kujawach\",\"description\":\"Dziedzictwo Niematerialne\/ Ulotne tradycje\",\"potentialAction\":[{\"@type\":\"SearchAction\",\"target\":{\"@type\":\"EntryPoint\",\"urlTemplate\":\"http:\/\/przy.etnomuzeum.pl\/?s={search_term_string}\"},\"query-input\":\"required name=search_term_string\"}],\"inLanguage\":\"en-US\"},{\"@type\":\"WebPage\",\"@id\":\"http:\/\/przy.etnomuzeum.pl\/?page_id=662#webpage\",\"url\":\"http:\/\/przy.etnomuzeum.pl\/?page_id=662\",\"name\":\"autorzy - Zwyczaje wielkanocne Przywo\\u0142\\u00f3wki dysngusowe na Kujawach\",\"isPartOf\":{\"@id\":\"http:\/\/przy.etnomuzeum.pl\/#website\"},\"datePublished\":\"2021-09-21T06:59:20+00:00\",\"dateModified\":\"2021-10-19T16:41:39+00:00\",\"breadcrumb\":{\"@id\":\"http:\/\/przy.etnomuzeum.pl\/?page_id=662#breadcrumb\"},\"inLanguage\":\"en-US\",\"potentialAction\":[{\"@type\":\"ReadAction\",\"target\":[\"http:\/\/przy.etnomuzeum.pl\/?page_id=662\"]}]},{\"@type\":\"BreadcrumbList\",\"@id\":\"http:\/\/przy.etnomuzeum.pl\/?page_id=662#breadcrumb\",\"itemListElement\":[{\"@type\":\"ListItem\",\"position\":1,\"name\":\"Home\",\"item\":\"http:\/\/przy.etnomuzeum.pl\/\"},{\"@type\":\"ListItem\",\"position\":2,\"name\":\"autorzy\"}]}]}<\/script>\n<!-- \/ Yoast SEO plugin. -->","yoast_head_json":{"title":"autorzy - Zwyczaje wielkanocne Przywo\u0142\u00f3wki dysngusowe na Kujawach","robots":{"index":"index","follow":"follow","max-snippet":"max-snippet:-1","max-image-preview":"max-image-preview:large","max-video-preview":"max-video-preview:-1"},"canonical":"http:\/\/przy.etnomuzeum.pl\/?page_id=662","og_locale":"en_US","og_type":"article","og_title":"autorzy - Zwyczaje wielkanocne Przywo\u0142\u00f3wki dysngusowe na Kujawach","og_description":"[vc_row type=&#8221;full_width_background&#8221; full_screen_row_position=&#8221;middle&#8221; column_margin=&#8221;default&#8221; column_direction=&#8221;default&#8221; column_direction_tablet=&#8221;default&#8221; column_direction_phone=&#8221;default&#8221; mouse_based_parallax_bg=&#8221;true&#8221; scene_position=&#8221;center&#8221; mouse_sensitivity=&#8221;25&#8243; layer_one_image=&#8221;770&#8243; layer_one_strength=&#8221;0.1&#8243; layer_two_image=&#8221;768&#8243; layer_two_strength=&#8221;0.5&#8243; bottom_padding=&#8221;1180&#8243; text_color=&#8221;dark&#8221; text_align=&#8221;left&#8221; row_border_radius=&#8221;none&#8221; row_border_radius_applies=&#8221;bg&#8221; overlay_strength=&#8221;0.3&#8243; gradient_direction=&#8221;left_to_right&#8221; shape_divider_position=&#8221;bottom&#8221; bg_image_animation=&#8221;none&#8221; shape_type=&#8221;&#8221;][vc_column column_padding=&#8221;no-extra-padding&#8221; column_padding_tablet=&#8221;inherit&#8221; column_padding_phone=&#8221;inherit&#8221; column_padding_position=&#8221;all&#8221; column_element_spacing=&#8221;default&#8221; background_color_opacity=&#8221;1&#8243;...","og_url":"http:\/\/przy.etnomuzeum.pl\/?page_id=662","og_site_name":"Zwyczaje wielkanocne Przywo\u0142\u00f3wki dysngusowe na Kujawach","article_modified_time":"2021-10-19T16:41:39+00:00","twitter_card":"summary_large_image","twitter_misc":{"Est. reading time":"3 minutes"},"schema":{"@context":"https:\/\/schema.org","@graph":[{"@type":"WebSite","@id":"http:\/\/przy.etnomuzeum.pl\/#website","url":"http:\/\/przy.etnomuzeum.pl\/","name":"Zwyczaje wielkanocne Przywo\u0142\u00f3wki dysngusowe na Kujawach","description":"Dziedzictwo Niematerialne\/ Ulotne tradycje","potentialAction":[{"@type":"SearchAction","target":{"@type":"EntryPoint","urlTemplate":"http:\/\/przy.etnomuzeum.pl\/?s={search_term_string}"},"query-input":"required name=search_term_string"}],"inLanguage":"en-US"},{"@type":"WebPage","@id":"http:\/\/przy.etnomuzeum.pl\/?page_id=662#webpage","url":"http:\/\/przy.etnomuzeum.pl\/?page_id=662","name":"autorzy - Zwyczaje wielkanocne Przywo\u0142\u00f3wki dysngusowe na Kujawach","isPartOf":{"@id":"http:\/\/przy.etnomuzeum.pl\/#website"},"datePublished":"2021-09-21T06:59:20+00:00","dateModified":"2021-10-19T16:41:39+00:00","breadcrumb":{"@id":"http:\/\/przy.etnomuzeum.pl\/?page_id=662#breadcrumb"},"inLanguage":"en-US","potentialAction":[{"@type":"ReadAction","target":["http:\/\/przy.etnomuzeum.pl\/?page_id=662"]}]},{"@type":"BreadcrumbList","@id":"http:\/\/przy.etnomuzeum.pl\/?page_id=662#breadcrumb","itemListElement":[{"@type":"ListItem","position":1,"name":"Home","item":"http:\/\/przy.etnomuzeum.pl\/"},{"@type":"ListItem","position":2,"name":"autorzy"}]}]}},"_links":{"self":[{"href":"http:\/\/przy.etnomuzeum.pl\/index.php?rest_route=\/wp\/v2\/pages\/662","targetHints":{"allow":["GET"]}}],"collection":[{"href":"http:\/\/przy.etnomuzeum.pl\/index.php?rest_route=\/wp\/v2\/pages"}],"about":[{"href":"http:\/\/przy.etnomuzeum.pl\/index.php?rest_route=\/wp\/v2\/types\/page"}],"author":[{"embeddable":true,"href":"http:\/\/przy.etnomuzeum.pl\/index.php?rest_route=\/wp\/v2\/users\/1"}],"replies":[{"embeddable":true,"href":"http:\/\/przy.etnomuzeum.pl\/index.php?rest_route=%2Fwp%2Fv2%2Fcomments&post=662"}],"version-history":[{"count":7,"href":"http:\/\/przy.etnomuzeum.pl\/index.php?rest_route=\/wp\/v2\/pages\/662\/revisions"}],"predecessor-version":[{"id":941,"href":"http:\/\/przy.etnomuzeum.pl\/index.php?rest_route=\/wp\/v2\/pages\/662\/revisions\/941"}],"wp:attachment":[{"href":"http:\/\/przy.etnomuzeum.pl\/index.php?rest_route=%2Fwp%2Fv2%2Fmedia&parent=662"}],"curies":[{"name":"wp","href":"https:\/\/api.w.org\/{rel}","templated":true}]}}